{"id":2894,"date":"2023-11-30T12:25:54","date_gmt":"2023-11-30T12:25:54","guid":{"rendered":"https:\/\/qo6b71bvlpa.preview.infomaniak.website\/nyheder\/"},"modified":"2024-01-18T04:39:46","modified_gmt":"2024-01-18T04:39:46","slug":"nyheder","status":"publish","type":"page","link":"https:\/\/ciced.dk\/en\/nyheder\/","title":{"rendered":"News &amp; Events"},"content":{"rendered":"\t\t<div data-elementor-type=\"wp-page\" data-elementor-id=\"2894\" class=\"elementor elementor-2894 elementor-22\" data-elementor-post-type=\"page\">\n\t\t\t\t<div class=\"elementor-element elementor-element-2c8198f e-con-full e-flex e-con e-parent\" data-id=\"2c8198f\" data-element_type=\"container\" data-settings=\"{&quot;background_background&quot;:&quot;classic&quot;}\">\n\t\t<div class=\"elementor-element elementor-element-59a7011 e-con-full e-flex e-con e-child\" data-id=\"59a7011\" data-element_type=\"container\" data-settings=\"{&quot;position&quot;:&quot;absolute&quot;}\">\n\t\t\t\t<div class=\"elementor-element elementor-element-6781a69 elementor-widget elementor-widget-heading\" data-id=\"6781a69\" data-element_type=\"widget\" data-widget_type=\"heading.default\">\n\t\t\t\t<div class=\"elementor-widget-container\">\n\t\t\t\t\t<h1 class=\"elementor-heading-title elementor-size-default\">News &amp; Events<\/h1>\t\t\t\t<\/div>\n\t\t\t\t<\/div>\n\t\t\t\t<\/div>\n\t\t\t\t<\/div>\n\t\t<div class=\"elementor-element elementor-element-639405e e-flex e-con-boxed e-con e-parent\" data-id=\"639405e\" data-element_type=\"container\">\n\t\t\t\t\t<div class=\"e-con-inner\">\n\t\t<div class=\"elementor-element elementor-element-538d460 e-con-full e-flex e-con e-child\" data-id=\"538d460\" data-element_type=\"container\">\n\t\t\t\t<div class=\"elementor-element elementor-element-f3df414 elementor-widget elementor-widget-shortcode\" data-id=\"f3df414\" data-element_type=\"widget\" data-widget_type=\"shortcode.default\">\n\t\t\t\t<div class=\"elementor-widget-container\">\n\t\t\t\t\t\n\t<div class=\"news_filter\">\n        <div class=\"filter_left\">\n            <a href=\"\/nyheder\/\" class=\"all_btn\">All<\/a>\n            <div class=\"fiter_sel\">\n                <a href=\"#\" class=\"filter_btn\">Category<\/a>\n                \t\t\t\t<ul>\n\t\t\t\t\t                        <li><a href=\"https:\/\/ciced.dk\/en\/category\/peru-en\/\">Peru<\/a><\/li>\n                                            <li><a href=\"https:\/\/ciced.dk\/en\/category\/ciced\/\">Ciced<\/a><\/li>\n                                            <li><a href=\"https:\/\/ciced.dk\/en\/category\/un-en\/\">UN\/FN<\/a><\/li>\n                                            <li><a href=\"https:\/\/ciced.dk\/en\/category\/development-policy\/\">Development policy<\/a><\/li>\n                                            <li><a href=\"https:\/\/ciced.dk\/en\/category\/mongolia\/\">Mongolia<\/a><\/li>\n                                            <li><a href=\"https:\/\/ciced.dk\/en\/category\/nepal-en\/\">Nepal<\/a><\/li>\n                                            <li><a href=\"https:\/\/ciced.dk\/en\/category\/tanzania-en\/\">Tanzania<\/a><\/li>\n                                            <li><a href=\"https:\/\/ciced.dk\/en\/category\/bolivia\/\">Bolivia<\/a><\/li>\n                                            <li><a href=\"https:\/\/ciced.dk\/en\/category\/exile-tibet\/\">Exile Tibet<\/a><\/li>\n                                            <li><a href=\"https:\/\/ciced.dk\/en\/category\/climate-and-climate-adaptation\/\">Climate and climate adaptation<\/a><\/li>\n                                            <li><a href=\"https:\/\/ciced.dk\/en\/category\/education\/\">Education<\/a><\/li>\n                                            <li><a href=\"https:\/\/ciced.dk\/en\/category\/uncategorized\/\">Uncategorized<\/a><\/li>\n                    \t\t\t\t<\/ul>\n            <\/div>\n        <\/div>\n    <\/div>\n\n\t\t<div class=\"elementor-shortcode\"><\/div>\n\t\t\t\t\t\t<\/div>\n\t\t\t\t<\/div>\n\t\t\t\t<\/div>\n\t\t<div class=\"elementor-element elementor-element-ce00185 e-con-full e-flex e-con e-child\" data-id=\"ce00185\" data-element_type=\"container\">\n\t\t\t\t<div class=\"elementor-element elementor-element-e8d9146 elementor-search-form--skin-classic elementor-search-form--button-type-icon elementor-search-form--icon-search elementor-widget elementor-widget-search-form\" data-id=\"e8d9146\" data-element_type=\"widget\" data-settings=\"{&quot;skin&quot;:&quot;classic&quot;}\" data-widget_type=\"search-form.default\">\n\t\t\t\t<div class=\"elementor-widget-container\">\n\t\t\t\t\t\t\t<search role=\"search\">\n\t\t\t<form class=\"elementor-search-form\" action=\"https:\/\/ciced.dk\/en\/\" method=\"get\">\n\t\t\t\t\t\t\t\t\t\t\t\t<div class=\"elementor-search-form__container\">\n\t\t\t\t\t<label class=\"elementor-screen-only\" for=\"elementor-search-form-e8d9146\">Search<\/label>\n\n\t\t\t\t\t\n\t\t\t\t\t<input id=\"elementor-search-form-e8d9146\" placeholder=\"Search\" class=\"elementor-search-form__input\" type=\"search\" name=\"s\" value=\"\">\n\t\t\t\t\t<input type='hidden' name='lang' value='en' \/>\n\t\t\t\t\t\t\t\t\t\t\t<button class=\"elementor-search-form__submit\" type=\"submit\" aria-label=\"Search\">\n\t\t\t\t\t\t\t\t\t\t\t\t\t\t\t<div class=\"e-font-icon-svg-container\"><svg class=\"fa fa-search e-font-icon-svg e-fas-search\" viewBox=\"0 0 512 512\" xmlns=\"http:\/\/www.w3.org\/2000\/svg\"><path d=\"M505 442.7L405.3 343c-4.5-4.5-10.6-7-17-7H372c27.6-35.3 44-79.7 44-128C416 93.1 322.9 0 208 0S0 93.1 0 208s93.1 208 208 208c48.3 0 92.7-16.4 128-44v16.3c0 6.4 2.5 12.5 7 17l99.7 99.7c9.4 9.4 24.6 9.4 33.9 0l28.3-28.3c9.4-9.4 9.4-24.6.1-34zM208 336c-70.7 0-128-57.2-128-128 0-70.7 57.2-128 128-128 70.7 0 128 57.2 128 128 0 70.7-57.2 128-128 128z\"><\/path><\/svg><\/div>\t\t\t\t\t\t\t\t\t\t\t\t\t<\/button>\n\t\t\t\t\t\n\t\t\t\t\t\t\t\t\t<\/div>\n\t\t\t<\/form>\n\t\t<\/search>\n\t\t\t\t\t\t<\/div>\n\t\t\t\t<\/div>\n\t\t\t\t<\/div>\n\t\t\t\t\t<\/div>\n\t\t\t\t<\/div>\n\t\t<div class=\"elementor-element elementor-element-af89bde e-flex e-con-boxed e-con e-parent\" data-id=\"af89bde\" data-element_type=\"container\">\n\t\t\t\t\t<div class=\"e-con-inner\">\n\t\t\t\t<div class=\"elementor-element elementor-element-b4ebedd elementor-widget elementor-widget-shortcode\" data-id=\"b4ebedd\" data-element_type=\"widget\" data-widget_type=\"shortcode.default\">\n\t\t\t\t<div class=\"elementor-widget-container\">\n\t\t\t\t\t\n\t<div class=\"news_wrap\">\n        \t\t\t\t<div class=\"news_block\">\n\t\t\t\t\t<div class=\"img\"><a href=\"https:\/\/ciced.dk\/en\/the-accountability-gap-in-monitoring-and-evaluation\/\"><img fetchpriority=\"high\" decoding=\"async\" width=\"1280\" height=\"960\" src=\"https:\/\/ciced.dk\/wp-content\/uploads\/2025\/05\/Regional-Workshop-075-1.jpeg\" class=\"attachment-post-thumbnail size-post-thumbnail wp-post-image\" alt=\"\" srcset=\"https:\/\/ciced.dk\/wp-content\/uploads\/2025\/05\/Regional-Workshop-075-1.jpeg 1280w, https:\/\/ciced.dk\/wp-content\/uploads\/2025\/05\/Regional-Workshop-075-1-300x225.jpeg 300w, https:\/\/ciced.dk\/wp-content\/uploads\/2025\/05\/Regional-Workshop-075-1-1024x768.jpeg 1024w, https:\/\/ciced.dk\/wp-content\/uploads\/2025\/05\/Regional-Workshop-075-1-768x576.jpeg 768w, https:\/\/ciced.dk\/wp-content\/uploads\/2025\/05\/Regional-Workshop-075-1-600x450.jpeg 600w\" sizes=\"(max-width: 1280px) 100vw, 1280px\" \/><\/a><\/div>\n\t\t\t\t\t<div class=\"desc\">\n\t\t\t\t\t\t<h3><a href=\"https:\/\/ciced.dk\/en\/the-accountability-gap-in-monitoring-and-evaluation\/\">The accountability gap in monitoring and evaluation<\/a><\/h3>\n\t\t\t\t\t\t<div class=\"meta_tag\">\n\t\t\t\t\t\t\t<span class=\"date\">12. May 2025<\/span>\n\t\t\t\t\t\t\t<span class=\"author\">Johnny Baltzersen<\/span>\n\t\t\t\t\t\t<\/div>\n\t\t\t\t\t\t<p>Reading time: 5 minThe debate on a new Danish development policy strategy is underway. In Globalnyt on 24 March, Malene S\u00f8nderskov and Dorthe Skovgaard Mortensen constructively shared their thoughts on the need for an update to the monitoring and evaluation...<\/p>\n\t\t\t\t\t\t<div class=\"comt_wrap\">\n\t\t\t\t\t\t\t<span class=\"comment\">0 kommentarer<\/span>\n\t\t\t\t\t\t<\/div>\n\t\t\t\t\t<\/div>\n\t\t\t\t<\/div>\n\t\t\t\t\t\t\t<div class=\"news_block\">\n\t\t\t\t\t<div class=\"img\"><a href=\"https:\/\/ciced.dk\/en\/dormitories-as-safe-homes\/\"><img decoding=\"async\" width=\"2048\" height=\"1536\" src=\"https:\/\/ciced.dk\/wp-content\/uploads\/2025\/04\/470214798_3980981315470805_2841214465344204922_n.jpg\" class=\"attachment-post-thumbnail size-post-thumbnail wp-post-image\" alt=\"\" srcset=\"https:\/\/ciced.dk\/wp-content\/uploads\/2025\/04\/470214798_3980981315470805_2841214465344204922_n.jpg 2048w, https:\/\/ciced.dk\/wp-content\/uploads\/2025\/04\/470214798_3980981315470805_2841214465344204922_n-300x225.jpg 300w, https:\/\/ciced.dk\/wp-content\/uploads\/2025\/04\/470214798_3980981315470805_2841214465344204922_n-1024x768.jpg 1024w, https:\/\/ciced.dk\/wp-content\/uploads\/2025\/04\/470214798_3980981315470805_2841214465344204922_n-768x576.jpg 768w, https:\/\/ciced.dk\/wp-content\/uploads\/2025\/04\/470214798_3980981315470805_2841214465344204922_n-1536x1152.jpg 1536w, https:\/\/ciced.dk\/wp-content\/uploads\/2025\/04\/470214798_3980981315470805_2841214465344204922_n-600x450.jpg 600w\" sizes=\"(max-width: 2048px) 100vw, 2048px\" \/><\/a><\/div>\n\t\t\t\t\t<div class=\"desc\">\n\t\t\t\t\t\t<h3><a href=\"https:\/\/ciced.dk\/en\/dormitories-as-safe-homes\/\">Dormitories as safe homes<\/a><\/h3>\n\t\t\t\t\t\t<div class=\"meta_tag\">\n\t\t\t\t\t\t\t<span class=\"date\">24. April 2025<\/span>\n\t\t\t\t\t\t\t<span class=\"author\">Johnny Baltzersen<\/span>\n\t\t\t\t\t\t<\/div>\n\t\t\t\t\t\t<p>Dormitories as safe homesHow do you create a safe and nurturing home for children living\u00a0far away from their families to go to school? The simple answer is that it's about warmth, co-operation, professionalism,\u00a0and a lot of local commitmentBy: Johnny BaltzersenOver...<\/p>\n\t\t\t\t\t\t<div class=\"comt_wrap\">\n\t\t\t\t\t\t\t<span class=\"comment\">0 kommentarer<\/span>\n\t\t\t\t\t\t<\/div>\n\t\t\t\t\t<\/div>\n\t\t\t\t<\/div>\n\t\t\t\t\t\t\t<div class=\"news_block\">\n\t\t\t\t\t<div class=\"img\"><a href=\"https:\/\/ciced.dk\/en\/a-better-school-life-starts-with-a-good-start-to-school\/\"><img decoding=\"async\" width=\"960\" height=\"718\" src=\"https:\/\/ciced.dk\/wp-content\/uploads\/2025\/04\/146649801_771759103698379_4044885993696997607_n.jpeg\" class=\"attachment-post-thumbnail size-post-thumbnail wp-post-image\" alt=\"\" srcset=\"https:\/\/ciced.dk\/wp-content\/uploads\/2025\/04\/146649801_771759103698379_4044885993696997607_n.jpeg 960w, https:\/\/ciced.dk\/wp-content\/uploads\/2025\/04\/146649801_771759103698379_4044885993696997607_n-300x224.jpeg 300w, https:\/\/ciced.dk\/wp-content\/uploads\/2025\/04\/146649801_771759103698379_4044885993696997607_n-768x574.jpeg 768w, https:\/\/ciced.dk\/wp-content\/uploads\/2025\/04\/146649801_771759103698379_4044885993696997607_n-600x449.jpeg 600w\" sizes=\"(max-width: 960px) 100vw, 960px\" \/><\/a><\/div>\n\t\t\t\t\t<div class=\"desc\">\n\t\t\t\t\t\t<h3><a href=\"https:\/\/ciced.dk\/en\/a-better-school-life-starts-with-a-good-start-to-school\/\">A better school life starts with a good start to school<\/a><\/h3>\n\t\t\t\t\t\t<div class=\"meta_tag\">\n\t\t\t\t\t\t\t<span class=\"date\">9. April 2025<\/span>\n\t\t\t\t\t\t\t<span class=\"author\">Johnny Baltzersen<\/span>\n\t\t\t\t\t\t<\/div>\n\t\t\t\t\t\t<p>In Mongolia, our comprehensive preschool project helps thousands of nomadic children take the first important step into school life.Reading time 5 min.For nomadic children in rural Mongolia, starting school is not just a new day - it's a change in...<\/p>\n\t\t\t\t\t\t<div class=\"comt_wrap\">\n\t\t\t\t\t\t\t<span class=\"comment\">0 kommentarer<\/span>\n\t\t\t\t\t\t<\/div>\n\t\t\t\t\t<\/div>\n\t\t\t\t<\/div>\n\t\t\t\t\t\t\t<div class=\"news_block\">\n\t\t\t\t\t<div class=\"img\"><a href=\"https:\/\/ciced.dk\/en\/we-are-moving-to-more-secure-it-grounds\/\"><img loading=\"lazy\" decoding=\"async\" width=\"1024\" height=\"1024\" src=\"https:\/\/ciced.dk\/wp-content\/uploads\/2025\/04\/software-platform--e1744028544895.jpg\" class=\"attachment-post-thumbnail size-post-thumbnail wp-post-image\" alt=\"\" \/><\/a><\/div>\n\t\t\t\t\t<div class=\"desc\">\n\t\t\t\t\t\t<h3><a href=\"https:\/\/ciced.dk\/en\/we-are-moving-to-more-secure-it-grounds\/\">We are moving to more secure IT-grounds<\/a><\/h3>\n\t\t\t\t\t\t<div class=\"meta_tag\">\n\t\t\t\t\t\t\t<span class=\"date\">7. April 2025<\/span>\n\t\t\t\t\t\t\t<span class=\"author\">Johnny Baltzersen<\/span>\n\t\t\t\t\t\t<\/div>\n\t\t\t\t\t\t<p>The following is an extract from an editorial in CICED's newsletter, CICED NYT, published on 7 April.With the arrival of total insanity in the White House, IT experts in Denmark and the rest of Europe have sharpened their warnings against...<\/p>\n\t\t\t\t\t\t<div class=\"comt_wrap\">\n\t\t\t\t\t\t\t<span class=\"comment\">0 kommentarer<\/span>\n\t\t\t\t\t\t<\/div>\n\t\t\t\t\t<\/div>\n\t\t\t\t<\/div>\n\t\t\t\t\t\t\t<div class=\"news_block\">\n\t\t\t\t\t<div class=\"img\"><a href=\"https:\/\/ciced.dk\/en\/15-years-with-impressive-results\/\"><img loading=\"lazy\" decoding=\"async\" width=\"2560\" height=\"1920\" src=\"https:\/\/ciced.dk\/wp-content\/uploads\/2025\/02\/PXL_20231004_052102479.jpg\" class=\"attachment-post-thumbnail size-post-thumbnail wp-post-image\" alt=\"\" srcset=\"https:\/\/ciced.dk\/wp-content\/uploads\/2025\/02\/PXL_20231004_052102479.jpg 2560w, https:\/\/ciced.dk\/wp-content\/uploads\/2025\/02\/PXL_20231004_052102479-300x225.jpg 300w, https:\/\/ciced.dk\/wp-content\/uploads\/2025\/02\/PXL_20231004_052102479-1024x768.jpg 1024w, https:\/\/ciced.dk\/wp-content\/uploads\/2025\/02\/PXL_20231004_052102479-768x576.jpg 768w, https:\/\/ciced.dk\/wp-content\/uploads\/2025\/02\/PXL_20231004_052102479-1536x1152.jpg 1536w, https:\/\/ciced.dk\/wp-content\/uploads\/2025\/02\/PXL_20231004_052102479-2048x1536.jpg 2048w, https:\/\/ciced.dk\/wp-content\/uploads\/2025\/02\/PXL_20231004_052102479-600x450.jpg 600w\" sizes=\"(max-width: 2560px) 100vw, 2560px\" \/><\/a><\/div>\n\t\t\t\t\t<div class=\"desc\">\n\t\t\t\t\t\t<h3><a href=\"https:\/\/ciced.dk\/en\/15-years-with-impressive-results\/\">15 years with impressive results<\/a><\/h3>\n\t\t\t\t\t\t<div class=\"meta_tag\">\n\t\t\t\t\t\t\t<span class=\"date\">25. February 2025<\/span>\n\t\t\t\t\t\t\t<span class=\"author\">Johnny Baltzersen<\/span>\n\t\t\t\t\t\t<\/div>\n\t\t\t\t\t\t<p>By: Christian Kruse, Chairperson, Trianglen and Johnny Baltzersen, Chairperson CICED (ed.)Reading time: 5 min\u00a0\u201cTrianglen has successfully contributed to village development in Syangja and Kavre districts, but is now at a crossroads where we say no to larger private and public...<\/p>\n\t\t\t\t\t\t<div class=\"comt_wrap\">\n\t\t\t\t\t\t\t<span class=\"comment\">0 kommentarer<\/span>\n\t\t\t\t\t\t<\/div>\n\t\t\t\t\t<\/div>\n\t\t\t\t<\/div>\n\t\t\t\t\t\t\t<div class=\"news_block\">\n\t\t\t\t\t<div class=\"img\"><a href=\"https:\/\/ciced.dk\/en\/there-are-ngos-and-then-there-are-ngos\/\"><img loading=\"lazy\" decoding=\"async\" width=\"625\" height=\"625\" src=\"https:\/\/ciced.dk\/wp-content\/uploads\/2024\/09\/stoette-img.png\" class=\"attachment-post-thumbnail size-post-thumbnail wp-post-image\" alt=\"\" srcset=\"https:\/\/ciced.dk\/wp-content\/uploads\/2024\/09\/stoette-img.png 625w, https:\/\/ciced.dk\/wp-content\/uploads\/2024\/09\/stoette-img-300x300.png 300w, https:\/\/ciced.dk\/wp-content\/uploads\/2024\/09\/stoette-img-150x150.png 150w, https:\/\/ciced.dk\/wp-content\/uploads\/2024\/09\/stoette-img-600x600.png 600w, https:\/\/ciced.dk\/wp-content\/uploads\/2024\/09\/stoette-img-100x100.png 100w\" sizes=\"(max-width: 625px) 100vw, 625px\" \/><\/a><\/div>\n\t\t\t\t\t<div class=\"desc\">\n\t\t\t\t\t\t<h3><a href=\"https:\/\/ciced.dk\/en\/there-are-ngos-and-then-there-are-ngos\/\">There are NGOs&#8230;.and then there are NGOs<\/a><\/h3>\n\t\t\t\t\t\t<div class=\"meta_tag\">\n\t\t\t\t\t\t\t<span class=\"date\">6. February 2025<\/span>\n\t\t\t\t\t\t\t<span class=\"author\">Johnny Baltzersen<\/span>\n\t\t\t\t\t\t<\/div>\n\t\t\t\t\t\t<p><\/p>\n\t\t\t\t\t\t<div class=\"comt_wrap\">\n\t\t\t\t\t\t\t<span class=\"comment\">0 kommentarer<\/span>\n\t\t\t\t\t\t<\/div>\n\t\t\t\t\t<\/div>\n\t\t\t\t<\/div>\n\t\t\t\t\t\t\t<div class=\"news_block\">\n\t\t\t\t\t<div class=\"img\"><a href=\"https:\/\/ciced.dk\/en\/debunking-myths\/\"><img loading=\"lazy\" decoding=\"async\" width=\"700\" height=\"472\" src=\"https:\/\/ciced.dk\/wp-content\/uploads\/2025\/02\/Eritrea-classroom.jpg\" class=\"attachment-post-thumbnail size-post-thumbnail wp-post-image\" alt=\"\" srcset=\"https:\/\/ciced.dk\/wp-content\/uploads\/2025\/02\/Eritrea-classroom.jpg 700w, https:\/\/ciced.dk\/wp-content\/uploads\/2025\/02\/Eritrea-classroom-300x202.jpg 300w, https:\/\/ciced.dk\/wp-content\/uploads\/2025\/02\/Eritrea-classroom-600x405.jpg 600w\" sizes=\"(max-width: 700px) 100vw, 700px\" \/><\/a><\/div>\n\t\t\t\t\t<div class=\"desc\">\n\t\t\t\t\t\t<h3><a href=\"https:\/\/ciced.dk\/en\/debunking-myths\/\">Debunking myths<\/a><\/h3>\n\t\t\t\t\t\t<div class=\"meta_tag\">\n\t\t\t\t\t\t\t<span class=\"date\">6. February 2025<\/span>\n\t\t\t\t\t\t\t<span class=\"author\">Johnny Baltzersen<\/span>\n\t\t\t\t\t\t<\/div>\n\t\t\t\t\t\t<p>In the article 'Development researcher: Time for a showdown with the myth of innocent development aid' (original title in Danish: \u2019Udviklingsforsker: Tid til opg\u00f8r med myten om den uskyldige ulandsbistand\u2019 in Altinget on January 16, Annette Skovsted Hansen, spokesperson for...<\/p>\n\t\t\t\t\t\t<div class=\"comt_wrap\">\n\t\t\t\t\t\t\t<span class=\"comment\">0 kommentarer<\/span>\n\t\t\t\t\t\t<\/div>\n\t\t\t\t\t<\/div>\n\t\t\t\t<\/div>\n\t\t\t\t\t\t\t<div class=\"news_block\">\n\t\t\t\t\t<div class=\"img\"><a href=\"https:\/\/ciced.dk\/en\/new-options-for-young-deaf-people-in-tanzania\/\"><img loading=\"lazy\" decoding=\"async\" width=\"1280\" height=\"960\" src=\"https:\/\/ciced.dk\/wp-content\/uploads\/2025\/02\/WhatsApp-Image-2025-02-05-at-07.13.23-2.jpeg\" class=\"attachment-post-thumbnail size-post-thumbnail wp-post-image\" alt=\"\" srcset=\"https:\/\/ciced.dk\/wp-content\/uploads\/2025\/02\/WhatsApp-Image-2025-02-05-at-07.13.23-2.jpeg 1280w, https:\/\/ciced.dk\/wp-content\/uploads\/2025\/02\/WhatsApp-Image-2025-02-05-at-07.13.23-2-300x225.jpeg 300w, https:\/\/ciced.dk\/wp-content\/uploads\/2025\/02\/WhatsApp-Image-2025-02-05-at-07.13.23-2-1024x768.jpeg 1024w, https:\/\/ciced.dk\/wp-content\/uploads\/2025\/02\/WhatsApp-Image-2025-02-05-at-07.13.23-2-768x576.jpeg 768w, https:\/\/ciced.dk\/wp-content\/uploads\/2025\/02\/WhatsApp-Image-2025-02-05-at-07.13.23-2-600x450.jpeg 600w\" sizes=\"(max-width: 1280px) 100vw, 1280px\" \/><\/a><\/div>\n\t\t\t\t\t<div class=\"desc\">\n\t\t\t\t\t\t<h3><a href=\"https:\/\/ciced.dk\/en\/new-options-for-young-deaf-people-in-tanzania\/\">New options for young deaf people in Tanzania<\/a><\/h3>\n\t\t\t\t\t\t<div class=\"meta_tag\">\n\t\t\t\t\t\t\t<span class=\"date\">6. February 2025<\/span>\n\t\t\t\t\t\t\t<span class=\"author\">Johnny Baltzersen<\/span>\n\t\t\t\t\t\t<\/div>\n\t\t\t\t\t\t<p>Reading time: 6 min.At the end of January, we completed the project 'decent job opportunities for young deaf people in Tanzania'.The project's interventions have been tested in three of Tanzania's 19 regions: Tanga, Iringa, and Mtwara.It was an ambitious project...<\/p>\n\t\t\t\t\t\t<div class=\"comt_wrap\">\n\t\t\t\t\t\t\t<span class=\"comment\">0 kommentarer<\/span>\n\t\t\t\t\t\t<\/div>\n\t\t\t\t\t<\/div>\n\t\t\t\t<\/div>\n\t\t\t\t\t\t\t<div class=\"news_block\">\n\t\t\t\t\t<div class=\"img\"><a href=\"https:\/\/ciced.dk\/en\/being-a-teenager-and-many-other-things-you-can-share\/\"><img loading=\"lazy\" decoding=\"async\" width=\"2048\" height=\"2048\" src=\"https:\/\/ciced.dk\/wp-content\/uploads\/2025\/01\/470025609_3981926685360099_8011594002497114288_n.jpg\" class=\"attachment-post-thumbnail size-post-thumbnail wp-post-image\" alt=\"\" srcset=\"https:\/\/ciced.dk\/wp-content\/uploads\/2025\/01\/470025609_3981926685360099_8011594002497114288_n.jpg 2048w, https:\/\/ciced.dk\/wp-content\/uploads\/2025\/01\/470025609_3981926685360099_8011594002497114288_n-300x300.jpg 300w, https:\/\/ciced.dk\/wp-content\/uploads\/2025\/01\/470025609_3981926685360099_8011594002497114288_n-1024x1024.jpg 1024w, https:\/\/ciced.dk\/wp-content\/uploads\/2025\/01\/470025609_3981926685360099_8011594002497114288_n-150x150.jpg 150w, https:\/\/ciced.dk\/wp-content\/uploads\/2025\/01\/470025609_3981926685360099_8011594002497114288_n-768x768.jpg 768w, https:\/\/ciced.dk\/wp-content\/uploads\/2025\/01\/470025609_3981926685360099_8011594002497114288_n-1536x1536.jpg 1536w, https:\/\/ciced.dk\/wp-content\/uploads\/2025\/01\/470025609_3981926685360099_8011594002497114288_n-600x600.jpg 600w, https:\/\/ciced.dk\/wp-content\/uploads\/2025\/01\/470025609_3981926685360099_8011594002497114288_n-100x100.jpg 100w\" sizes=\"(max-width: 2048px) 100vw, 2048px\" \/><\/a><\/div>\n\t\t\t\t\t<div class=\"desc\">\n\t\t\t\t\t\t<h3><a href=\"https:\/\/ciced.dk\/en\/being-a-teenager-and-many-other-things-you-can-share\/\">Being a teenager &#8211; and many other things you can share<\/a><\/h3>\n\t\t\t\t\t\t<div class=\"meta_tag\">\n\t\t\t\t\t\t\t<span class=\"date\">28. January 2025<\/span>\n\t\t\t\t\t\t\t<span class=\"author\">Johnny Baltzersen<\/span>\n\t\t\t\t\t\t<\/div>\n\t\t\t\t\t\t<p>Just before Christmas, 50 project descriptions landed in the inbox. The sender: our partner in Mongolia.The texts describe 50 small projects that aim to improve the well-being and learning environment for students at boarding schools in Mongolia. The projects cover...<\/p>\n\t\t\t\t\t\t<div class=\"comt_wrap\">\n\t\t\t\t\t\t\t<span class=\"comment\">0 kommentarer<\/span>\n\t\t\t\t\t\t<\/div>\n\t\t\t\t\t<\/div>\n\t\t\t\t<\/div>\n\t\t\t\t\t\t\t<div class=\"news_block\">\n\t\t\t\t\t<div class=\"img\"><a href=\"https:\/\/ciced.dk\/en\/inequality-is-running-rampant\/\"><img loading=\"lazy\" decoding=\"async\" width=\"2030\" height=\"1550\" src=\"https:\/\/ciced.dk\/wp-content\/uploads\/2025\/01\/Skaermbillede-2025-01-20-kl.-11.06.18.png\" class=\"attachment-post-thumbnail size-post-thumbnail wp-post-image\" alt=\"\" srcset=\"https:\/\/ciced.dk\/wp-content\/uploads\/2025\/01\/Skaermbillede-2025-01-20-kl.-11.06.18.png 2030w, https:\/\/ciced.dk\/wp-content\/uploads\/2025\/01\/Skaermbillede-2025-01-20-kl.-11.06.18-300x229.png 300w, https:\/\/ciced.dk\/wp-content\/uploads\/2025\/01\/Skaermbillede-2025-01-20-kl.-11.06.18-1024x782.png 1024w, https:\/\/ciced.dk\/wp-content\/uploads\/2025\/01\/Skaermbillede-2025-01-20-kl.-11.06.18-768x586.png 768w, https:\/\/ciced.dk\/wp-content\/uploads\/2025\/01\/Skaermbillede-2025-01-20-kl.-11.06.18-1536x1173.png 1536w, https:\/\/ciced.dk\/wp-content\/uploads\/2025\/01\/Skaermbillede-2025-01-20-kl.-11.06.18-600x458.png 600w\" sizes=\"(max-width: 2030px) 100vw, 2030px\" \/><\/a><\/div>\n\t\t\t\t\t<div class=\"desc\">\n\t\t\t\t\t\t<h3><a href=\"https:\/\/ciced.dk\/en\/inequality-is-running-rampant\/\">Inequality is running rampant<\/a><\/h3>\n\t\t\t\t\t\t<div class=\"meta_tag\">\n\t\t\t\t\t\t\t<span class=\"date\">20. January 2025<\/span>\n\t\t\t\t\t\t\t<span class=\"author\">Johnny Baltzersen<\/span>\n\t\t\t\t\t\t<\/div>\n\t\t\t\t\t\t<p>Reading time: 4 min.This is no coincidence.Oxfam's annual inequality report is published on the same day that a billionaire is inaugurated as President of the United States surrounded by a bunch of cronies with even bigger wallets, while others of...<\/p>\n\t\t\t\t\t\t<div class=\"comt_wrap\">\n\t\t\t\t\t\t\t<span class=\"comment\">0 kommentarer<\/span>\n\t\t\t\t\t\t<\/div>\n\t\t\t\t\t<\/div>\n\t\t\t\t<\/div>\n\t\t\t\t\t\t\t<div class=\"news_block\">\n\t\t\t\t\t<div class=\"img\"><a href=\"https:\/\/ciced.dk\/en\/sabios-wise-women-and-men-are-key-players-in-education-for-indigenous-people\/\"><img loading=\"lazy\" decoding=\"async\" width=\"1856\" height=\"2560\" src=\"https:\/\/ciced.dk\/wp-content\/uploads\/2025\/01\/IMG_7088-scaled-e1737287945318.jpg\" class=\"attachment-post-thumbnail size-post-thumbnail wp-post-image\" alt=\"\" \/><\/a><\/div>\n\t\t\t\t\t<div class=\"desc\">\n\t\t\t\t\t\t<h3><a href=\"https:\/\/ciced.dk\/en\/sabios-wise-women-and-men-are-key-players-in-education-for-indigenous-people\/\">Sabios &#8211; wise women and men are key players in education for indigenous people<\/a><\/h3>\n\t\t\t\t\t\t<div class=\"meta_tag\">\n\t\t\t\t\t\t\t<span class=\"date\">19. January 2025<\/span>\n\t\t\t\t\t\t\t<span class=\"author\">Johnny Baltzersen<\/span>\n\t\t\t\t\t\t<\/div>\n\t\t\t\t\t\t<p>In all projects in Latin America that deal with the education of and for indigenous people, the local\u00a0sabios\u00a0are very important actors.\u201cSabios\u201d can best be translated as local wise men\/women. They possess a special knowledge of Indigenous life and culture, their...<\/p>\n\t\t\t\t\t\t<div class=\"comt_wrap\">\n\t\t\t\t\t\t\t<span class=\"comment\">0 kommentarer<\/span>\n\t\t\t\t\t\t<\/div>\n\t\t\t\t\t<\/div>\n\t\t\t\t<\/div>\n\t\t\t\t\t\t\t<div class=\"news_block\">\n\t\t\t\t\t<div class=\"img\"><a href=\"https:\/\/ciced.dk\/en\/stop-drinking-its-harming-your-bab\/\"><img loading=\"lazy\" decoding=\"async\" width=\"1023\" height=\"1151\" src=\"https:\/\/ciced.dk\/wp-content\/uploads\/2024\/12\/Billede2-2.jpg\" class=\"attachment-post-thumbnail size-post-thumbnail wp-post-image\" alt=\"\" srcset=\"https:\/\/ciced.dk\/wp-content\/uploads\/2024\/12\/Billede2-2.jpg 1023w, https:\/\/ciced.dk\/wp-content\/uploads\/2024\/12\/Billede2-2-267x300.jpg 267w, https:\/\/ciced.dk\/wp-content\/uploads\/2024\/12\/Billede2-2-910x1024.jpg 910w, https:\/\/ciced.dk\/wp-content\/uploads\/2024\/12\/Billede2-2-768x864.jpg 768w, https:\/\/ciced.dk\/wp-content\/uploads\/2024\/12\/Billede2-2-600x675.jpg 600w\" sizes=\"(max-width: 1023px) 100vw, 1023px\" \/><\/a><\/div>\n\t\t\t\t\t<div class=\"desc\">\n\t\t\t\t\t\t<h3><a href=\"https:\/\/ciced.dk\/en\/stop-drinking-its-harming-your-bab\/\">Stop drinking &#8211; it&#8217;s harming your bab<\/a><\/h3>\n\t\t\t\t\t\t<div class=\"meta_tag\">\n\t\t\t\t\t\t\t<span class=\"date\">18. December 2024<\/span>\n\t\t\t\t\t\t\t<span class=\"author\">Johnny Baltzersen<\/span>\n\t\t\t\t\t\t<\/div>\n\t\t\t\t\t\t<p>Reading time: 5 min\u00a0Over the past month, all health workers and volunteer midwives have been trained on how to support women who are dependent on alcohol.During the \u201cSEE it\u201d data collection conducted by our partner Just Nepal Foundation three years...<\/p>\n\t\t\t\t\t\t<div class=\"comt_wrap\">\n\t\t\t\t\t\t\t<span class=\"comment\">0 kommentarer<\/span>\n\t\t\t\t\t\t<\/div>\n\t\t\t\t\t<\/div>\n\t\t\t\t<\/div>\n\t\t\t\t\t\t\t<div class=\"news_block\">\n\t\t\t\t\t<div class=\"img\"><a href=\"https:\/\/ciced.dk\/en\/knowledge-is-power-also-in-community-led-development\/\"><img loading=\"lazy\" decoding=\"async\" width=\"2048\" height=\"1050\" src=\"https:\/\/ciced.dk\/wp-content\/uploads\/2024\/11\/Shift-the-Power_illustration_kilde.jpeg\" class=\"attachment-post-thumbnail size-post-thumbnail wp-post-image\" alt=\"\" srcset=\"https:\/\/ciced.dk\/wp-content\/uploads\/2024\/11\/Shift-the-Power_illustration_kilde.jpeg 2048w, https:\/\/ciced.dk\/wp-content\/uploads\/2024\/11\/Shift-the-Power_illustration_kilde-300x154.jpeg 300w, https:\/\/ciced.dk\/wp-content\/uploads\/2024\/11\/Shift-the-Power_illustration_kilde-1024x525.jpeg 1024w, https:\/\/ciced.dk\/wp-content\/uploads\/2024\/11\/Shift-the-Power_illustration_kilde-768x394.jpeg 768w, https:\/\/ciced.dk\/wp-content\/uploads\/2024\/11\/Shift-the-Power_illustration_kilde-1536x788.jpeg 1536w, https:\/\/ciced.dk\/wp-content\/uploads\/2024\/11\/Shift-the-Power_illustration_kilde-600x308.jpeg 600w\" sizes=\"(max-width: 2048px) 100vw, 2048px\" \/><\/a><\/div>\n\t\t\t\t\t<div class=\"desc\">\n\t\t\t\t\t\t<h3><a href=\"https:\/\/ciced.dk\/en\/knowledge-is-power-also-in-community-led-development\/\">Knowledge is power &#8211; also in community-led development<\/a><\/h3>\n\t\t\t\t\t\t<div class=\"meta_tag\">\n\t\t\t\t\t\t\t<span class=\"date\">9. November 2024<\/span>\n\t\t\t\t\t\t\t<span class=\"author\">Johnny Baltzersen<\/span>\n\t\t\t\t\t\t<\/div>\n\t\t\t\t\t\t<p>Locally led developmentOn 26 November, CICED and iiINTERest invite you to a debate meeting on one of today's significant themes among development organizations, namely 'locally led development'. As a warm-up to the debate, CICED NYT looks at where CICED stands...<\/p>\n\t\t\t\t\t\t<div class=\"comt_wrap\">\n\t\t\t\t\t\t\t<span class=\"comment\">0 kommentarer<\/span>\n\t\t\t\t\t\t<\/div>\n\t\t\t\t\t<\/div>\n\t\t\t\t<\/div>\n\t\t\t\t\t\t\t<div class=\"news_block\">\n\t\t\t\t\t<div class=\"img\"><a href=\"https:\/\/ciced.dk\/en\/when-ignorance-is-the-source-of-humility-and-respect\/\"><img loading=\"lazy\" decoding=\"async\" width=\"2560\" height=\"1707\" src=\"https:\/\/ciced.dk\/wp-content\/uploads\/2024\/11\/P1010887-scaled.jpeg\" class=\"attachment-post-thumbnail size-post-thumbnail wp-post-image\" alt=\"\" srcset=\"https:\/\/ciced.dk\/wp-content\/uploads\/2024\/11\/P1010887-scaled.jpeg 2560w, https:\/\/ciced.dk\/wp-content\/uploads\/2024\/11\/P1010887-300x200.jpeg 300w, https:\/\/ciced.dk\/wp-content\/uploads\/2024\/11\/P1010887-1024x683.jpeg 1024w, https:\/\/ciced.dk\/wp-content\/uploads\/2024\/11\/P1010887-768x512.jpeg 768w, https:\/\/ciced.dk\/wp-content\/uploads\/2024\/11\/P1010887-1536x1024.jpeg 1536w, https:\/\/ciced.dk\/wp-content\/uploads\/2024\/11\/P1010887-2048x1365.jpeg 2048w, https:\/\/ciced.dk\/wp-content\/uploads\/2024\/11\/P1010887-600x400.jpeg 600w\" sizes=\"(max-width: 2560px) 100vw, 2560px\" \/><\/a><\/div>\n\t\t\t\t\t<div class=\"desc\">\n\t\t\t\t\t\t<h3><a href=\"https:\/\/ciced.dk\/en\/when-ignorance-is-the-source-of-humility-and-respect\/\">When ignorance is the source of humility and respect<\/a><\/h3>\n\t\t\t\t\t\t<div class=\"meta_tag\">\n\t\t\t\t\t\t\t<span class=\"date\">3. November 2024<\/span>\n\t\t\t\t\t\t\t<span class=\"author\">Johnny Baltzersen<\/span>\n\t\t\t\t\t\t<\/div>\n\t\t\t\t\t\t<p>Locally led developmentOn 26 November, CICED and iiINTERest invite you to a debate on one of today's significant themes among development organizations, namely 'locally led development'. As a warm-up to the discussion, CICED NYT will examine where CICED stands concerning...<\/p>\n\t\t\t\t\t\t<div class=\"comt_wrap\">\n\t\t\t\t\t\t\t<span class=\"comment\">0 kommentarer<\/span>\n\t\t\t\t\t\t<\/div>\n\t\t\t\t\t<\/div>\n\t\t\t\t<\/div>\n\t\t\t\t\t\t\t<div class=\"news_block\">\n\t\t\t\t\t<div class=\"img\"><a href=\"https:\/\/ciced.dk\/en\/there-was-one-there-were-two-there-were-20-everest-network-ii\/\"><img loading=\"lazy\" decoding=\"async\" width=\"2560\" height=\"1707\" src=\"https:\/\/ciced.dk\/wp-content\/uploads\/2024\/06\/IMG_0926-scaled.jpeg\" class=\"attachment-post-thumbnail size-post-thumbnail wp-post-image\" alt=\"\" srcset=\"https:\/\/ciced.dk\/wp-content\/uploads\/2024\/06\/IMG_0926-scaled.jpeg 2560w, https:\/\/ciced.dk\/wp-content\/uploads\/2024\/06\/IMG_0926-300x200.jpeg 300w, https:\/\/ciced.dk\/wp-content\/uploads\/2024\/06\/IMG_0926-1024x683.jpeg 1024w, https:\/\/ciced.dk\/wp-content\/uploads\/2024\/06\/IMG_0926-768x512.jpeg 768w, https:\/\/ciced.dk\/wp-content\/uploads\/2024\/06\/IMG_0926-1536x1024.jpeg 1536w, https:\/\/ciced.dk\/wp-content\/uploads\/2024\/06\/IMG_0926-2048x1365.jpeg 2048w\" sizes=\"(max-width: 2560px) 100vw, 2560px\" \/><\/a><\/div>\n\t\t\t\t\t<div class=\"desc\">\n\t\t\t\t\t\t<h3><a href=\"https:\/\/ciced.dk\/en\/there-was-one-there-were-two-there-were-20-everest-network-ii\/\">One, two, five, twenty&#8230; The Everest Network II<\/a><\/h3>\n\t\t\t\t\t\t<div class=\"meta_tag\">\n\t\t\t\t\t\t\t<span class=\"date\">26. June 2024<\/span>\n\t\t\t\t\t\t\t<span class=\"author\">Johnny Baltzersen<\/span>\n\t\t\t\t\t\t<\/div>\n\t\t\t\t\t\t<p>With the summer holidays just around the corner, we are proud to end the first six months of the year with the news that we have landed another project with support from CISU: The Everest Network II .When the first...<\/p>\n\t\t\t\t\t\t<div class=\"comt_wrap\">\n\t\t\t\t\t\t\t<span class=\"comment\">0 kommentarer<\/span>\n\t\t\t\t\t\t<\/div>\n\t\t\t\t\t<\/div>\n\t\t\t\t<\/div>\n\t\t\t\t\t\t\t<div class=\"news_block\">\n\t\t\t\t\t<div class=\"img\"><a href=\"https:\/\/ciced.dk\/en\/potatoes-can-be-saved\/\"><img loading=\"lazy\" decoding=\"async\" width=\"1512\" height=\"2016\" src=\"https:\/\/ciced.dk\/wp-content\/uploads\/2024\/05\/Billede-6.jpeg\" class=\"attachment-post-thumbnail size-post-thumbnail wp-post-image\" alt=\"\" srcset=\"https:\/\/ciced.dk\/wp-content\/uploads\/2024\/05\/Billede-6.jpeg 1512w, https:\/\/ciced.dk\/wp-content\/uploads\/2024\/05\/Billede-6-225x300.jpeg 225w, https:\/\/ciced.dk\/wp-content\/uploads\/2024\/05\/Billede-6-768x1024.jpeg 768w, https:\/\/ciced.dk\/wp-content\/uploads\/2024\/05\/Billede-6-1152x1536.jpeg 1152w\" sizes=\"(max-width: 1512px) 100vw, 1512px\" \/><\/a><\/div>\n\t\t\t\t\t<div class=\"desc\">\n\t\t\t\t\t\t<h3><a href=\"https:\/\/ciced.dk\/en\/potatoes-can-be-saved\/\">Potatoes can be saved<\/a><\/h3>\n\t\t\t\t\t\t<div class=\"meta_tag\">\n\t\t\t\t\t\t\t<span class=\"date\">31. May 2024<\/span>\n\t\t\t\t\t\t\t<span class=\"author\">Johnny Baltzersen<\/span>\n\t\t\t\t\t\t<\/div>\n\t\t\t\t\t\t<p><audio class=\"wp-audio-shortcode\" id=\"audio-3076-1\" preload=\"none\" style=\"width: 100%;\" controls=\"controls\"><source type=\"audio\/mpeg\" src=\"https:\/\/qo6b71bvlpa.preview.infomaniak.website\/wp-content\/uploads\/2024\/05\/Kartoflerne-kan-reddes-31.05.2024-07.59.mp3?_=1\" \/><a href=\"https:\/\/qo6b71bvlpa.preview.infomaniak.website\/wp-content\/uploads\/2024\/05\/Kartoflerne-kan-reddes-31.05.2024-07.59.mp3\">https:\/\/qo6b71bvlpa.preview.infomaniak.website\/wp-content\/uploads\/2024\/05\/Kartoflerne-kan-reddes-31.05.2024-07.59.mp3<\/a><\/audio> The following text is a Danish adaptation of a post on JUST Nepal Foundation's Facebook page. Reading time 4 min - Listening time 6 min There is now hope for the potatoes in Helambu. And the tomatoes. During...<\/p>\n\t\t\t\t\t\t<div class=\"comt_wrap\">\n\t\t\t\t\t\t\t<span class=\"comment\">0 kommentarer<\/span>\n\t\t\t\t\t\t<\/div>\n\t\t\t\t\t<\/div>\n\t\t\t\t<\/div>\n\t\t\t\t\t\t\t<div class=\"news_block\">\n\t\t\t\t\t<div class=\"img\"><a href=\"https:\/\/ciced.dk\/en\/bad-work-environment-is-all-about-assholes\/\"><img loading=\"lazy\" decoding=\"async\" width=\"1024\" height=\"1024\" src=\"https:\/\/ciced.dk\/wp-content\/uploads\/2024\/05\/19554fe4-3d81-4852-8b1a-e6c390112611.webp\" class=\"attachment-post-thumbnail size-post-thumbnail wp-post-image\" alt=\"\" srcset=\"https:\/\/ciced.dk\/wp-content\/uploads\/2024\/05\/19554fe4-3d81-4852-8b1a-e6c390112611.webp 1024w, https:\/\/ciced.dk\/wp-content\/uploads\/2024\/05\/19554fe4-3d81-4852-8b1a-e6c390112611-300x300.webp 300w, https:\/\/ciced.dk\/wp-content\/uploads\/2024\/05\/19554fe4-3d81-4852-8b1a-e6c390112611-150x150.webp 150w, https:\/\/ciced.dk\/wp-content\/uploads\/2024\/05\/19554fe4-3d81-4852-8b1a-e6c390112611-768x768.webp 768w\" sizes=\"(max-width: 1024px) 100vw, 1024px\" \/><\/a><\/div>\n\t\t\t\t\t<div class=\"desc\">\n\t\t\t\t\t\t<h3><a href=\"https:\/\/ciced.dk\/en\/bad-work-environment-is-all-about-assholes\/\">Bad work environment is all about assholes<\/a><\/h3>\n\t\t\t\t\t\t<div class=\"meta_tag\">\n\t\t\t\t\t\t\t<span class=\"date\">14. May 2024<\/span>\n\t\t\t\t\t\t\t<span class=\"author\">Johnny Baltzersen<\/span>\n\t\t\t\t\t\t<\/div>\n\t\t\t\t\t\t<p>Reading time 4 min. - Listening time 7 min. <audio class=\"wp-audio-shortcode\" id=\"audio-3076-2\" preload=\"none\" style=\"width: 100%;\" controls=\"controls\"><source type=\"audio\/mpeg\" src=\"https:\/\/qo6b71bvlpa.preview.infomaniak.website\/wp-content\/uploads\/2024\/05\/Daarligt-arbejdsmiljoe-handler-om-roevhuller.m4a?_=2\" \/><a href=\"https:\/\/qo6b71bvlpa.preview.infomaniak.website\/wp-content\/uploads\/2024\/05\/Daarligt-arbejdsmiljoe-handler-om-roevhuller.m4a\">https:\/\/qo6b71bvlpa.preview.infomaniak.website\/wp-content\/uploads\/2024\/05\/Daarligt-arbejdsmiljoe-handler-om-roevhuller.m4a<\/a><\/audio> This article is written in response to articles in Globalnyt about poor working environment in the NGO industry. Let me start by apologizing for the use of profanity in...<\/p>\n\t\t\t\t\t\t<div class=\"comt_wrap\">\n\t\t\t\t\t\t\t<span class=\"comment\">0 kommentarer<\/span>\n\t\t\t\t\t\t<\/div>\n\t\t\t\t\t<\/div>\n\t\t\t\t<\/div>\n\t\t\t\t\t\t\t<div class=\"news_block\">\n\t\t\t\t\t<div class=\"img\"><a href=\"https:\/\/ciced.dk\/en\/from-seen-to-heard-to-real-influence\/\"><img loading=\"lazy\" decoding=\"async\" width=\"1037\" height=\"489\" src=\"https:\/\/ciced.dk\/wp-content\/uploads\/2024\/04\/BILLEDE1.jpeg\" class=\"attachment-post-thumbnail size-post-thumbnail wp-post-image\" alt=\"\" srcset=\"https:\/\/ciced.dk\/wp-content\/uploads\/2024\/04\/BILLEDE1.jpeg 1037w, https:\/\/ciced.dk\/wp-content\/uploads\/2024\/04\/BILLEDE1-300x141.jpeg 300w, https:\/\/ciced.dk\/wp-content\/uploads\/2024\/04\/BILLEDE1-1024x483.jpeg 1024w, https:\/\/ciced.dk\/wp-content\/uploads\/2024\/04\/BILLEDE1-768x362.jpeg 768w\" sizes=\"(max-width: 1037px) 100vw, 1037px\" \/><\/a><\/div>\n\t\t\t\t\t<div class=\"desc\">\n\t\t\t\t\t\t<h3><a href=\"https:\/\/ciced.dk\/en\/from-seen-to-heard-to-real-influence\/\">From seen, to heard, to real influence<\/a><\/h3>\n\t\t\t\t\t\t<div class=\"meta_tag\">\n\t\t\t\t\t\t\t<span class=\"date\">29. April 2024<\/span>\n\t\t\t\t\t\t\t<span class=\"author\">Johnny Baltzersen<\/span>\n\t\t\t\t\t\t<\/div>\n\t\t\t\t\t\t<p>Reading time 7 min. - Listen 12 min. - click here This article is based on reports and conversations following Rita Tisdall's recent visit to Nepal. Rita is CICED's project coordinator in Nepal, and has just returned from some very...<\/p>\n\t\t\t\t\t\t<div class=\"comt_wrap\">\n\t\t\t\t\t\t\t<span class=\"comment\">0 kommentarer<\/span>\n\t\t\t\t\t\t<\/div>\n\t\t\t\t\t<\/div>\n\t\t\t\t<\/div>\n\t\t\t\t\t\t\t<div class=\"news_block\">\n\t\t\t\t\t<div class=\"img\"><a href=\"https:\/\/ciced.dk\/en\/international-aid-is-increasing-but\/\"><img loading=\"lazy\" decoding=\"async\" width=\"425\" height=\"249\" src=\"https:\/\/ciced.dk\/wp-content\/uploads\/2023\/12\/485bef_b4f043dafdea45a1bdfcb3e3c401cbbdmv2.jpg\" class=\"attachment-post-thumbnail size-post-thumbnail wp-post-image\" alt=\"\" srcset=\"https:\/\/ciced.dk\/wp-content\/uploads\/2023\/12\/485bef_b4f043dafdea45a1bdfcb3e3c401cbbdmv2.jpg 425w, https:\/\/ciced.dk\/wp-content\/uploads\/2023\/12\/485bef_b4f043dafdea45a1bdfcb3e3c401cbbdmv2-300x176.jpg 300w\" sizes=\"(max-width: 425px) 100vw, 425px\" \/><\/a><\/div>\n\t\t\t\t\t<div class=\"desc\">\n\t\t\t\t\t\t<h3><a href=\"https:\/\/ciced.dk\/en\/international-aid-is-increasing-but\/\">International aid is increasing, but&#8230;..<\/a><\/h3>\n\t\t\t\t\t\t<div class=\"meta_tag\">\n\t\t\t\t\t\t\t<span class=\"date\">18. April 2024<\/span>\n\t\t\t\t\t\t\t<span class=\"author\">Johnny Baltzersen<\/span>\n\t\t\t\t\t\t<\/div>\n\t\t\t\t\t\t<p>International aid set a new record in 2023. In other words, the aid calculated by the OECD's Development Assistance Committee (DAC). The 32 countries on the OECD\/DAC list donated 223.7 billion USD last year. This is an increase of 1.8%...<\/p>\n\t\t\t\t\t\t<div class=\"comt_wrap\">\n\t\t\t\t\t\t\t<span class=\"comment\">0 kommentarer<\/span>\n\t\t\t\t\t\t<\/div>\n\t\t\t\t\t<\/div>\n\t\t\t\t<\/div>\n\t\t\t\t\t\t\t<div class=\"news_block\">\n\t\t\t\t\t<div class=\"img\"><a href=\"https:\/\/ciced.dk\/en\/twenty-years-is-no-age\/\"><img loading=\"lazy\" decoding=\"async\" width=\"1152\" height=\"864\" src=\"https:\/\/ciced.dk\/wp-content\/uploads\/2024\/04\/Basic-Education-PolicyGroup-discussion-in-progress2-1.jpeg\" class=\"attachment-post-thumbnail size-post-thumbnail wp-post-image\" alt=\"\" srcset=\"https:\/\/ciced.dk\/wp-content\/uploads\/2024\/04\/Basic-Education-PolicyGroup-discussion-in-progress2-1.jpeg 1152w, https:\/\/ciced.dk\/wp-content\/uploads\/2024\/04\/Basic-Education-PolicyGroup-discussion-in-progress2-1-300x225.jpeg 300w, https:\/\/ciced.dk\/wp-content\/uploads\/2024\/04\/Basic-Education-PolicyGroup-discussion-in-progress2-1-1024x768.jpeg 1024w, https:\/\/ciced.dk\/wp-content\/uploads\/2024\/04\/Basic-Education-PolicyGroup-discussion-in-progress2-1-768x576.jpeg 768w\" sizes=\"(max-width: 1152px) 100vw, 1152px\" \/><\/a><\/div>\n\t\t\t\t\t<div class=\"desc\">\n\t\t\t\t\t\t<h3><a href=\"https:\/\/ciced.dk\/en\/twenty-years-is-no-age\/\">Twenty years is no age&#8230;.<\/a><\/h3>\n\t\t\t\t\t\t<div class=\"meta_tag\">\n\t\t\t\t\t\t\t<span class=\"date\">1. April 2024<\/span>\n\t\t\t\t\t\t\t<span class=\"author\">Johnny Baltzersen<\/span>\n\t\t\t\t\t\t<\/div>\n\t\t\t\t\t\t<p>...for radical education reform (reading time approx. 7 min)Danish support for better education for Tibetans-in-Exile is now entering its twentieth year. It was back in 2003-04 that the Ministry of Foreign Affairs of Denmark sent the 'old' CICED to Dharamsala...<\/p>\n\t\t\t\t\t\t<div class=\"comt_wrap\">\n\t\t\t\t\t\t\t<span class=\"comment\">0 kommentarer<\/span>\n\t\t\t\t\t\t<\/div>\n\t\t\t\t\t<\/div>\n\t\t\t\t<\/div>\n\t\t\t\t\t\t\t<div class=\"news_block\">\n\t\t\t\t\t<div class=\"img\"><a href=\"https:\/\/ciced.dk\/en\/the-reverse-migration\/\"><img loading=\"lazy\" decoding=\"async\" width=\"2560\" height=\"1920\" src=\"https:\/\/ciced.dk\/wp-content\/uploads\/2024\/04\/P1047054-scaled.jpeg\" class=\"attachment-post-thumbnail size-post-thumbnail wp-post-image\" alt=\"\" srcset=\"https:\/\/ciced.dk\/wp-content\/uploads\/2024\/04\/P1047054-scaled.jpeg 2560w, https:\/\/ciced.dk\/wp-content\/uploads\/2024\/04\/P1047054-300x225.jpeg 300w, https:\/\/ciced.dk\/wp-content\/uploads\/2024\/04\/P1047054-1024x768.jpeg 1024w, https:\/\/ciced.dk\/wp-content\/uploads\/2024\/04\/P1047054-768x576.jpeg 768w, https:\/\/ciced.dk\/wp-content\/uploads\/2024\/04\/P1047054-1536x1152.jpeg 1536w, https:\/\/ciced.dk\/wp-content\/uploads\/2024\/04\/P1047054-2048x1536.jpeg 2048w\" sizes=\"(max-width: 2560px) 100vw, 2560px\" \/><\/a><\/div>\n\t\t\t\t\t<div class=\"desc\">\n\t\t\t\t\t\t<h3><a href=\"https:\/\/ciced.dk\/en\/the-reverse-migration\/\">The reverse migration<\/a><\/h3>\n\t\t\t\t\t\t<div class=\"meta_tag\">\n\t\t\t\t\t\t\t<span class=\"date\">1. April 2024<\/span>\n\t\t\t\t\t\t\t<span class=\"author\">Johnny Baltzersen<\/span>\n\t\t\t\t\t\t<\/div>\n\t\t\t\t\t\t<p>(Reading time 3 min.)Across the world, migration flows from country to city. Also, in Mongolia, difficult living conditions in the countryside and the dream of a more comfortable life are driving people to the capital, Ulaanbaatar and the country's two...<\/p>\n\t\t\t\t\t\t<div class=\"comt_wrap\">\n\t\t\t\t\t\t\t<span class=\"comment\">0 kommentarer<\/span>\n\t\t\t\t\t\t<\/div>\n\t\t\t\t\t<\/div>\n\t\t\t\t<\/div>\n\t\t\t\t\t\t\t<div class=\"news_block\">\n\t\t\t\t\t<div class=\"img\"><a href=\"https:\/\/ciced.dk\/en\/mongolian-zud-not-just-a-harsh-winter\/\"><img loading=\"lazy\" decoding=\"async\" width=\"2039\" height=\"845\" src=\"https:\/\/ciced.dk\/wp-content\/uploads\/2024\/03\/heste-i-snestorm.jpg\" class=\"attachment-post-thumbnail size-post-thumbnail wp-post-image\" alt=\"\" srcset=\"https:\/\/ciced.dk\/wp-content\/uploads\/2024\/03\/heste-i-snestorm.jpg 2039w, https:\/\/ciced.dk\/wp-content\/uploads\/2024\/03\/heste-i-snestorm-300x124.jpg 300w, https:\/\/ciced.dk\/wp-content\/uploads\/2024\/03\/heste-i-snestorm-1024x424.jpg 1024w, https:\/\/ciced.dk\/wp-content\/uploads\/2024\/03\/heste-i-snestorm-768x318.jpg 768w, https:\/\/ciced.dk\/wp-content\/uploads\/2024\/03\/heste-i-snestorm-1536x637.jpg 1536w\" sizes=\"(max-width: 2039px) 100vw, 2039px\" \/><\/a><\/div>\n\t\t\t\t\t<div class=\"desc\">\n\t\t\t\t\t\t<h3><a href=\"https:\/\/ciced.dk\/en\/mongolian-zud-not-just-a-harsh-winter\/\">Mongolian zud &#8211; not just a harsh winter<\/a><\/h3>\n\t\t\t\t\t\t<div class=\"meta_tag\">\n\t\t\t\t\t\t\t<span class=\"date\">21. March 2024<\/span>\n\t\t\t\t\t\t\t<span class=\"author\">Johnny Baltzersen<\/span>\n\t\t\t\t\t\t<\/div>\n\t\t\t\t\t\t<p>There are many kinds of\u00a0zud.\u00a0And it's not just a very cold winter with lots of snow, as it's often mistakenly described.\u00a0Zudis a recurring endemic disaster[i]\u00a0with many variations, but what they all have in common is that\u00a0it\u00a0leads to mass deaths of...<\/p>\n\t\t\t\t\t\t<div class=\"comt_wrap\">\n\t\t\t\t\t\t\t<span class=\"comment\">0 kommentarer<\/span>\n\t\t\t\t\t\t<\/div>\n\t\t\t\t\t<\/div>\n\t\t\t\t<\/div>\n\t\t\t\t\t\t\t<div class=\"news_block\">\n\t\t\t\t\t<div class=\"img\"><a href=\"https:\/\/ciced.dk\/en\/critical-overhaul\/\"><img loading=\"lazy\" decoding=\"async\" width=\"206\" height=\"206\" src=\"https:\/\/ciced.dk\/wp-content\/uploads\/2024\/03\/315156794_5951159981585610_3233134891082768145_n.png\" class=\"attachment-post-thumbnail size-post-thumbnail wp-post-image\" alt=\"\" srcset=\"https:\/\/ciced.dk\/wp-content\/uploads\/2024\/03\/315156794_5951159981585610_3233134891082768145_n.png 206w, https:\/\/ciced.dk\/wp-content\/uploads\/2024\/03\/315156794_5951159981585610_3233134891082768145_n-150x150.png 150w\" sizes=\"(max-width: 206px) 100vw, 206px\" \/><\/a><\/div>\n\t\t\t\t\t<div class=\"desc\">\n\t\t\t\t\t\t<h3><a href=\"https:\/\/ciced.dk\/en\/critical-overhaul\/\">Critical overhaul<\/a><\/h3>\n\t\t\t\t\t\t<div class=\"meta_tag\">\n\t\t\t\t\t\t\t<span class=\"date\">19. March 2024<\/span>\n\t\t\t\t\t\t\t<span class=\"author\">Johnny Baltzersen<\/span>\n\t\t\t\t\t\t<\/div>\n\t\t\t\t\t\t<p>Time for an overhaul - project in the Peruvian Amazon This article was written with input from CICED's project coordinator Susanne P\u00e9rez First, let's recall what the project is really about: The project aims to develop intercultural education on social...<\/p>\n\t\t\t\t\t\t<div class=\"comt_wrap\">\n\t\t\t\t\t\t\t<span class=\"comment\">0 kommentarer<\/span>\n\t\t\t\t\t\t<\/div>\n\t\t\t\t\t<\/div>\n\t\t\t\t<\/div>\n\t\t\t\t\t\t\t<div class=\"news_block\">\n\t\t\t\t\t<div class=\"img\"><a href=\"https:\/\/ciced.dk\/en\/its-not-that-bad\/\"><img loading=\"lazy\" decoding=\"async\" width=\"1843\" height=\"2560\" src=\"https:\/\/ciced.dk\/wp-content\/uploads\/2024\/03\/IMG_2316-scaled.jpg\" class=\"attachment-post-thumbnail size-post-thumbnail wp-post-image\" alt=\"\" srcset=\"https:\/\/ciced.dk\/wp-content\/uploads\/2024\/03\/IMG_2316-scaled.jpg 1843w, https:\/\/ciced.dk\/wp-content\/uploads\/2024\/03\/IMG_2316-216x300.jpg 216w, https:\/\/ciced.dk\/wp-content\/uploads\/2024\/03\/IMG_2316-737x1024.jpg 737w, https:\/\/ciced.dk\/wp-content\/uploads\/2024\/03\/IMG_2316-768x1067.jpg 768w, https:\/\/ciced.dk\/wp-content\/uploads\/2024\/03\/IMG_2316-1106x1536.jpg 1106w, https:\/\/ciced.dk\/wp-content\/uploads\/2024\/03\/IMG_2316-1475x2048.jpg 1475w\" sizes=\"(max-width: 1843px) 100vw, 1843px\" \/><\/a><\/div>\n\t\t\t\t\t<div class=\"desc\">\n\t\t\t\t\t\t<h3><a href=\"https:\/\/ciced.dk\/en\/its-not-that-bad\/\">It&#8217;s not that bad&#8230;<\/a><\/h3>\n\t\t\t\t\t\t<div class=\"meta_tag\">\n\t\t\t\t\t\t\t<span class=\"date\">7. March 2024<\/span>\n\t\t\t\t\t\t\t<span class=\"author\">Johnny Baltzersen<\/span>\n\t\t\t\t\t\t<\/div>\n\t\t\t\t\t\t<p>CICED is currently running eight projects with six partners in five countries on three continents. We do our best to share stories from the efforts with our members and readers of CICED NYT. All in all, it's going very well....<\/p>\n\t\t\t\t\t\t<div class=\"comt_wrap\">\n\t\t\t\t\t\t\t<span class=\"comment\">0 kommentarer<\/span>\n\t\t\t\t\t\t<\/div>\n\t\t\t\t\t<\/div>\n\t\t\t\t<\/div>\n\t\t\t\t\t\t\t<div class=\"news_block\">\n\t\t\t\t\t<div class=\"img\"><a href=\"https:\/\/ciced.dk\/en\/two-new-climate-adaptation-projects-in-nepal\/\"><img loading=\"lazy\" decoding=\"async\" width=\"660\" height=\"495\" src=\"https:\/\/ciced.dk\/wp-content\/uploads\/2024\/02\/Community-Forest-User-Group1.jpg\" class=\"attachment-post-thumbnail size-post-thumbnail wp-post-image\" alt=\"\" srcset=\"https:\/\/ciced.dk\/wp-content\/uploads\/2024\/02\/Community-Forest-User-Group1.jpg 660w, https:\/\/ciced.dk\/wp-content\/uploads\/2024\/02\/Community-Forest-User-Group1-300x225.jpg 300w\" sizes=\"(max-width: 660px) 100vw, 660px\" \/><\/a><\/div>\n\t\t\t\t\t<div class=\"desc\">\n\t\t\t\t\t\t<h3><a href=\"https:\/\/ciced.dk\/en\/two-new-climate-adaptation-projects-in-nepal\/\">Two new climate adaptation projects in Nepal<\/a><\/h3>\n\t\t\t\t\t\t<div class=\"meta_tag\">\n\t\t\t\t\t\t\t<span class=\"date\">29. February 2024<\/span>\n\t\t\t\t\t\t\t<span class=\"author\">Johnny Baltzersen<\/span>\n\t\t\t\t\t\t<\/div>\n\t\t\t\t\t\t<p>At the latest application deadline for the so-called CCAM round, Climate Change Adaptation Modality, there were 38 applications for a total of DKK 87.6 million, according to CISU. However, there\u00a0are only about 53 million kroner available for this round. CICED...<\/p>\n\t\t\t\t\t\t<div class=\"comt_wrap\">\n\t\t\t\t\t\t\t<span class=\"comment\">0 kommentarer<\/span>\n\t\t\t\t\t\t<\/div>\n\t\t\t\t\t<\/div>\n\t\t\t\t<\/div>\n\t\t\t\t\t\t\t<div class=\"news_block\">\n\t\t\t\t\t<div class=\"img\"><a href=\"https:\/\/ciced.dk\/en\/if-you-are-not-visible\/\"><img loading=\"lazy\" decoding=\"async\" width=\"385\" height=\"495\" src=\"https:\/\/ciced.dk\/wp-content\/uploads\/2024\/02\/Mrs.-Selina-Mlemba-CHAVITAs-Chairperson-.jpg\" class=\"attachment-post-thumbnail size-post-thumbnail wp-post-image\" alt=\"\" srcset=\"https:\/\/ciced.dk\/wp-content\/uploads\/2024\/02\/Mrs.-Selina-Mlemba-CHAVITAs-Chairperson-.jpg 385w, https:\/\/ciced.dk\/wp-content\/uploads\/2024\/02\/Mrs.-Selina-Mlemba-CHAVITAs-Chairperson--233x300.jpg 233w\" sizes=\"(max-width: 385px) 100vw, 385px\" \/><\/a><\/div>\n\t\t\t\t\t<div class=\"desc\">\n\t\t\t\t\t\t<h3><a href=\"https:\/\/ciced.dk\/en\/if-you-are-not-visible\/\">If you are not visible&#8230;.<\/a><\/h3>\n\t\t\t\t\t\t<div class=\"meta_tag\">\n\t\t\t\t\t\t\t<span class=\"date\">9. February 2024<\/span>\n\t\t\t\t\t\t\t<span class=\"author\">Johnny Baltzersen<\/span>\n\t\t\t\t\t\t<\/div>\n\t\t\t\t\t\t<p>.... your rights and concerns are not visible either CHAVITA Chairwoman Selina Mlemba summarizes her impressions from a workshop on disability rights with a focus on employment rights. \"At the workshop, I learned that we have a lot of knowledge...<\/p>\n\t\t\t\t\t\t<div class=\"comt_wrap\">\n\t\t\t\t\t\t\t<span class=\"comment\">0 kommentarer<\/span>\n\t\t\t\t\t\t<\/div>\n\t\t\t\t\t<\/div>\n\t\t\t\t<\/div>\n\t\t\t\t\t\t\t<div class=\"news_block\">\n\t\t\t\t\t<div class=\"img\"><a href=\"https:\/\/ciced.dk\/en\/always-remember-that-you-are-special-and-unique\/\"><img loading=\"lazy\" decoding=\"async\" width=\"317\" height=\"330\" src=\"https:\/\/ciced.dk\/wp-content\/uploads\/2024\/02\/Ms.-Happy-Shujaa-Project-beneficiaries-Tanga-region.jpg\" class=\"attachment-post-thumbnail size-post-thumbnail wp-post-image\" alt=\"\" srcset=\"https:\/\/ciced.dk\/wp-content\/uploads\/2024\/02\/Ms.-Happy-Shujaa-Project-beneficiaries-Tanga-region.jpg 317w, https:\/\/ciced.dk\/wp-content\/uploads\/2024\/02\/Ms.-Happy-Shujaa-Project-beneficiaries-Tanga-region-288x300.jpg 288w\" sizes=\"(max-width: 317px) 100vw, 317px\" \/><\/a><\/div>\n\t\t\t\t\t<div class=\"desc\">\n\t\t\t\t\t\t<h3><a href=\"https:\/\/ciced.dk\/en\/always-remember-that-you-are-special-and-unique\/\">Always remember that you are special and unique<\/a><\/h3>\n\t\t\t\t\t\t<div class=\"meta_tag\">\n\t\t\t\t\t\t\t<span class=\"date\">9. February 2024<\/span>\n\t\t\t\t\t\t\t<span class=\"author\">Johnny Baltzersen<\/span>\n\t\t\t\t\t\t<\/div>\n\t\t\t\t\t\t<p>Happy Shujaa was born in 1998 in Moshi in northern Tanzania on the border of Kilimanjaro National Park. Deaf from birth, she attended primary school at Mwanga School for the Deaf and later at Moshi Technical Secondary School. \"When I...<\/p>\n\t\t\t\t\t\t<div class=\"comt_wrap\">\n\t\t\t\t\t\t\t<span class=\"comment\">0 kommentarer<\/span>\n\t\t\t\t\t\t<\/div>\n\t\t\t\t\t<\/div>\n\t\t\t\t<\/div>\n\t\t\t\t\t\t\t<div class=\"news_block\">\n\t\t\t\t\t<div class=\"img\"><a href=\"https:\/\/ciced.dk\/en\/international-day-of-education-why-we-must-counter-hate-speech\/\"><img loading=\"lazy\" decoding=\"async\" width=\"1000\" height=\"1000\" src=\"https:\/\/ciced.dk\/wp-content\/uploads\/2024\/01\/1706117161581.jpeg\" class=\"attachment-post-thumbnail size-post-thumbnail wp-post-image\" alt=\"\" srcset=\"https:\/\/ciced.dk\/wp-content\/uploads\/2024\/01\/1706117161581.jpeg 1000w, https:\/\/ciced.dk\/wp-content\/uploads\/2024\/01\/1706117161581-300x300.jpeg 300w, https:\/\/ciced.dk\/wp-content\/uploads\/2024\/01\/1706117161581-150x150.jpeg 150w, https:\/\/ciced.dk\/wp-content\/uploads\/2024\/01\/1706117161581-768x768.jpeg 768w\" sizes=\"(max-width: 1000px) 100vw, 1000px\" \/><\/a><\/div>\n\t\t\t\t\t<div class=\"desc\">\n\t\t\t\t\t\t<h3><a href=\"https:\/\/ciced.dk\/en\/international-day-of-education-why-we-must-counter-hate-speech\/\">International Day of Education: Why we must counter hate speech<\/a><\/h3>\n\t\t\t\t\t\t<div class=\"meta_tag\">\n\t\t\t\t\t\t\t<span class=\"date\">25. January 2024<\/span>\n\t\t\t\t\t\t\t<span class=\"author\">Johnny Baltzersen<\/span>\n\t\t\t\t\t\t<\/div>\n\t\t\t\t\t\t<p>The following text is from a UNESCO publishing on LinkedIn 24 January 2024 The world is grappling with a surge of violent conflicts and a disturbing rise in hate speech, intolerance and discrimination. That is why on this year\u2019s International...<\/p>\n\t\t\t\t\t\t<div class=\"comt_wrap\">\n\t\t\t\t\t\t\t<span class=\"comment\">0 kommentarer<\/span>\n\t\t\t\t\t\t<\/div>\n\t\t\t\t\t<\/div>\n\t\t\t\t<\/div>\n\t\t\t\t\t\t\t<div class=\"news_block\">\n\t\t\t\t\t<div class=\"img\"><a href=\"https:\/\/ciced.dk\/en\/international-disability-day\/\"><img loading=\"lazy\" decoding=\"async\" width=\"227\" height=\"121\" src=\"https:\/\/ciced.dk\/wp-content\/uploads\/2024\/01\/Billede1.jpg\" class=\"attachment-post-thumbnail size-post-thumbnail wp-post-image\" alt=\"\" \/><\/a><\/div>\n\t\t\t\t\t<div class=\"desc\">\n\t\t\t\t\t\t<h3><a href=\"https:\/\/ciced.dk\/en\/international-disability-day\/\">International Disability Day<\/a><\/h3>\n\t\t\t\t\t\t<div class=\"meta_tag\">\n\t\t\t\t\t\t\t<span class=\"date\">12. January 2024<\/span>\n\t\t\t\t\t\t\t<span class=\"author\">Rita Tisdall<\/span>\n\t\t\t\t\t\t<\/div>\n\t\t\t\t\t\t<p>Written by: Rita Tisdall, CICED. &nbsp; &nbsp; &nbsp; &nbsp; &nbsp; &nbsp; &nbsp;&nbsp; Every year on December 3rd we celebrate the International Day of Persons with Disabilities. It's a day dedicated to recognizing the struggles, achievements and contributions of persons with...<\/p>\n\t\t\t\t\t\t<div class=\"comt_wrap\">\n\t\t\t\t\t\t\t<span class=\"comment\">0 kommentarer<\/span>\n\t\t\t\t\t\t<\/div>\n\t\t\t\t\t<\/div>\n\t\t\t\t<\/div>\n\t\t\t\t\t\t\t<div class=\"news_block\">\n\t\t\t\t\t<div class=\"img\"><a href=\"https:\/\/ciced.dk\/en\/debate-session-ways-to-fight-poverty\/\"><img loading=\"lazy\" decoding=\"async\" width=\"642\" height=\"428\" src=\"https:\/\/ciced.dk\/wp-content\/uploads\/2023\/12\/nepal-front.jpg\" class=\"attachment-post-thumbnail size-post-thumbnail wp-post-image\" alt=\"\" srcset=\"https:\/\/ciced.dk\/wp-content\/uploads\/2023\/12\/nepal-front.jpg 642w, https:\/\/ciced.dk\/wp-content\/uploads\/2023\/12\/nepal-front-300x200.jpg 300w\" sizes=\"(max-width: 642px) 100vw, 642px\" \/><\/a><\/div>\n\t\t\t\t\t<div class=\"desc\">\n\t\t\t\t\t\t<h3><a href=\"https:\/\/ciced.dk\/en\/debate-session-ways-to-fight-poverty\/\">Debate session &#8211; ways to fight poverty<\/a><\/h3>\n\t\t\t\t\t\t<div class=\"meta_tag\">\n\t\t\t\t\t\t\t<span class=\"date\">12. January 2024<\/span>\n\t\t\t\t\t\t\t<span class=\"author\">Johnny Baltzersen<\/span>\n\t\t\t\t\t\t<\/div>\n\t\t\t\t\t\t<p>Together with iiINTERest are held:debate meeting on ways to fight povertyd. January 23, 19:00-21:00 Vartov, Farvergade 27,1463 Copenhagen KIt's guaranteed not to be boring.We start with a short movie clip and then go straight to questions and debate.We have invited...<\/p>\n\t\t\t\t\t\t<div class=\"comt_wrap\">\n\t\t\t\t\t\t\t<span class=\"comment\">0 kommentarer<\/span>\n\t\t\t\t\t\t<\/div>\n\t\t\t\t\t<\/div>\n\t\t\t\t<\/div>\n\t\t\t\t\t\t\t<div class=\"news_block\">\n\t\t\t\t\t<div class=\"img\"><a href=\"https:\/\/ciced.dk\/en\/tireless-ryparken-lille-skole\/\"><img loading=\"lazy\" decoding=\"async\" width=\"2016\" height=\"908\" src=\"https:\/\/ciced.dk\/wp-content\/uploads\/2023\/12\/Dulaan-khuvtsas-7.jpg\" class=\"attachment-post-thumbnail size-post-thumbnail wp-post-image\" alt=\"\" srcset=\"https:\/\/ciced.dk\/wp-content\/uploads\/2023\/12\/Dulaan-khuvtsas-7.jpg 2016w, https:\/\/ciced.dk\/wp-content\/uploads\/2023\/12\/Dulaan-khuvtsas-7-300x135.jpg 300w, https:\/\/ciced.dk\/wp-content\/uploads\/2023\/12\/Dulaan-khuvtsas-7-1024x461.jpg 1024w, https:\/\/ciced.dk\/wp-content\/uploads\/2023\/12\/Dulaan-khuvtsas-7-768x346.jpg 768w, https:\/\/ciced.dk\/wp-content\/uploads\/2023\/12\/Dulaan-khuvtsas-7-1536x692.jpg 1536w\" sizes=\"(max-width: 2016px) 100vw, 2016px\" \/><\/a><\/div>\n\t\t\t\t\t<div class=\"desc\">\n\t\t\t\t\t\t<h3><a href=\"https:\/\/ciced.dk\/en\/tireless-ryparken-lille-skole\/\">Tireless Ryparken Lille Skole<\/a><\/h3>\n\t\t\t\t\t\t<div class=\"meta_tag\">\n\t\t\t\t\t\t\t<span class=\"date\">21. December 2023<\/span>\n\t\t\t\t\t\t\t<span class=\"author\">Johnny Baltzersen<\/span>\n\t\t\t\t\t\t<\/div>\n\t\t\t\t\t\t<p>Reading time: 2 min. A few days before the fall break this school year, CICED was once again invited to Ryparken Lille Skole to talk about Mongolia and Children's Ger. It's a wonderful tradition that began on Schools' Exercise Day...<\/p>\n\t\t\t\t\t\t<div class=\"comt_wrap\">\n\t\t\t\t\t\t\t<span class=\"comment\">0 kommentarer<\/span>\n\t\t\t\t\t\t<\/div>\n\t\t\t\t\t<\/div>\n\t\t\t\t<\/div>\n\t\t\t\t\t\t\t<div class=\"news_block\">\n\t\t\t\t\t<div class=\"img\"><a href=\"https:\/\/ciced.dk\/en\/ude-er-godt-men-det-kan-blive-bedre\/\"><img loading=\"lazy\" decoding=\"async\" width=\"1153\" height=\"561\" src=\"https:\/\/ciced.dk\/wp-content\/uploads\/2023\/12\/485bef_b81b1c15023542d098a9506cc8a86a21mv2.jpg\" class=\"attachment-post-thumbnail size-post-thumbnail wp-post-image\" alt=\"\" srcset=\"https:\/\/ciced.dk\/wp-content\/uploads\/2023\/12\/485bef_b81b1c15023542d098a9506cc8a86a21mv2.jpg 1153w, https:\/\/ciced.dk\/wp-content\/uploads\/2023\/12\/485bef_b81b1c15023542d098a9506cc8a86a21mv2-300x146.jpg 300w, https:\/\/ciced.dk\/wp-content\/uploads\/2023\/12\/485bef_b81b1c15023542d098a9506cc8a86a21mv2-1024x498.jpg 1024w, https:\/\/ciced.dk\/wp-content\/uploads\/2023\/12\/485bef_b81b1c15023542d098a9506cc8a86a21mv2-768x374.jpg 768w\" sizes=\"(max-width: 1153px) 100vw, 1153px\" \/><\/a><\/div>\n\t\t\t\t\t<div class=\"desc\">\n\t\t\t\t\t\t<h3><a href=\"https:\/\/ciced.dk\/en\/ude-er-godt-men-det-kan-blive-bedre\/\">Living in the dormitory is good,  but there is room for improvement<\/a><\/h3>\n\t\t\t\t\t\t<div class=\"meta_tag\">\n\t\t\t\t\t\t\t<span class=\"date\">19. November 2023<\/span>\n\t\t\t\t\t\t\t<span class=\"author\">Johnny Baltzersen<\/span>\n\t\t\t\t\t\t<\/div>\n\t\t\t\t\t\t<p>\"I don't think the people in the ministry have ever stayed in a dormitory, or they have to write wishful thinking. Because the standards are impossible to meet. We simply don't have the resources to make wishful thinking a reality....<\/p>\n\t\t\t\t\t\t<div class=\"comt_wrap\">\n\t\t\t\t\t\t\t<span class=\"comment\">0 kommentarer<\/span>\n\t\t\t\t\t\t<\/div>\n\t\t\t\t\t<\/div>\n\t\t\t\t<\/div>\n\t\t\t\t\t\t\t<div class=\"news_block\">\n\t\t\t\t\t<div class=\"img\"><a href=\"https:\/\/ciced.dk\/en\/der-skal-ogsaa-lyd-paa\/\"><img loading=\"lazy\" decoding=\"async\" width=\"1280\" height=\"960\" src=\"https:\/\/ciced.dk\/wp-content\/uploads\/2023\/12\/485bef_fa2ec172f7734e3eb6cabe8acce4613dmv2.jpeg\" class=\"attachment-post-thumbnail size-post-thumbnail wp-post-image\" alt=\"\" srcset=\"https:\/\/ciced.dk\/wp-content\/uploads\/2023\/12\/485bef_fa2ec172f7734e3eb6cabe8acce4613dmv2.jpeg 1280w, https:\/\/ciced.dk\/wp-content\/uploads\/2023\/12\/485bef_fa2ec172f7734e3eb6cabe8acce4613dmv2-300x225.jpeg 300w, https:\/\/ciced.dk\/wp-content\/uploads\/2023\/12\/485bef_fa2ec172f7734e3eb6cabe8acce4613dmv2-1024x768.jpeg 1024w, https:\/\/ciced.dk\/wp-content\/uploads\/2023\/12\/485bef_fa2ec172f7734e3eb6cabe8acce4613dmv2-768x576.jpeg 768w\" sizes=\"(max-width: 1280px) 100vw, 1280px\" \/><\/a><\/div>\n\t\t\t\t\t<div class=\"desc\">\n\t\t\t\t\t\t<h3><a href=\"https:\/\/ciced.dk\/en\/der-skal-ogsaa-lyd-paa\/\">Listening added to reading materials<\/a><\/h3>\n\t\t\t\t\t\t<div class=\"meta_tag\">\n\t\t\t\t\t\t\t<span class=\"date\">25. September 2023<\/span>\n\t\t\t\t\t\t\t<span class=\"author\">Johnny Baltzersen<\/span>\n\t\t\t\t\t\t<\/div>\n\t\t\t\t\t\t<p>By: Johnny Baltzersen, CICED This is the first part of the story from an extended visit to our Mongolian partner this summer. Over the course of five weeks, we traveled almost 4300 km to attend three regional workshops with local...<\/p>\n\t\t\t\t\t\t<div class=\"comt_wrap\">\n\t\t\t\t\t\t\t<span class=\"comment\">0 kommentarer<\/span>\n\t\t\t\t\t\t<\/div>\n\t\t\t\t\t<\/div>\n\t\t\t\t<\/div>\n\t\t\t\t\t\t\t<div class=\"news_block\">\n\t\t\t\t\t<div class=\"img\"><a href=\"https:\/\/ciced.dk\/en\/beskyttelse-af-regnskoven-pa-skemaet-i-laereruddannelsen\/\"><img loading=\"lazy\" decoding=\"async\" width=\"2560\" height=\"1920\" src=\"https:\/\/ciced.dk\/wp-content\/uploads\/2023\/12\/485bef_e423d5d3c9734932b16299344d262110mv2-scaled.jpg\" class=\"attachment-post-thumbnail size-post-thumbnail wp-post-image\" alt=\"\" srcset=\"https:\/\/ciced.dk\/wp-content\/uploads\/2023\/12\/485bef_e423d5d3c9734932b16299344d262110mv2-scaled.jpg 2560w, https:\/\/ciced.dk\/wp-content\/uploads\/2023\/12\/485bef_e423d5d3c9734932b16299344d262110mv2-300x225.jpg 300w, https:\/\/ciced.dk\/wp-content\/uploads\/2023\/12\/485bef_e423d5d3c9734932b16299344d262110mv2-1024x768.jpg 1024w, https:\/\/ciced.dk\/wp-content\/uploads\/2023\/12\/485bef_e423d5d3c9734932b16299344d262110mv2-768x576.jpg 768w, https:\/\/ciced.dk\/wp-content\/uploads\/2023\/12\/485bef_e423d5d3c9734932b16299344d262110mv2-1536x1152.jpg 1536w, https:\/\/ciced.dk\/wp-content\/uploads\/2023\/12\/485bef_e423d5d3c9734932b16299344d262110mv2-2048x1536.jpg 2048w\" sizes=\"(max-width: 2560px) 100vw, 2560px\" \/><\/a><\/div>\n\t\t\t\t\t<div class=\"desc\">\n\t\t\t\t\t\t<h3><a href=\"https:\/\/ciced.dk\/en\/beskyttelse-af-regnskoven-pa-skemaet-i-laereruddannelsen\/\">Rainforest protection on the curriculum in teacher training<\/a><\/h3>\n\t\t\t\t\t\t<div class=\"meta_tag\">\n\t\t\t\t\t\t\t<span class=\"date\">27. June 2023<\/span>\n\t\t\t\t\t\t\t<span class=\"author\">Susanne Jakobsen Perez<\/span>\n\t\t\t\t\t\t<\/div>\n\t\t\t\t\t\t<p>By: Susanne Jacobsen P\u00e9rez Over half of Peru's land area is rainforest. Yet the state of the rainforest and its national and global significance is still very low on the school curriculum in Peru. The CICED project Quality education for...<\/p>\n\t\t\t\t\t\t<div class=\"comt_wrap\">\n\t\t\t\t\t\t\t<span class=\"comment\">0 kommentarer<\/span>\n\t\t\t\t\t\t<\/div>\n\t\t\t\t\t<\/div>\n\t\t\t\t<\/div>\n\t\t\t\t\t\t\t<div class=\"news_block\">\n\t\t\t\t\t<div class=\"img\"><a href=\"https:\/\/ciced.dk\/en\/dawa-har-faaet-et-bedre-liv\/\"><img loading=\"lazy\" decoding=\"async\" width=\"1384\" height=\"1038\" src=\"https:\/\/ciced.dk\/wp-content\/uploads\/2023\/12\/485bef_70fea62fa4e04e64b682f133c87b82dfmv2.jpg\" class=\"attachment-post-thumbnail size-post-thumbnail wp-post-image\" alt=\"\" srcset=\"https:\/\/ciced.dk\/wp-content\/uploads\/2023\/12\/485bef_70fea62fa4e04e64b682f133c87b82dfmv2.jpg 1384w, https:\/\/ciced.dk\/wp-content\/uploads\/2023\/12\/485bef_70fea62fa4e04e64b682f133c87b82dfmv2-300x225.jpg 300w, https:\/\/ciced.dk\/wp-content\/uploads\/2023\/12\/485bef_70fea62fa4e04e64b682f133c87b82dfmv2-1024x768.jpg 1024w, https:\/\/ciced.dk\/wp-content\/uploads\/2023\/12\/485bef_70fea62fa4e04e64b682f133c87b82dfmv2-768x576.jpg 768w\" sizes=\"(max-width: 1384px) 100vw, 1384px\" \/><\/a><\/div>\n\t\t\t\t\t<div class=\"desc\">\n\t\t\t\t\t\t<h3><a href=\"https:\/\/ciced.dk\/en\/dawa-har-faaet-et-bedre-liv\/\">Dawa has a better life!<\/a><\/h3>\n\t\t\t\t\t\t<div class=\"meta_tag\">\n\t\t\t\t\t\t\t<span class=\"date\">17. April 2023<\/span>\n\t\t\t\t\t\t\t<span class=\"author\">Johnny Baltzersen<\/span>\n\t\t\t\t\t\t<\/div>\n\t\t\t\t\t\t<p>- when you see what others haven't&nbsp; By: Rita Tisdall and Johnny Baltzersen \"SEE IT\" was the headline, underlying philosophy and methodology of the course that kicked off our project in Helambu: Better Life - Education &amp; Keeping Children Safe...<\/p>\n\t\t\t\t\t\t<div class=\"comt_wrap\">\n\t\t\t\t\t\t\t<span class=\"comment\">0 kommentarer<\/span>\n\t\t\t\t\t\t<\/div>\n\t\t\t\t\t<\/div>\n\t\t\t\t<\/div>\n\t\t\t\t\t\t\t<div class=\"news_block\">\n\t\t\t\t\t<div class=\"img\"><a href=\"https:\/\/ciced.dk\/en\/luisteren-en-begrijpen-wij\/\"><img loading=\"lazy\" decoding=\"async\" width=\"1280\" height=\"854\" src=\"https:\/\/ciced.dk\/wp-content\/uploads\/2023\/12\/485bef_781cd08c9b96424a80a98ebc35ad216fmv2.jpeg\" class=\"attachment-post-thumbnail size-post-thumbnail wp-post-image\" alt=\"\" srcset=\"https:\/\/ciced.dk\/wp-content\/uploads\/2023\/12\/485bef_781cd08c9b96424a80a98ebc35ad216fmv2.jpeg 1280w, https:\/\/ciced.dk\/wp-content\/uploads\/2023\/12\/485bef_781cd08c9b96424a80a98ebc35ad216fmv2-300x200.jpeg 300w, https:\/\/ciced.dk\/wp-content\/uploads\/2023\/12\/485bef_781cd08c9b96424a80a98ebc35ad216fmv2-1024x683.jpeg 1024w, https:\/\/ciced.dk\/wp-content\/uploads\/2023\/12\/485bef_781cd08c9b96424a80a98ebc35ad216fmv2-768x512.jpeg 768w\" sizes=\"(max-width: 1280px) 100vw, 1280px\" \/><\/a><\/div>\n\t\t\t\t\t<div class=\"desc\">\n\t\t\t\t\t\t<h3><a href=\"https:\/\/ciced.dk\/en\/luisteren-en-begrijpen-wij\/\">Do we listen and understand?<\/a><\/h3>\n\t\t\t\t\t\t<div class=\"meta_tag\">\n\t\t\t\t\t\t\t<span class=\"date\">3. April 2023<\/span>\n\t\t\t\t\t\t\t<span class=\"author\">Johnny Baltzersen<\/span>\n\t\t\t\t\t\t<\/div>\n\t\t\t\t\t\t<p>Climate talks - watch the video With Dr. Deepak Kumal Rijal Transcript and editing: Johnny Baltzersen, CICED The transcription has some editorial adjustments to make the reading as straightforward as possible without changing the actual 'tone' of the interview. As...<\/p>\n\t\t\t\t\t\t<div class=\"comt_wrap\">\n\t\t\t\t\t\t\t<span class=\"comment\">0 kommentarer<\/span>\n\t\t\t\t\t\t<\/div>\n\t\t\t\t\t<\/div>\n\t\t\t\t<\/div>\n\t\t\t\t\t\t\t<div class=\"news_block\">\n\t\t\t\t\t<div class=\"img\"><a href=\"https:\/\/ciced.dk\/en\/de-usynlige-skal-ses-og-hoeres\/\"><img loading=\"lazy\" decoding=\"async\" width=\"1384\" height=\"925\" src=\"https:\/\/ciced.dk\/wp-content\/uploads\/2023\/12\/485bef_4081a912ef6840669275d81d6d500955mv2.jpg\" class=\"attachment-post-thumbnail size-post-thumbnail wp-post-image\" alt=\"\" srcset=\"https:\/\/ciced.dk\/wp-content\/uploads\/2023\/12\/485bef_4081a912ef6840669275d81d6d500955mv2.jpg 1384w, https:\/\/ciced.dk\/wp-content\/uploads\/2023\/12\/485bef_4081a912ef6840669275d81d6d500955mv2-300x201.jpg 300w, https:\/\/ciced.dk\/wp-content\/uploads\/2023\/12\/485bef_4081a912ef6840669275d81d6d500955mv2-1024x684.jpg 1024w, https:\/\/ciced.dk\/wp-content\/uploads\/2023\/12\/485bef_4081a912ef6840669275d81d6d500955mv2-768x513.jpg 768w\" sizes=\"(max-width: 1384px) 100vw, 1384px\" \/><\/a><\/div>\n\t\t\t\t\t<div class=\"desc\">\n\t\t\t\t\t\t<h3><a href=\"https:\/\/ciced.dk\/en\/de-usynlige-skal-ses-og-hoeres\/\">The invisible must be seen and heard<\/a><\/h3>\n\t\t\t\t\t\t<div class=\"meta_tag\">\n\t\t\t\t\t\t\t<span class=\"date\">24. March 2023<\/span>\n\t\t\t\t\t\t\t<span class=\"author\">Johnny Baltzersen<\/span>\n\t\t\t\t\t\t<\/div>\n\t\t\t\t\t\t<p>By: Rita Tisdall, p.t. Nepal&nbsp; The Everest Network, a CICED partner, consists of seventeen CBOs (community based organizations) from the highest mountains of Mustang to the flatlands of the Terai along the border with India. Each area is affected by...<\/p>\n\t\t\t\t\t\t<div class=\"comt_wrap\">\n\t\t\t\t\t\t\t<span class=\"comment\">0 kommentarer<\/span>\n\t\t\t\t\t\t<\/div>\n\t\t\t\t\t<\/div>\n\t\t\t\t<\/div>\n\t\t\t\t\t\t\t<div class=\"news_block\">\n\t\t\t\t\t<div class=\"img\"><a href=\"https:\/\/ciced.dk\/en\/kastesystemet-udfordret-at-bringe-foraeldre-og-laerere-sammen\/\"><img loading=\"lazy\" decoding=\"async\" width=\"451\" height=\"203\" src=\"https:\/\/ciced.dk\/wp-content\/uploads\/2023\/12\/485bef_61827fc136914e9db0674acfb6a95179mv2.jpg\" class=\"attachment-post-thumbnail size-post-thumbnail wp-post-image\" alt=\"\" srcset=\"https:\/\/ciced.dk\/wp-content\/uploads\/2023\/12\/485bef_61827fc136914e9db0674acfb6a95179mv2.jpg 451w, https:\/\/ciced.dk\/wp-content\/uploads\/2023\/12\/485bef_61827fc136914e9db0674acfb6a95179mv2-300x135.jpg 300w\" sizes=\"(max-width: 451px) 100vw, 451px\" \/><\/a><\/div>\n\t\t\t\t\t<div class=\"desc\">\n\t\t\t\t\t\t<h3><a href=\"https:\/\/ciced.dk\/en\/kastesystemet-udfordret-at-bringe-foraeldre-og-laerere-sammen\/\">The caste system challenged &#8211; bringing parents and teachers together<\/a><\/h3>\n\t\t\t\t\t\t<div class=\"meta_tag\">\n\t\t\t\t\t\t\t<span class=\"date\">22. March 2023<\/span>\n\t\t\t\t\t\t\t<span class=\"author\">Johnny Baltzersen<\/span>\n\t\t\t\t\t\t<\/div>\n\t\t\t\t\t\t<p>By Rita Tisdall, p.t. Nepal&nbsp;&nbsp; The project in Helambu works to ensure that children are safe in their communities and that they can access inclusive schools. Since Nepal d. May 28, 2008 was declared a republic, it was not only...<\/p>\n\t\t\t\t\t\t<div class=\"comt_wrap\">\n\t\t\t\t\t\t\t<span class=\"comment\">0 kommentarer<\/span>\n\t\t\t\t\t\t<\/div>\n\t\t\t\t\t<\/div>\n\t\t\t\t<\/div>\n\t\t\t\t\t\t\t<div class=\"news_block\">\n\t\t\t\t\t<div class=\"img\"><a href=\"https:\/\/ciced.dk\/en\/unge-doeve-skal-i-arbejde-i-tanzania\/\"><img loading=\"lazy\" decoding=\"async\" width=\"984\" height=\"432\" src=\"https:\/\/ciced.dk\/wp-content\/uploads\/2023\/12\/485bef_47131ffaa4344949952be1d2d1636e3emv2.jpg\" class=\"attachment-post-thumbnail size-post-thumbnail wp-post-image\" alt=\"\" srcset=\"https:\/\/ciced.dk\/wp-content\/uploads\/2023\/12\/485bef_47131ffaa4344949952be1d2d1636e3emv2.jpg 984w, https:\/\/ciced.dk\/wp-content\/uploads\/2023\/12\/485bef_47131ffaa4344949952be1d2d1636e3emv2-300x132.jpg 300w, https:\/\/ciced.dk\/wp-content\/uploads\/2023\/12\/485bef_47131ffaa4344949952be1d2d1636e3emv2-768x337.jpg 768w\" sizes=\"(max-width: 984px) 100vw, 984px\" \/><\/a><\/div>\n\t\t\t\t\t<div class=\"desc\">\n\t\t\t\t\t\t<h3><a href=\"https:\/\/ciced.dk\/en\/unge-doeve-skal-i-arbejde-i-tanzania\/\">Young deaf people to work in Tanzania<\/a><\/h3>\n\t\t\t\t\t\t<div class=\"meta_tag\">\n\t\t\t\t\t\t\t<span class=\"date\">9. March 2023<\/span>\n\t\t\t\t\t\t\t<span class=\"author\">Johnny Baltzersen<\/span>\n\t\t\t\t\t\t<\/div>\n\t\t\t\t\t\t<p>By: Johnny Baltzersen&nbsp; Recently, CISU approved the reporting on our latest project with the deaf organization in Tanzania CHAVITA. The project focused on strengthening deaf people's access to sign language in communication with public authorities, employers and in social life...<\/p>\n\t\t\t\t\t\t<div class=\"comt_wrap\">\n\t\t\t\t\t\t\t<span class=\"comment\">0 kommentarer<\/span>\n\t\t\t\t\t\t<\/div>\n\t\t\t\t\t<\/div>\n\t\t\t\t<\/div>\n\t\t\t\t\t\t\t<div class=\"news_block\">\n\t\t\t\t\t<div class=\"img\"><a href=\"https:\/\/ciced.dk\/en\/kvalitet-i-tegnsprogstolkning-til-gavn-for-de-doeve-og-tolkene\/\"><img loading=\"lazy\" decoding=\"async\" width=\"828\" height=\"858\" src=\"https:\/\/ciced.dk\/wp-content\/uploads\/2023\/12\/485bef_46ea5166d9144ce99f5e4761903a4d85mv2.jpeg\" class=\"attachment-post-thumbnail size-post-thumbnail wp-post-image\" alt=\"\" srcset=\"https:\/\/ciced.dk\/wp-content\/uploads\/2023\/12\/485bef_46ea5166d9144ce99f5e4761903a4d85mv2.jpeg 828w, https:\/\/ciced.dk\/wp-content\/uploads\/2023\/12\/485bef_46ea5166d9144ce99f5e4761903a4d85mv2-290x300.jpeg 290w, https:\/\/ciced.dk\/wp-content\/uploads\/2023\/12\/485bef_46ea5166d9144ce99f5e4761903a4d85mv2-768x796.jpeg 768w\" sizes=\"(max-width: 828px) 100vw, 828px\" \/><\/a><\/div>\n\t\t\t\t\t<div class=\"desc\">\n\t\t\t\t\t\t<h3><a href=\"https:\/\/ciced.dk\/en\/kvalitet-i-tegnsprogstolkning-til-gavn-for-de-doeve-og-tolkene\/\">Quality sign language interpreting &#8211; for the benefit of deaf people and interpreters<\/a><\/h3>\n\t\t\t\t\t\t<div class=\"meta_tag\">\n\t\t\t\t\t\t\t<span class=\"date\">9. March 2023<\/span>\n\t\t\t\t\t\t\t<span class=\"author\">Johnny Baltzersen<\/span>\n\t\t\t\t\t\t<\/div>\n\t\t\t\t\t\t<p>By: Johnny Baltzersen&nbsp; \"It has been a great learning experience to have Ida and Emilie at the workshop here in Dar, and when we could also have Elisabeth on a zoom connection from Denmark, we are highly motivated to continue...<\/p>\n\t\t\t\t\t\t<div class=\"comt_wrap\">\n\t\t\t\t\t\t\t<span class=\"comment\">0 kommentarer<\/span>\n\t\t\t\t\t\t<\/div>\n\t\t\t\t\t<\/div>\n\t\t\t\t<\/div>\n\t\t\t\t\t\t\t<div class=\"news_block\">\n\t\t\t\t\t<div class=\"img\"><a href=\"https:\/\/ciced.dk\/en\/hallo-store-medier-fn-taler\/\"><img loading=\"lazy\" decoding=\"async\" width=\"700\" height=\"594\" src=\"https:\/\/ciced.dk\/wp-content\/uploads\/2023\/12\/485bef_85986630daa74dfcbac304ef3e5f673amv2.png\" class=\"attachment-post-thumbnail size-post-thumbnail wp-post-image\" alt=\"\" srcset=\"https:\/\/ciced.dk\/wp-content\/uploads\/2023\/12\/485bef_85986630daa74dfcbac304ef3e5f673amv2.png 700w, https:\/\/ciced.dk\/wp-content\/uploads\/2023\/12\/485bef_85986630daa74dfcbac304ef3e5f673amv2-300x255.png 300w\" sizes=\"(max-width: 700px) 100vw, 700px\" \/><\/a><\/div>\n\t\t\t\t\t<div class=\"desc\">\n\t\t\t\t\t\t<h3><a href=\"https:\/\/ciced.dk\/en\/hallo-store-medier-fn-taler\/\">Hello big media &#8211; UN speeches<\/a><\/h3>\n\t\t\t\t\t\t<div class=\"meta_tag\">\n\t\t\t\t\t\t\t<span class=\"date\">7. February 2023<\/span>\n\t\t\t\t\t\t\t<span class=\"author\">Johnny Baltzersen<\/span>\n\t\t\t\t\t\t<\/div>\n\t\t\t\t\t\t<p>Yesterday, d. On February 6, the UN Secretary-General presented his priorities for 2023. At a time when the UN and the UN Charter should be receiving massive and intense attention, it is thought-provoking that none of the leading Danish media...<\/p>\n\t\t\t\t\t\t<div class=\"comt_wrap\">\n\t\t\t\t\t\t\t<span class=\"comment\">0 kommentarer<\/span>\n\t\t\t\t\t\t<\/div>\n\t\t\t\t\t<\/div>\n\t\t\t\t<\/div>\n\t\t\t\t\t\t\t<div class=\"news_block\">\n\t\t\t\t\t<div class=\"img\"><a href=\"https:\/\/ciced.dk\/en\/pengene-er-i-hus\/\"><img loading=\"lazy\" decoding=\"async\" width=\"912\" height=\"684\" src=\"https:\/\/ciced.dk\/wp-content\/uploads\/2023\/12\/485bef_672386ed72b4406491bb2ff32e18dcfcmv2.png\" class=\"attachment-post-thumbnail size-post-thumbnail wp-post-image\" alt=\"\" srcset=\"https:\/\/ciced.dk\/wp-content\/uploads\/2023\/12\/485bef_672386ed72b4406491bb2ff32e18dcfcmv2.png 912w, https:\/\/ciced.dk\/wp-content\/uploads\/2023\/12\/485bef_672386ed72b4406491bb2ff32e18dcfcmv2-300x225.png 300w, https:\/\/ciced.dk\/wp-content\/uploads\/2023\/12\/485bef_672386ed72b4406491bb2ff32e18dcfcmv2-768x576.png 768w\" sizes=\"(max-width: 912px) 100vw, 912px\" \/><\/a><\/div>\n\t\t\t\t\t<div class=\"desc\">\n\t\t\t\t\t\t<h3><a href=\"https:\/\/ciced.dk\/en\/pengene-er-i-hus\/\">The money is in the house<\/a><\/h3>\n\t\t\t\t\t\t<div class=\"meta_tag\">\n\t\t\t\t\t\t\t<span class=\"date\">23. January 2023<\/span>\n\t\t\t\t\t\t\t<span class=\"author\">Johnny Baltzersen<\/span>\n\t\t\t\t\t\t<\/div>\n\t\t\t\t\t\t<p>By: Johnny Baltzersen While (almost) all the attention is on the abolition of St. Prayer Day in favor of St. Canon Day, some media outlets, such as Altinget.dk, report that Danish development NGOs are running out of money for projects...<\/p>\n\t\t\t\t\t\t<div class=\"comt_wrap\">\n\t\t\t\t\t\t\t<span class=\"comment\">0 kommentarer<\/span>\n\t\t\t\t\t\t<\/div>\n\t\t\t\t\t<\/div>\n\t\t\t\t<\/div>\n\t\t\t\t\t\t\t<div class=\"news_block\">\n\t\t\t\t\t<div class=\"img\"><a href=\"https:\/\/ciced.dk\/en\/noeoej-hvor-er-det-spaendende\/\"><img loading=\"lazy\" decoding=\"async\" width=\"2048\" height=\"1536\" src=\"https:\/\/ciced.dk\/wp-content\/uploads\/2023\/12\/485bef_3096637f716445bdbd7e466684ed6557mv2.jpeg\" class=\"attachment-post-thumbnail size-post-thumbnail wp-post-image\" alt=\"\" srcset=\"https:\/\/ciced.dk\/wp-content\/uploads\/2023\/12\/485bef_3096637f716445bdbd7e466684ed6557mv2.jpeg 2048w, https:\/\/ciced.dk\/wp-content\/uploads\/2023\/12\/485bef_3096637f716445bdbd7e466684ed6557mv2-300x225.jpeg 300w, https:\/\/ciced.dk\/wp-content\/uploads\/2023\/12\/485bef_3096637f716445bdbd7e466684ed6557mv2-1024x768.jpeg 1024w, https:\/\/ciced.dk\/wp-content\/uploads\/2023\/12\/485bef_3096637f716445bdbd7e466684ed6557mv2-768x576.jpeg 768w, https:\/\/ciced.dk\/wp-content\/uploads\/2023\/12\/485bef_3096637f716445bdbd7e466684ed6557mv2-1536x1152.jpeg 1536w\" sizes=\"(max-width: 2048px) 100vw, 2048px\" \/><\/a><\/div>\n\t\t\t\t\t<div class=\"desc\">\n\t\t\t\t\t\t<h3><a href=\"https:\/\/ciced.dk\/en\/noeoej-hvor-er-det-spaendende\/\">Wow, this is so exciting<\/a><\/h3>\n\t\t\t\t\t\t<div class=\"meta_tag\">\n\t\t\t\t\t\t\t<span class=\"date\">18. November 2022<\/span>\n\t\t\t\t\t\t\t<span class=\"author\">Johnny Baltzersen<\/span>\n\t\t\t\t\t\t<\/div>\n\t\t\t\t\t\t<p>The first taste of school - five-year-old nomadic children in Mongolia By: Johnny Baltzersen&nbsp;&nbsp; \"It's such a pleasure to see the children's faces light up with excitement when they receive the package of books, games, pencils and colors. Some children...<\/p>\n\t\t\t\t\t\t<div class=\"comt_wrap\">\n\t\t\t\t\t\t\t<span class=\"comment\">0 kommentarer<\/span>\n\t\t\t\t\t\t<\/div>\n\t\t\t\t\t<\/div>\n\t\t\t\t<\/div>\n\t\t\t\t\t\t\t<div class=\"news_block\">\n\t\t\t\t\t<div class=\"img\"><a href=\"https:\/\/ciced.dk\/en\/lidt-bedre-dag-for-dag\/\"><img loading=\"lazy\" decoding=\"async\" width=\"960\" height=\"540\" src=\"https:\/\/ciced.dk\/wp-content\/uploads\/2023\/12\/485bef_fcd1e97311804d7f9b22eb66c0ee55ecmv2.jpeg\" class=\"attachment-post-thumbnail size-post-thumbnail wp-post-image\" alt=\"\" srcset=\"https:\/\/ciced.dk\/wp-content\/uploads\/2023\/12\/485bef_fcd1e97311804d7f9b22eb66c0ee55ecmv2.jpeg 960w, https:\/\/ciced.dk\/wp-content\/uploads\/2023\/12\/485bef_fcd1e97311804d7f9b22eb66c0ee55ecmv2-300x169.jpeg 300w, https:\/\/ciced.dk\/wp-content\/uploads\/2023\/12\/485bef_fcd1e97311804d7f9b22eb66c0ee55ecmv2-768x432.jpeg 768w\" sizes=\"(max-width: 960px) 100vw, 960px\" \/><\/a><\/div>\n\t\t\t\t\t<div class=\"desc\">\n\t\t\t\t\t\t<h3><a href=\"https:\/\/ciced.dk\/en\/lidt-bedre-dag-for-dag\/\">A little better day by day<\/a><\/h3>\n\t\t\t\t\t\t<div class=\"meta_tag\">\n\t\t\t\t\t\t\t<span class=\"date\">24. October 2022<\/span>\n\t\t\t\t\t\t\t<span class=\"author\">Johnny Baltzersen<\/span>\n\t\t\t\t\t\t<\/div>\n\t\t\t\t\t\t<p>By: Johnny Baltzersen&nbsp; Students say that day by day it gets a little more cozy, a little more comfortable and safe. And fun. Living in school feeding centers in rural Mongolia, where CICED, together with our Mongolian partner MAPSSD, is...<\/p>\n\t\t\t\t\t\t<div class=\"comt_wrap\">\n\t\t\t\t\t\t\t<span class=\"comment\">0 kommentarer<\/span>\n\t\t\t\t\t\t<\/div>\n\t\t\t\t\t<\/div>\n\t\t\t\t<\/div>\n\t\t\t\t\t\t\t<div class=\"news_block\">\n\t\t\t\t\t<div class=\"img\"><a href=\"https:\/\/ciced.dk\/en\/danmark-foerst\/\"><img loading=\"lazy\" decoding=\"async\" width=\"1147\" height=\"712\" src=\"https:\/\/ciced.dk\/wp-content\/uploads\/2023\/12\/485bef_4d4d10e8a6cc4dbdb33728330eaeb752mv2.jpg\" class=\"attachment-post-thumbnail size-post-thumbnail wp-post-image\" alt=\"\" srcset=\"https:\/\/ciced.dk\/wp-content\/uploads\/2023\/12\/485bef_4d4d10e8a6cc4dbdb33728330eaeb752mv2.jpg 1147w, https:\/\/ciced.dk\/wp-content\/uploads\/2023\/12\/485bef_4d4d10e8a6cc4dbdb33728330eaeb752mv2-300x186.jpg 300w, https:\/\/ciced.dk\/wp-content\/uploads\/2023\/12\/485bef_4d4d10e8a6cc4dbdb33728330eaeb752mv2-1024x636.jpg 1024w, https:\/\/ciced.dk\/wp-content\/uploads\/2023\/12\/485bef_4d4d10e8a6cc4dbdb33728330eaeb752mv2-768x477.jpg 768w\" sizes=\"(max-width: 1147px) 100vw, 1147px\" \/><\/a><\/div>\n\t\t\t\t\t<div class=\"desc\">\n\t\t\t\t\t\t<h3><a href=\"https:\/\/ciced.dk\/en\/danmark-foerst\/\">Denmark first<\/a><\/h3>\n\t\t\t\t\t\t<div class=\"meta_tag\">\n\t\t\t\t\t\t\t<span class=\"date\">24. October 2022<\/span>\n\t\t\t\t\t\t\t<span class=\"author\">Johnny Baltzersen<\/span>\n\t\t\t\t\t\t<\/div>\n\t\t\t\t\t\t<p>By: Johnny Baltzersen In the midst of the election campaign, where the debate on Danish development aid is almost in the dark, the Timbuktu Foundation's annual analysis of development aid is published under the headline 'Denmark first'. It's thought-provoking reading....<\/p>\n\t\t\t\t\t\t<div class=\"comt_wrap\">\n\t\t\t\t\t\t\t<span class=\"comment\">0 kommentarer<\/span>\n\t\t\t\t\t\t<\/div>\n\t\t\t\t\t<\/div>\n\t\t\t\t<\/div>\n\t\t\t\t\t\t\t<div class=\"news_block\">\n\t\t\t\t\t<div class=\"img\"><a href=\"https:\/\/ciced.dk\/en\/boernene-og-klimaet\/\"><img loading=\"lazy\" decoding=\"async\" width=\"2560\" height=\"1440\" src=\"https:\/\/ciced.dk\/wp-content\/uploads\/2023\/12\/485bef_96b51847eca545968512f9bce0d4a7d8mv2.jpg\" class=\"attachment-post-thumbnail size-post-thumbnail wp-post-image\" alt=\"\" srcset=\"https:\/\/ciced.dk\/wp-content\/uploads\/2023\/12\/485bef_96b51847eca545968512f9bce0d4a7d8mv2.jpg 2560w, https:\/\/ciced.dk\/wp-content\/uploads\/2023\/12\/485bef_96b51847eca545968512f9bce0d4a7d8mv2-300x169.jpg 300w, https:\/\/ciced.dk\/wp-content\/uploads\/2023\/12\/485bef_96b51847eca545968512f9bce0d4a7d8mv2-1024x576.jpg 1024w, https:\/\/ciced.dk\/wp-content\/uploads\/2023\/12\/485bef_96b51847eca545968512f9bce0d4a7d8mv2-768x432.jpg 768w, https:\/\/ciced.dk\/wp-content\/uploads\/2023\/12\/485bef_96b51847eca545968512f9bce0d4a7d8mv2-1536x864.jpg 1536w, https:\/\/ciced.dk\/wp-content\/uploads\/2023\/12\/485bef_96b51847eca545968512f9bce0d4a7d8mv2-2048x1152.jpg 2048w\" sizes=\"(max-width: 2560px) 100vw, 2560px\" \/><\/a><\/div>\n\t\t\t\t\t<div class=\"desc\">\n\t\t\t\t\t\t<h3><a href=\"https:\/\/ciced.dk\/en\/boernene-og-klimaet\/\">Children and the climate<\/a><\/h3>\n\t\t\t\t\t\t<div class=\"meta_tag\">\n\t\t\t\t\t\t\t<span class=\"date\">21. September 2022<\/span>\n\t\t\t\t\t\t\t<span class=\"author\">Johnny Baltzersen<\/span>\n\t\t\t\t\t\t<\/div>\n\t\t\t\t\t\t<p>By: Johnny Baltzersen Children pay the highest price when the climate changes. \"Children and climate change\" was the theme of a seminar in the Danish Child Protection Network in mid-September. The challenge was initially framed in statements like these: 99%...<\/p>\n\t\t\t\t\t\t<div class=\"comt_wrap\">\n\t\t\t\t\t\t\t<span class=\"comment\">0 kommentarer<\/span>\n\t\t\t\t\t\t<\/div>\n\t\t\t\t\t<\/div>\n\t\t\t\t<\/div>\n\t\t\t\t\t\t\t<div class=\"news_block\">\n\t\t\t\t\t<div class=\"img\"><a href=\"https:\/\/ciced.dk\/en\/the-everest-network\/\"><img loading=\"lazy\" decoding=\"async\" width=\"786\" height=\"436\" src=\"https:\/\/ciced.dk\/wp-content\/uploads\/2023\/12\/485bef_53adb0fafb7f493cb536b8b532e07d36mv2.jpg\" class=\"attachment-post-thumbnail size-post-thumbnail wp-post-image\" alt=\"\" srcset=\"https:\/\/ciced.dk\/wp-content\/uploads\/2023\/12\/485bef_53adb0fafb7f493cb536b8b532e07d36mv2.jpg 786w, https:\/\/ciced.dk\/wp-content\/uploads\/2023\/12\/485bef_53adb0fafb7f493cb536b8b532e07d36mv2-300x166.jpg 300w, https:\/\/ciced.dk\/wp-content\/uploads\/2023\/12\/485bef_53adb0fafb7f493cb536b8b532e07d36mv2-768x426.jpg 768w\" sizes=\"(max-width: 786px) 100vw, 786px\" \/><\/a><\/div>\n\t\t\t\t\t<div class=\"desc\">\n\t\t\t\t\t\t<h3><a href=\"https:\/\/ciced.dk\/en\/the-everest-network\/\">The Everest Network<\/a><\/h3>\n\t\t\t\t\t\t<div class=\"meta_tag\">\n\t\t\t\t\t\t\t<span class=\"date\">16. September 2022<\/span>\n\t\t\t\t\t\t\t<span class=\"author\">Johnny Baltzersen<\/span>\n\t\t\t\t\t\t<\/div>\n\t\t\t\t\t\t<p>By: Johnny Baltzersen&nbsp; When disaster strikes, the media is filled with dramatic images of death and destruction. But also scenes of heroic efforts to save lives and limit the scale of the disaster. For many reasons, large relief organizations take...<\/p>\n\t\t\t\t\t\t<div class=\"comt_wrap\">\n\t\t\t\t\t\t\t<span class=\"comment\">0 kommentarer<\/span>\n\t\t\t\t\t\t<\/div>\n\t\t\t\t\t<\/div>\n\t\t\t\t<\/div>\n\t\t\t\t\t\t\t<div class=\"news_block\">\n\t\t\t\t\t<div class=\"img\"><a href=\"https:\/\/ciced.dk\/en\/forberedt-paa-oversvoemmelser-i-2022\/\"><img loading=\"lazy\" decoding=\"async\" width=\"482\" height=\"321\" src=\"https:\/\/ciced.dk\/wp-content\/uploads\/2023\/12\/485bef_f7d26469baff45368964482ef47fbb39mv2.jpg\" class=\"attachment-post-thumbnail size-post-thumbnail wp-post-image\" alt=\"\" srcset=\"https:\/\/ciced.dk\/wp-content\/uploads\/2023\/12\/485bef_f7d26469baff45368964482ef47fbb39mv2.jpg 482w, https:\/\/ciced.dk\/wp-content\/uploads\/2023\/12\/485bef_f7d26469baff45368964482ef47fbb39mv2-300x200.jpg 300w\" sizes=\"(max-width: 482px) 100vw, 482px\" \/><\/a><\/div>\n\t\t\t\t\t<div class=\"desc\">\n\t\t\t\t\t\t<h3><a href=\"https:\/\/ciced.dk\/en\/forberedt-paa-oversvoemmelser-i-2022\/\">Prepared for floods in 2022<\/a><\/h3>\n\t\t\t\t\t\t<div class=\"meta_tag\">\n\t\t\t\t\t\t\t<span class=\"date\">15. June 2022<\/span>\n\t\t\t\t\t\t\t<span class=\"author\">Johnny Baltzersen<\/span>\n\t\t\t\t\t\t<\/div>\n\t\t\t\t\t\t<p>By: Johnny Baltzersen&nbsp; This is the title of a new relief project, the first of its kind, which CICED together with Just Nepal Foundation has had approved by CISU. Last year, on this very day, we sent out a newsletter...<\/p>\n\t\t\t\t\t\t<div class=\"comt_wrap\">\n\t\t\t\t\t\t\t<span class=\"comment\">0 kommentarer<\/span>\n\t\t\t\t\t\t<\/div>\n\t\t\t\t\t<\/div>\n\t\t\t\t<\/div>\n\t\t\t\t\t\t\t<div class=\"news_block\">\n\t\t\t\t\t<div class=\"img\"><a href=\"https:\/\/ciced.dk\/en\/ciced-er-blevet-teenager\/\"><img loading=\"lazy\" decoding=\"async\" width=\"1654\" height=\"1654\" src=\"https:\/\/ciced.dk\/wp-content\/uploads\/2023\/12\/485bef_6be7698b6b5641e8966216e465b8385fmv2.png\" class=\"attachment-post-thumbnail size-post-thumbnail wp-post-image\" alt=\"\" srcset=\"https:\/\/ciced.dk\/wp-content\/uploads\/2023\/12\/485bef_6be7698b6b5641e8966216e465b8385fmv2.png 1654w, https:\/\/ciced.dk\/wp-content\/uploads\/2023\/12\/485bef_6be7698b6b5641e8966216e465b8385fmv2-300x300.png 300w, https:\/\/ciced.dk\/wp-content\/uploads\/2023\/12\/485bef_6be7698b6b5641e8966216e465b8385fmv2-1024x1024.png 1024w, https:\/\/ciced.dk\/wp-content\/uploads\/2023\/12\/485bef_6be7698b6b5641e8966216e465b8385fmv2-150x150.png 150w, https:\/\/ciced.dk\/wp-content\/uploads\/2023\/12\/485bef_6be7698b6b5641e8966216e465b8385fmv2-768x768.png 768w, https:\/\/ciced.dk\/wp-content\/uploads\/2023\/12\/485bef_6be7698b6b5641e8966216e465b8385fmv2-1536x1536.png 1536w\" sizes=\"(max-width: 1654px) 100vw, 1654px\" \/><\/a><\/div>\n\t\t\t\t\t<div class=\"desc\">\n\t\t\t\t\t\t<h3><a href=\"https:\/\/ciced.dk\/en\/ciced-er-blevet-teenager\/\">CICED has become a teenager<\/a><\/h3>\n\t\t\t\t\t\t<div class=\"meta_tag\">\n\t\t\t\t\t\t\t<span class=\"date\">6. May 2022<\/span>\n\t\t\t\t\t\t\t<span class=\"author\">Johnny Baltzersen<\/span>\n\t\t\t\t\t\t<\/div>\n\t\t\t\t\t\t<p>By: Johnny Baltzeren&nbsp;&nbsp; CICED has become a teenager. Yesterday we held our 13th annual general meeting.&nbsp;&nbsp; The report tells of the challenges during the corona crisis, the global loss of learning during school closures, but also how our skilled partners...<\/p>\n\t\t\t\t\t\t<div class=\"comt_wrap\">\n\t\t\t\t\t\t\t<span class=\"comment\">0 kommentarer<\/span>\n\t\t\t\t\t\t<\/div>\n\t\t\t\t\t<\/div>\n\t\t\t\t<\/div>\n\t\t\t\t\t\t\t<div class=\"news_block\">\n\t\t\t\t\t<div class=\"img\"><a href=\"https:\/\/ciced.dk\/en\/magt-skole-og-lokalsamfund\/\"><img loading=\"lazy\" decoding=\"async\" width=\"960\" height=\"455\" src=\"https:\/\/ciced.dk\/wp-content\/uploads\/2023\/12\/485bef_d745cfb2ea514197b74efb80f8e46801mv2-1.jpeg\" class=\"attachment-post-thumbnail size-post-thumbnail wp-post-image\" alt=\"\" srcset=\"https:\/\/ciced.dk\/wp-content\/uploads\/2023\/12\/485bef_d745cfb2ea514197b74efb80f8e46801mv2-1.jpeg 960w, https:\/\/ciced.dk\/wp-content\/uploads\/2023\/12\/485bef_d745cfb2ea514197b74efb80f8e46801mv2-1-300x142.jpeg 300w, https:\/\/ciced.dk\/wp-content\/uploads\/2023\/12\/485bef_d745cfb2ea514197b74efb80f8e46801mv2-1-768x364.jpeg 768w\" sizes=\"(max-width: 960px) 100vw, 960px\" \/><\/a><\/div>\n\t\t\t\t\t<div class=\"desc\">\n\t\t\t\t\t\t<h3><a href=\"https:\/\/ciced.dk\/en\/magt-skole-og-lokalsamfund\/\">POWER, SCHOOL AND COMMUNITY<\/a><\/h3>\n\t\t\t\t\t\t<div class=\"meta_tag\">\n\t\t\t\t\t\t\t<span class=\"date\">3. April 2022<\/span>\n\t\t\t\t\t\t\t<span class=\"author\">Johnny Baltzersen<\/span>\n\t\t\t\t\t\t<\/div>\n\t\t\t\t\t\t<p>By: Johnny Baltzersen \"The main purpose of the project is to bring schools and communities together. Schools and communities don't work together. They are kind of separated from each other. There's a reason for that. And that is that if...<\/p>\n\t\t\t\t\t\t<div class=\"comt_wrap\">\n\t\t\t\t\t\t\t<span class=\"comment\">0 kommentarer<\/span>\n\t\t\t\t\t\t<\/div>\n\t\t\t\t\t<\/div>\n\t\t\t\t<\/div>\n\t\t\t\t\t\t\t<div class=\"news_block\">\n\t\t\t\t\t<div class=\"img\"><a href=\"https:\/\/ciced.dk\/en\/macht-school-en-gemeenschap\/\"><img loading=\"lazy\" decoding=\"async\" width=\"960\" height=\"455\" src=\"https:\/\/ciced.dk\/wp-content\/uploads\/2023\/12\/485bef_d745cfb2ea514197b74efb80f8e46801mv2-1.jpeg\" class=\"attachment-post-thumbnail size-post-thumbnail wp-post-image\" alt=\"\" srcset=\"https:\/\/ciced.dk\/wp-content\/uploads\/2023\/12\/485bef_d745cfb2ea514197b74efb80f8e46801mv2-1.jpeg 960w, https:\/\/ciced.dk\/wp-content\/uploads\/2023\/12\/485bef_d745cfb2ea514197b74efb80f8e46801mv2-1-300x142.jpeg 300w, https:\/\/ciced.dk\/wp-content\/uploads\/2023\/12\/485bef_d745cfb2ea514197b74efb80f8e46801mv2-1-768x364.jpeg 768w\" sizes=\"(max-width: 960px) 100vw, 960px\" \/><\/a><\/div>\n\t\t\t\t\t<div class=\"desc\">\n\t\t\t\t\t\t<h3><a href=\"https:\/\/ciced.dk\/en\/macht-school-en-gemeenschap\/\">Power, school and community<\/a><\/h3>\n\t\t\t\t\t\t<div class=\"meta_tag\">\n\t\t\t\t\t\t\t<span class=\"date\">3. April 2022<\/span>\n\t\t\t\t\t\t\t<span class=\"author\">Johnny Baltzersen<\/span>\n\t\t\t\t\t\t<\/div>\n\t\t\t\t\t\t<p>By: Johnny Baltzersen, joba@qo6b71bvlpa.preview.infomaniak.website \"The main objective of the project is to bring schools and communities together. School and communities don't work together. They are like dissected from each other. There is a reason for this. And that is, if...<\/p>\n\t\t\t\t\t\t<div class=\"comt_wrap\">\n\t\t\t\t\t\t\t<span class=\"comment\">0 kommentarer<\/span>\n\t\t\t\t\t\t<\/div>\n\t\t\t\t\t<\/div>\n\t\t\t\t<\/div>\n\t\t\t\t\t\t\t<div class=\"news_block\">\n\t\t\t\t\t<div class=\"img\"><a href=\"https:\/\/ciced.dk\/en\/ukraine-og-bistanden\/\"><img loading=\"lazy\" decoding=\"async\" width=\"2000\" height=\"3000\" src=\"https:\/\/ciced.dk\/wp-content\/uploads\/2023\/12\/485bef_495e28e01330452c9e935e3bfed99f59mv2.png\" class=\"attachment-post-thumbnail size-post-thumbnail wp-post-image\" alt=\"\" srcset=\"https:\/\/ciced.dk\/wp-content\/uploads\/2023\/12\/485bef_495e28e01330452c9e935e3bfed99f59mv2.png 2000w, https:\/\/ciced.dk\/wp-content\/uploads\/2023\/12\/485bef_495e28e01330452c9e935e3bfed99f59mv2-200x300.png 200w, https:\/\/ciced.dk\/wp-content\/uploads\/2023\/12\/485bef_495e28e01330452c9e935e3bfed99f59mv2-683x1024.png 683w, https:\/\/ciced.dk\/wp-content\/uploads\/2023\/12\/485bef_495e28e01330452c9e935e3bfed99f59mv2-768x1152.png 768w, https:\/\/ciced.dk\/wp-content\/uploads\/2023\/12\/485bef_495e28e01330452c9e935e3bfed99f59mv2-1024x1536.png 1024w, https:\/\/ciced.dk\/wp-content\/uploads\/2023\/12\/485bef_495e28e01330452c9e935e3bfed99f59mv2-1365x2048.png 1365w\" sizes=\"(max-width: 2000px) 100vw, 2000px\" \/><\/a><\/div>\n\t\t\t\t\t<div class=\"desc\">\n\t\t\t\t\t\t<h3><a href=\"https:\/\/ciced.dk\/en\/ukraine-og-bistanden\/\">Ukraine and aid<\/a><\/h3>\n\t\t\t\t\t\t<div class=\"meta_tag\">\n\t\t\t\t\t\t\t<span class=\"date\">28. March 2022<\/span>\n\t\t\t\t\t\t\t<span class=\"author\">Johnny Baltzersen<\/span>\n\t\t\t\t\t\t<\/div>\n\t\t\t\t\t\t<p>By: Johnny Baltzersen&nbsp; We've been a bit quiet here at CICED news for the past month. The war in Ukraine has consumed the focus and energy of CICED's board members. Now, however, we're back with news and updates. Out in...<\/p>\n\t\t\t\t\t\t<div class=\"comt_wrap\">\n\t\t\t\t\t\t\t<span class=\"comment\">0 kommentarer<\/span>\n\t\t\t\t\t\t<\/div>\n\t\t\t\t\t<\/div>\n\t\t\t\t<\/div>\n\t\t\t\t\t\t\t<div class=\"news_block\">\n\t\t\t\t\t<div class=\"img\"><a href=\"https:\/\/ciced.dk\/en\/baeredygtigt-liv-i-peru-amazonas\/\"><img loading=\"lazy\" decoding=\"async\" width=\"791\" height=\"512\" src=\"https:\/\/ciced.dk\/wp-content\/uploads\/2023\/12\/485bef_ab2a0ade5bcc454db04425b32ab0cf04mv2.png\" class=\"attachment-post-thumbnail size-post-thumbnail wp-post-image\" alt=\"\" srcset=\"https:\/\/ciced.dk\/wp-content\/uploads\/2023\/12\/485bef_ab2a0ade5bcc454db04425b32ab0cf04mv2.png 791w, https:\/\/ciced.dk\/wp-content\/uploads\/2023\/12\/485bef_ab2a0ade5bcc454db04425b32ab0cf04mv2-300x194.png 300w, https:\/\/ciced.dk\/wp-content\/uploads\/2023\/12\/485bef_ab2a0ade5bcc454db04425b32ab0cf04mv2-768x497.png 768w\" sizes=\"(max-width: 791px) 100vw, 791px\" \/><\/a><\/div>\n\t\t\t\t\t<div class=\"desc\">\n\t\t\t\t\t\t<h3><a href=\"https:\/\/ciced.dk\/en\/baeredygtigt-liv-i-peru-amazonas\/\">Sustainable living in the Peruvian Amazon<\/a><\/h3>\n\t\t\t\t\t\t<div class=\"meta_tag\">\n\t\t\t\t\t\t\t<span class=\"date\">16. March 2022<\/span>\n\t\t\t\t\t\t\t<span class=\"author\">Johnny Baltzersen<\/span>\n\t\t\t\t\t\t<\/div>\n\t\t\t\t\t\t<p>It required a detour. But it was worth the journey. CISU has approved our application for funding to support sustainable living for indigenous peoples in the Peruvian Amazon. In September last year, we applied and were rejected. There was, as...<\/p>\n\t\t\t\t\t\t<div class=\"comt_wrap\">\n\t\t\t\t\t\t\t<span class=\"comment\">0 kommentarer<\/span>\n\t\t\t\t\t\t<\/div>\n\t\t\t\t\t<\/div>\n\t\t\t\t<\/div>\n\t\t\t\t\t\t\t<div class=\"news_block\">\n\t\t\t\t\t<div class=\"img\"><a href=\"https:\/\/ciced.dk\/en\/daarlig-mave-og-virtuelle-nyhedsbreve\/\"><img loading=\"lazy\" decoding=\"async\" width=\"996\" height=\"557\" src=\"https:\/\/ciced.dk\/wp-content\/uploads\/2023\/12\/485bef_3b7fdd3f0bc64c09baae7037b742355dmv2.jpeg\" class=\"attachment-post-thumbnail size-post-thumbnail wp-post-image\" alt=\"\" srcset=\"https:\/\/ciced.dk\/wp-content\/uploads\/2023\/12\/485bef_3b7fdd3f0bc64c09baae7037b742355dmv2.jpeg 996w, https:\/\/ciced.dk\/wp-content\/uploads\/2023\/12\/485bef_3b7fdd3f0bc64c09baae7037b742355dmv2-300x168.jpeg 300w, https:\/\/ciced.dk\/wp-content\/uploads\/2023\/12\/485bef_3b7fdd3f0bc64c09baae7037b742355dmv2-768x429.jpeg 768w\" sizes=\"(max-width: 996px) 100vw, 996px\" \/><\/a><\/div>\n\t\t\t\t\t<div class=\"desc\">\n\t\t\t\t\t\t<h3><a href=\"https:\/\/ciced.dk\/en\/daarlig-mave-og-virtuelle-nyhedsbreve\/\">Stomach upset and virtual newsletters<\/a><\/h3>\n\t\t\t\t\t\t<div class=\"meta_tag\">\n\t\t\t\t\t\t\t<span class=\"date\">3. February 2022<\/span>\n\t\t\t\t\t\t\t<span class=\"author\">Johnny Baltzersen<\/span>\n\t\t\t\t\t\t<\/div>\n\t\t\t\t\t\t<p>By: Johnny Baltzersen First, a bit about corona in Bolivia&nbsp; As the globe shows, Bolivia is on the side of the equator where summer takes the place of winter in December-January. That's why schools in the Potos\u00ed Highlands are only...<\/p>\n\t\t\t\t\t\t<div class=\"comt_wrap\">\n\t\t\t\t\t\t\t<span class=\"comment\">0 kommentarer<\/span>\n\t\t\t\t\t\t<\/div>\n\t\t\t\t\t<\/div>\n\t\t\t\t<\/div>\n\t\t\t\t\t\t\t<div class=\"news_block\">\n\t\t\t\t\t<div class=\"img\"><a href=\"https:\/\/ciced.dk\/en\/hallo-hoerer-i-os-ser-i-os\/\"><img loading=\"lazy\" decoding=\"async\" width=\"295\" height=\"367\" src=\"https:\/\/ciced.dk\/wp-content\/uploads\/2023\/12\/485bef_f23748a0f11d4b008f1513e634573a0cmv2.jpeg\" class=\"attachment-post-thumbnail size-post-thumbnail wp-post-image\" alt=\"\" srcset=\"https:\/\/ciced.dk\/wp-content\/uploads\/2023\/12\/485bef_f23748a0f11d4b008f1513e634573a0cmv2.jpeg 295w, https:\/\/ciced.dk\/wp-content\/uploads\/2023\/12\/485bef_f23748a0f11d4b008f1513e634573a0cmv2-241x300.jpeg 241w\" sizes=\"(max-width: 295px) 100vw, 295px\" \/><\/a><\/div>\n\t\t\t\t\t<div class=\"desc\">\n\t\t\t\t\t\t<h3><a href=\"https:\/\/ciced.dk\/en\/hallo-hoerer-i-os-ser-i-os\/\">Hello! Do you hear us &#8211; do you see us?<\/a><\/h3>\n\t\t\t\t\t\t<div class=\"meta_tag\">\n\t\t\t\t\t\t\t<span class=\"date\">26. January 2022<\/span>\n\t\t\t\t\t\t\t<span class=\"author\">Johnny Baltzersen<\/span>\n\t\t\t\t\t\t<\/div>\n\t\t\t\t\t\t<p>By: Johnny Baltzersen Tanzania has long since ratified the UN Convention on the Rights of Persons with Disabilities (UN Convention on the Rights of Persons with Disabilities - December 13, 2007). The country has even followed up with its own...<\/p>\n\t\t\t\t\t\t<div class=\"comt_wrap\">\n\t\t\t\t\t\t\t<span class=\"comment\">0 kommentarer<\/span>\n\t\t\t\t\t\t<\/div>\n\t\t\t\t\t<\/div>\n\t\t\t\t<\/div>\n\t\t\t\t\t\t\t<div class=\"news_block\">\n\t\t\t\t\t<div class=\"img\"><a href=\"https:\/\/ciced.dk\/en\/haab-med-ny-retning\/\"><img loading=\"lazy\" decoding=\"async\" width=\"884\" height=\"509\" src=\"https:\/\/ciced.dk\/wp-content\/uploads\/2023\/12\/485bef_081b159548f54ed58e8fbdddf89f5b36mv2.jpg\" class=\"attachment-post-thumbnail size-post-thumbnail wp-post-image\" alt=\"\" srcset=\"https:\/\/ciced.dk\/wp-content\/uploads\/2023\/12\/485bef_081b159548f54ed58e8fbdddf89f5b36mv2.jpg 884w, https:\/\/ciced.dk\/wp-content\/uploads\/2023\/12\/485bef_081b159548f54ed58e8fbdddf89f5b36mv2-300x173.jpg 300w, https:\/\/ciced.dk\/wp-content\/uploads\/2023\/12\/485bef_081b159548f54ed58e8fbdddf89f5b36mv2-768x442.jpg 768w\" sizes=\"(max-width: 884px) 100vw, 884px\" \/><\/a><\/div>\n\t\t\t\t\t<div class=\"desc\">\n\t\t\t\t\t\t<h3><a href=\"https:\/\/ciced.dk\/en\/haab-med-ny-retning\/\">Hope with a new direction<\/a><\/h3>\n\t\t\t\t\t\t<div class=\"meta_tag\">\n\t\t\t\t\t\t\t<span class=\"date\">20. January 2022<\/span>\n\t\t\t\t\t\t\t<span class=\"author\">Johnny Baltzersen<\/span>\n\t\t\t\t\t\t<\/div>\n\t\t\t\t\t\t<p>Johnny Baltzersen - and welcome to 2022 It was a year of challenges. The year 2021. Said with optimistic understatement. If you can call it that. No matter. This initial celebration could be a prelude to talking about anything in...<\/p>\n\t\t\t\t\t\t<div class=\"comt_wrap\">\n\t\t\t\t\t\t\t<span class=\"comment\">0 kommentarer<\/span>\n\t\t\t\t\t\t<\/div>\n\t\t\t\t\t<\/div>\n\t\t\t\t<\/div>\n\t\t\t\t\t\t\t<div class=\"news_block\">\n\t\t\t\t\t<div class=\"img\"><a href=\"https:\/\/ciced.dk\/en\/nye-muligheder-ogsaa-for-foraeldre\/\"><img loading=\"lazy\" decoding=\"async\" width=\"960\" height=\"540\" src=\"https:\/\/ciced.dk\/wp-content\/uploads\/2023\/12\/485bef_266653fe8ddb4b73b67b9687562037d1mv2.jpeg\" class=\"attachment-post-thumbnail size-post-thumbnail wp-post-image\" alt=\"\" srcset=\"https:\/\/ciced.dk\/wp-content\/uploads\/2023\/12\/485bef_266653fe8ddb4b73b67b9687562037d1mv2.jpeg 960w, https:\/\/ciced.dk\/wp-content\/uploads\/2023\/12\/485bef_266653fe8ddb4b73b67b9687562037d1mv2-300x169.jpeg 300w, https:\/\/ciced.dk\/wp-content\/uploads\/2023\/12\/485bef_266653fe8ddb4b73b67b9687562037d1mv2-768x432.jpeg 768w\" sizes=\"(max-width: 960px) 100vw, 960px\" \/><\/a><\/div>\n\t\t\t\t\t<div class=\"desc\">\n\t\t\t\t\t\t<h3><a href=\"https:\/\/ciced.dk\/en\/nye-muligheder-ogsaa-for-foraeldre\/\">New opportunities &#8211; for parents too<\/a><\/h3>\n\t\t\t\t\t\t<div class=\"meta_tag\">\n\t\t\t\t\t\t\t<span class=\"date\">13. December 2021<\/span>\n\t\t\t\t\t\t\t<span class=\"author\">Johnny Baltzersen<\/span>\n\t\t\t\t\t\t<\/div>\n\t\t\t\t\t\t<p>By: Johnny Baltzersen&nbsp;&nbsp; With only 38% of the population fully vaccinated against COVID-19, Bolivia has a long way to go. But there is some hope for better times ahead. Or there was, until the omicron variant appeared on the horizon....<\/p>\n\t\t\t\t\t\t<div class=\"comt_wrap\">\n\t\t\t\t\t\t\t<span class=\"comment\">0 kommentarer<\/span>\n\t\t\t\t\t\t<\/div>\n\t\t\t\t\t<\/div>\n\t\t\t\t<\/div>\n\t\t\t\t\t\t\t<div class=\"news_block\">\n\t\t\t\t\t<div class=\"img\"><a href=\"https:\/\/ciced.dk\/en\/det-er-en-kold-tid\/\"><img loading=\"lazy\" decoding=\"async\" width=\"240\" height=\"320\" src=\"https:\/\/ciced.dk\/wp-content\/uploads\/2023\/12\/485bef_2e76bac5b7b14b7cb5dd32aea341ae44mv2.jpeg\" class=\"attachment-post-thumbnail size-post-thumbnail wp-post-image\" alt=\"\" srcset=\"https:\/\/ciced.dk\/wp-content\/uploads\/2023\/12\/485bef_2e76bac5b7b14b7cb5dd32aea341ae44mv2.jpeg 240w, https:\/\/ciced.dk\/wp-content\/uploads\/2023\/12\/485bef_2e76bac5b7b14b7cb5dd32aea341ae44mv2-225x300.jpeg 225w\" sizes=\"(max-width: 240px) 100vw, 240px\" \/><\/a><\/div>\n\t\t\t\t\t<div class=\"desc\">\n\t\t\t\t\t\t<h3><a href=\"https:\/\/ciced.dk\/en\/det-er-en-kold-tid\/\">It&#8217;s a cold time&#8230;.<\/a><\/h3>\n\t\t\t\t\t\t<div class=\"meta_tag\">\n\t\t\t\t\t\t\t<span class=\"date\">13. December 2021<\/span>\n\t\t\t\t\t\t\t<span class=\"author\">Johnny Baltzersen<\/span>\n\t\t\t\t\t\t<\/div>\n\t\t\t\t\t\t<p>By: Johnny Baltzersen, It's a cold time we live in, sing Kim Larsen and Gasolin' in the song '\u00d8stre Gasv\u00e6rk'. This is also the case for the children at the Children's Ger in Ulaanbaatar. Literally. Winter can bring minus forty....<\/p>\n\t\t\t\t\t\t<div class=\"comt_wrap\">\n\t\t\t\t\t\t\t<span class=\"comment\">0 kommentarer<\/span>\n\t\t\t\t\t\t<\/div>\n\t\t\t\t\t<\/div>\n\t\t\t\t<\/div>\n\t\t\t\t\t\t\t<div class=\"news_block\">\n\t\t\t\t\t<div class=\"img\"><a href=\"https:\/\/ciced.dk\/en\/en-forrygende-start-paa-det-nye-skoleaar\/\"><img loading=\"lazy\" decoding=\"async\" width=\"960\" height=\"720\" src=\"https:\/\/ciced.dk\/wp-content\/uploads\/2023\/12\/485bef_cfc03ab4b30548e7bf74d1b3103df986mv2.jpeg\" class=\"attachment-post-thumbnail size-post-thumbnail wp-post-image\" alt=\"\" srcset=\"https:\/\/ciced.dk\/wp-content\/uploads\/2023\/12\/485bef_cfc03ab4b30548e7bf74d1b3103df986mv2.jpeg 960w, https:\/\/ciced.dk\/wp-content\/uploads\/2023\/12\/485bef_cfc03ab4b30548e7bf74d1b3103df986mv2-300x225.jpeg 300w, https:\/\/ciced.dk\/wp-content\/uploads\/2023\/12\/485bef_cfc03ab4b30548e7bf74d1b3103df986mv2-768x576.jpeg 768w\" sizes=\"(max-width: 960px) 100vw, 960px\" \/><\/a><\/div>\n\t\t\t\t\t<div class=\"desc\">\n\t\t\t\t\t\t<h3><a href=\"https:\/\/ciced.dk\/en\/en-forrygende-start-paa-det-nye-skoleaar\/\">A great start to the new school year<\/a><\/h3>\n\t\t\t\t\t\t<div class=\"meta_tag\">\n\t\t\t\t\t\t\t<span class=\"date\">30. November 2021<\/span>\n\t\t\t\t\t\t\t<span class=\"author\">Johnny Baltzersen<\/span>\n\t\t\t\t\t\t<\/div>\n\t\t\t\t\t\t<p>Johnny Baltzersen&nbsp; It's almost too clich\u00e9, but still: The new school year in Mongolia is well underway. From mid-September, Altanzul has been hanging in the pipe and above the keyboard. Every day. Hours and hours. Altanzul is the day-to-day coordinator...<\/p>\n\t\t\t\t\t\t<div class=\"comt_wrap\">\n\t\t\t\t\t\t\t<span class=\"comment\">0 kommentarer<\/span>\n\t\t\t\t\t\t<\/div>\n\t\t\t\t\t<\/div>\n\t\t\t\t<\/div>\n\t\t\t\t\t\t\t<div class=\"news_block\">\n\t\t\t\t\t<div class=\"img\"><a href=\"https:\/\/ciced.dk\/en\/fest-i-gaden-for-tegnsprog\/\"><img loading=\"lazy\" decoding=\"async\" width=\"1080\" height=\"607\" src=\"https:\/\/ciced.dk\/wp-content\/uploads\/2023\/12\/485bef_03808efa26c04e8cac64d359ed363791mv2.jpeg\" class=\"attachment-post-thumbnail size-post-thumbnail wp-post-image\" alt=\"\" srcset=\"https:\/\/ciced.dk\/wp-content\/uploads\/2023\/12\/485bef_03808efa26c04e8cac64d359ed363791mv2.jpeg 1080w, https:\/\/ciced.dk\/wp-content\/uploads\/2023\/12\/485bef_03808efa26c04e8cac64d359ed363791mv2-300x169.jpeg 300w, https:\/\/ciced.dk\/wp-content\/uploads\/2023\/12\/485bef_03808efa26c04e8cac64d359ed363791mv2-1024x576.jpeg 1024w, https:\/\/ciced.dk\/wp-content\/uploads\/2023\/12\/485bef_03808efa26c04e8cac64d359ed363791mv2-768x432.jpeg 768w\" sizes=\"(max-width: 1080px) 100vw, 1080px\" \/><\/a><\/div>\n\t\t\t\t\t<div class=\"desc\">\n\t\t\t\t\t\t<h3><a href=\"https:\/\/ciced.dk\/en\/fest-i-gaden-for-tegnsprog\/\">Party in the street for sign language<\/a><\/h3>\n\t\t\t\t\t\t<div class=\"meta_tag\">\n\t\t\t\t\t\t\t<span class=\"date\">30. September 2021<\/span>\n\t\t\t\t\t\t\t<span class=\"author\">Johnny Baltzersen<\/span>\n\t\t\t\t\t\t<\/div>\n\t\t\t\t\t\t<p>By: Johnny Baltzersen, CICED&nbsp;&nbsp; From September 20-26, deaf rights were in the spotlight around the world during International Week of the Deaf. For CICED's partner in Tanzania, the deaf organization CHAVITA, it was a busy week spent strengthening the campaign...<\/p>\n\t\t\t\t\t\t<div class=\"comt_wrap\">\n\t\t\t\t\t\t\t<span class=\"comment\">0 kommentarer<\/span>\n\t\t\t\t\t\t<\/div>\n\t\t\t\t\t<\/div>\n\t\t\t\t<\/div>\n\t\t\t\t\t\t\t<div class=\"news_block\">\n\t\t\t\t\t<div class=\"img\"><a href=\"https:\/\/ciced.dk\/en\/godt-at-komme-i-skole-igen\/\"><img loading=\"lazy\" decoding=\"async\" width=\"320\" height=\"240\" src=\"https:\/\/ciced.dk\/wp-content\/uploads\/2023\/12\/485bef_f436e952adb54146a8230323e2fdd947mv2.jpeg\" class=\"attachment-post-thumbnail size-post-thumbnail wp-post-image\" alt=\"\" srcset=\"https:\/\/ciced.dk\/wp-content\/uploads\/2023\/12\/485bef_f436e952adb54146a8230323e2fdd947mv2.jpeg 320w, https:\/\/ciced.dk\/wp-content\/uploads\/2023\/12\/485bef_f436e952adb54146a8230323e2fdd947mv2-300x225.jpeg 300w\" sizes=\"(max-width: 320px) 100vw, 320px\" \/><\/a><\/div>\n\t\t\t\t\t<div class=\"desc\">\n\t\t\t\t\t\t<h3><a href=\"https:\/\/ciced.dk\/en\/godt-at-komme-i-skole-igen\/\">Good to get back to school<\/a><\/h3>\n\t\t\t\t\t\t<div class=\"meta_tag\">\n\t\t\t\t\t\t\t<span class=\"date\">30. September 2021<\/span>\n\t\t\t\t\t\t\t<span class=\"author\">Johnny Baltzersen<\/span>\n\t\t\t\t\t\t<\/div>\n\t\t\t\t\t\t<p>By: Johnny Baltzersen, CICED, joba@qo6b71bvlpa.preview.infomaniak.website There were happy smiles behind the corona masks as Children's Ger welcomed students back to school on September 15, two weeks later than usual. - Not all the students are here yet, says Saraa, Administrative...<\/p>\n\t\t\t\t\t\t<div class=\"comt_wrap\">\n\t\t\t\t\t\t\t<span class=\"comment\">0 kommentarer<\/span>\n\t\t\t\t\t\t<\/div>\n\t\t\t\t\t<\/div>\n\t\t\t\t<\/div>\n\t\t\t\t\t\t\t<div class=\"news_block\">\n\t\t\t\t\t<div class=\"img\"><a href=\"https:\/\/ciced.dk\/en\/det-gaar-den-rigtige-vej\/\"><img loading=\"lazy\" decoding=\"async\" width=\"960\" height=\"454\" src=\"https:\/\/ciced.dk\/wp-content\/uploads\/2023\/12\/485bef_fd59e2124df64817bb8e17cccaf57d5bmv2.jpeg\" class=\"attachment-post-thumbnail size-post-thumbnail wp-post-image\" alt=\"\" srcset=\"https:\/\/ciced.dk\/wp-content\/uploads\/2023\/12\/485bef_fd59e2124df64817bb8e17cccaf57d5bmv2.jpeg 960w, https:\/\/ciced.dk\/wp-content\/uploads\/2023\/12\/485bef_fd59e2124df64817bb8e17cccaf57d5bmv2-300x142.jpeg 300w, https:\/\/ciced.dk\/wp-content\/uploads\/2023\/12\/485bef_fd59e2124df64817bb8e17cccaf57d5bmv2-768x363.jpeg 768w\" sizes=\"(max-width: 960px) 100vw, 960px\" \/><\/a><\/div>\n\t\t\t\t\t<div class=\"desc\">\n\t\t\t\t\t\t<h3><a href=\"https:\/\/ciced.dk\/en\/det-gaar-den-rigtige-vej\/\">It&#8217;s going in the right direction<\/a><\/h3>\n\t\t\t\t\t\t<div class=\"meta_tag\">\n\t\t\t\t\t\t\t<span class=\"date\">24. September 2021<\/span>\n\t\t\t\t\t\t\t<span class=\"author\">Johnny Baltzersen<\/span>\n\t\t\t\t\t\t<\/div>\n\t\t\t\t\t\t<p>By: Johnny Baltzersen&nbsp; In Denmark, we are pleased that all corona restrictions have been put on hold. Occasionally, we also hear about the corona situation in countries close to us, but Danish media do not report much on how COVID-19...<\/p>\n\t\t\t\t\t\t<div class=\"comt_wrap\">\n\t\t\t\t\t\t\t<span class=\"comment\">0 kommentarer<\/span>\n\t\t\t\t\t\t<\/div>\n\t\t\t\t\t<\/div>\n\t\t\t\t<\/div>\n\t\t\t\t\t\t\t<div class=\"news_block\">\n\t\t\t\t\t<div class=\"img\"><a href=\"https:\/\/ciced.dk\/en\/faelles-om-verden\/\"><img loading=\"lazy\" decoding=\"async\" width=\"1636\" height=\"812\" src=\"https:\/\/ciced.dk\/wp-content\/uploads\/2023\/12\/485bef_bf006fd1f1e248e7bc4602994779e0acmv2.jpg\" class=\"attachment-post-thumbnail size-post-thumbnail wp-post-image\" alt=\"\" srcset=\"https:\/\/ciced.dk\/wp-content\/uploads\/2023\/12\/485bef_bf006fd1f1e248e7bc4602994779e0acmv2.jpg 1636w, https:\/\/ciced.dk\/wp-content\/uploads\/2023\/12\/485bef_bf006fd1f1e248e7bc4602994779e0acmv2-300x149.jpg 300w, https:\/\/ciced.dk\/wp-content\/uploads\/2023\/12\/485bef_bf006fd1f1e248e7bc4602994779e0acmv2-1024x508.jpg 1024w, https:\/\/ciced.dk\/wp-content\/uploads\/2023\/12\/485bef_bf006fd1f1e248e7bc4602994779e0acmv2-768x381.jpg 768w, https:\/\/ciced.dk\/wp-content\/uploads\/2023\/12\/485bef_bf006fd1f1e248e7bc4602994779e0acmv2-1536x762.jpg 1536w\" sizes=\"(max-width: 1636px) 100vw, 1636px\" \/><\/a><\/div>\n\t\t\t\t\t<div class=\"desc\">\n\t\t\t\t\t\t<h3><a href=\"https:\/\/ciced.dk\/en\/faelles-om-verden\/\">Sharing the World<\/a><\/h3>\n\t\t\t\t\t\t<div class=\"meta_tag\">\n\t\t\t\t\t\t\t<span class=\"date\">24. June 2021<\/span>\n\t\t\t\t\t\t\t<span class=\"author\">Johnny Baltzersen<\/span>\n\t\t\t\t\t\t<\/div>\n\t\t\t\t\t\t<p>new danish development policy strategy&nbsp;&nbsp; Today, Thursday d. On June 24, 2021, Denmark's new development policy strategy will be launched under the heading 'together for the world'. A majority of the Danish parliamentary parties are behind the agreement. In the...<\/p>\n\t\t\t\t\t\t<div class=\"comt_wrap\">\n\t\t\t\t\t\t\t<span class=\"comment\">0 kommentarer<\/span>\n\t\t\t\t\t\t<\/div>\n\t\t\t\t\t<\/div>\n\t\t\t\t<\/div>\n\t\t\t\t\t\t\t<div class=\"news_block\">\n\t\t\t\t\t<div class=\"img\"><a href=\"https:\/\/ciced.dk\/en\/det-skal-aabenbart-ikke-vaere-helt-saa-nemt-i-helambu\/\"><img loading=\"lazy\" decoding=\"async\" width=\"2500\" height=\"1669\" src=\"https:\/\/ciced.dk\/wp-content\/uploads\/2023\/12\/485bef_26ccf732484f4efca241c0ac551b5241mv2.jpg\" class=\"attachment-post-thumbnail size-post-thumbnail wp-post-image\" alt=\"\" srcset=\"https:\/\/ciced.dk\/wp-content\/uploads\/2023\/12\/485bef_26ccf732484f4efca241c0ac551b5241mv2.jpg 2500w, https:\/\/ciced.dk\/wp-content\/uploads\/2023\/12\/485bef_26ccf732484f4efca241c0ac551b5241mv2-300x200.jpg 300w, https:\/\/ciced.dk\/wp-content\/uploads\/2023\/12\/485bef_26ccf732484f4efca241c0ac551b5241mv2-1024x684.jpg 1024w, https:\/\/ciced.dk\/wp-content\/uploads\/2023\/12\/485bef_26ccf732484f4efca241c0ac551b5241mv2-768x513.jpg 768w, https:\/\/ciced.dk\/wp-content\/uploads\/2023\/12\/485bef_26ccf732484f4efca241c0ac551b5241mv2-1536x1025.jpg 1536w, https:\/\/ciced.dk\/wp-content\/uploads\/2023\/12\/485bef_26ccf732484f4efca241c0ac551b5241mv2-2048x1367.jpg 2048w\" sizes=\"(max-width: 2500px) 100vw, 2500px\" \/><\/a><\/div>\n\t\t\t\t\t<div class=\"desc\">\n\t\t\t\t\t\t<h3><a href=\"https:\/\/ciced.dk\/en\/det-skal-aabenbart-ikke-vaere-helt-saa-nemt-i-helambu\/\">Apparently, it&#8217;s not supposed to be that easy in Helambu<\/a><\/h3>\n\t\t\t\t\t\t<div class=\"meta_tag\">\n\t\t\t\t\t\t\t<span class=\"date\">17. June 2021<\/span>\n\t\t\t\t\t\t\t<span class=\"author\">Johnny Baltzersen<\/span>\n\t\t\t\t\t\t<\/div>\n\t\t\t\t\t\t<p>By: Johnny Baltzersen&nbsp; First, earthquakes. So corona. And now flooding. Life in Helambu takes its toll. And its victims. Official information says one fatality and at least seven missing. On the night between Tuesday and Wednesday, torrents of water and...<\/p>\n\t\t\t\t\t\t<div class=\"comt_wrap\">\n\t\t\t\t\t\t\t<span class=\"comment\">0 kommentarer<\/span>\n\t\t\t\t\t\t<\/div>\n\t\t\t\t\t<\/div>\n\t\t\t\t<\/div>\n\t\t\t\t\t\t\t<div class=\"news_block\">\n\t\t\t\t\t<div class=\"img\"><a href=\"https:\/\/ciced.dk\/en\/nepal-kraever-ngoernes-hjaelp\/\"><img loading=\"lazy\" decoding=\"async\" width=\"1864\" height=\"824\" src=\"https:\/\/ciced.dk\/wp-content\/uploads\/2023\/12\/485bef_dbcfeeaa10d9482989e3c0e36046a69emv2.png\" class=\"attachment-post-thumbnail size-post-thumbnail wp-post-image\" alt=\"\" srcset=\"https:\/\/ciced.dk\/wp-content\/uploads\/2023\/12\/485bef_dbcfeeaa10d9482989e3c0e36046a69emv2.png 1864w, https:\/\/ciced.dk\/wp-content\/uploads\/2023\/12\/485bef_dbcfeeaa10d9482989e3c0e36046a69emv2-300x133.png 300w, https:\/\/ciced.dk\/wp-content\/uploads\/2023\/12\/485bef_dbcfeeaa10d9482989e3c0e36046a69emv2-1024x453.png 1024w, https:\/\/ciced.dk\/wp-content\/uploads\/2023\/12\/485bef_dbcfeeaa10d9482989e3c0e36046a69emv2-768x340.png 768w, https:\/\/ciced.dk\/wp-content\/uploads\/2023\/12\/485bef_dbcfeeaa10d9482989e3c0e36046a69emv2-1536x679.png 1536w\" sizes=\"(max-width: 1864px) 100vw, 1864px\" \/><\/a><\/div>\n\t\t\t\t\t<div class=\"desc\">\n\t\t\t\t\t\t<h3><a href=\"https:\/\/ciced.dk\/en\/nepal-kraever-ngoernes-hjaelp\/\">Nepal requires the help of NGOs<\/a><\/h3>\n\t\t\t\t\t\t<div class=\"meta_tag\">\n\t\t\t\t\t\t\t<span class=\"date\">7. June 2021<\/span>\n\t\t\t\t\t\t\t<span class=\"author\">Johnny Baltzersen<\/span>\n\t\t\t\t\t\t<\/div>\n\t\t\t\t\t\t<p>By: Rita Tisdall and Johnny Baltzersen&nbsp; Over 65% of PCR tests are positive. The COVID-19 infection rate in Nepal has exploded with over 300,000 new cases in the last few months. The official infection number is now approaching 600,000. Hospitals...<\/p>\n\t\t\t\t\t\t<div class=\"comt_wrap\">\n\t\t\t\t\t\t\t<span class=\"comment\">0 kommentarer<\/span>\n\t\t\t\t\t\t<\/div>\n\t\t\t\t\t<\/div>\n\t\t\t\t<\/div>\n\t\t\t\t\t\t\t<div class=\"news_block\">\n\t\t\t\t\t<div class=\"img\"><a href=\"https:\/\/ciced.dk\/en\/laengsel-efter-klejner\/\"><img loading=\"lazy\" decoding=\"async\" width=\"720\" height=\"960\" src=\"https:\/\/ciced.dk\/wp-content\/uploads\/2023\/12\/485bef_866edefd2e854158a5d789c2c52e1ad0mv2.jpg\" class=\"attachment-post-thumbnail size-post-thumbnail wp-post-image\" alt=\"\" srcset=\"https:\/\/ciced.dk\/wp-content\/uploads\/2023\/12\/485bef_866edefd2e854158a5d789c2c52e1ad0mv2.jpg 720w, https:\/\/ciced.dk\/wp-content\/uploads\/2023\/12\/485bef_866edefd2e854158a5d789c2c52e1ad0mv2-225x300.jpg 225w\" sizes=\"(max-width: 720px) 100vw, 720px\" \/><\/a><\/div>\n\t\t\t\t\t<div class=\"desc\">\n\t\t\t\t\t\t<h3><a href=\"https:\/\/ciced.dk\/en\/laengsel-efter-klejner\/\">Longing for biscuits<\/a><\/h3>\n\t\t\t\t\t\t<div class=\"meta_tag\">\n\t\t\t\t\t\t\t<span class=\"date\">23. April 2021<\/span>\n\t\t\t\t\t\t\t<span class=\"author\">Johnny Baltzersen<\/span>\n\t\t\t\t\t\t<\/div>\n\t\t\t\t\t\t<p>By Johnny Baltzersen&nbsp; - Of course, kids are homesick sometimes. This is mostly among six and seven year olds. For older students, it's more variable. Many of them often prefer to stay at school, even if they can go home...<\/p>\n\t\t\t\t\t\t<div class=\"comt_wrap\">\n\t\t\t\t\t\t\t<span class=\"comment\">0 kommentarer<\/span>\n\t\t\t\t\t\t<\/div>\n\t\t\t\t\t<\/div>\n\t\t\t\t<\/div>\n\t\t\t\t\t\t\t<div class=\"news_block\">\n\t\t\t\t\t<div class=\"img\"><a href=\"https:\/\/ciced.dk\/en\/udsigter-fra-en-skolehave\/\"><img loading=\"lazy\" decoding=\"async\" width=\"903\" height=\"509\" src=\"https:\/\/ciced.dk\/wp-content\/uploads\/2023\/12\/485bef_1720cca304e6429cb33cf54d540a44e5mv2.jpg\" class=\"attachment-post-thumbnail size-post-thumbnail wp-post-image\" alt=\"\" srcset=\"https:\/\/ciced.dk\/wp-content\/uploads\/2023\/12\/485bef_1720cca304e6429cb33cf54d540a44e5mv2.jpg 903w, https:\/\/ciced.dk\/wp-content\/uploads\/2023\/12\/485bef_1720cca304e6429cb33cf54d540a44e5mv2-300x169.jpg 300w, https:\/\/ciced.dk\/wp-content\/uploads\/2023\/12\/485bef_1720cca304e6429cb33cf54d540a44e5mv2-768x433.jpg 768w\" sizes=\"(max-width: 903px) 100vw, 903px\" \/><\/a><\/div>\n\t\t\t\t\t<div class=\"desc\">\n\t\t\t\t\t\t<h3><a href=\"https:\/\/ciced.dk\/en\/udsigter-fra-en-skolehave\/\">Views from a school garden<\/a><\/h3>\n\t\t\t\t\t\t<div class=\"meta_tag\">\n\t\t\t\t\t\t\t<span class=\"date\">13. April 2021<\/span>\n\t\t\t\t\t\t\t<span class=\"author\">Johnny Baltzersen<\/span>\n\t\t\t\t\t\t<\/div>\n\t\t\t\t\t\t<p>By Jette Luna and Johnny Baltzersen, CICED, info@qo6b71bvlpa.preview.infomaniak.website&nbsp;&nbsp; A school garden is the sound of fruit and vegetables, fresh air and dirt under your fingernails. It's a healthy learning space and a great outdoor dimension to the school day. But...<\/p>\n\t\t\t\t\t\t<div class=\"comt_wrap\">\n\t\t\t\t\t\t\t<span class=\"comment\">0 kommentarer<\/span>\n\t\t\t\t\t\t<\/div>\n\t\t\t\t\t<\/div>\n\t\t\t\t<\/div>\n\t\t\t\t\t\t\t<div class=\"news_block\">\n\t\t\t\t\t<div class=\"img\"><a href=\"https:\/\/ciced.dk\/en\/restriktioner-og-ambitioner\/\"><img loading=\"lazy\" decoding=\"async\" width=\"2560\" height=\"1700\" src=\"https:\/\/ciced.dk\/wp-content\/uploads\/2023\/12\/485bef_ca1f43aa4aec45e2a207366b75f48e36mv2-scaled.jpg\" class=\"attachment-post-thumbnail size-post-thumbnail wp-post-image\" alt=\"\" srcset=\"https:\/\/ciced.dk\/wp-content\/uploads\/2023\/12\/485bef_ca1f43aa4aec45e2a207366b75f48e36mv2-scaled.jpg 2560w, https:\/\/ciced.dk\/wp-content\/uploads\/2023\/12\/485bef_ca1f43aa4aec45e2a207366b75f48e36mv2-300x199.jpg 300w, https:\/\/ciced.dk\/wp-content\/uploads\/2023\/12\/485bef_ca1f43aa4aec45e2a207366b75f48e36mv2-1024x680.jpg 1024w, https:\/\/ciced.dk\/wp-content\/uploads\/2023\/12\/485bef_ca1f43aa4aec45e2a207366b75f48e36mv2-768x510.jpg 768w, https:\/\/ciced.dk\/wp-content\/uploads\/2023\/12\/485bef_ca1f43aa4aec45e2a207366b75f48e36mv2-1536x1020.jpg 1536w, https:\/\/ciced.dk\/wp-content\/uploads\/2023\/12\/485bef_ca1f43aa4aec45e2a207366b75f48e36mv2-2048x1360.jpg 2048w\" sizes=\"(max-width: 2560px) 100vw, 2560px\" \/><\/a><\/div>\n\t\t\t\t\t<div class=\"desc\">\n\t\t\t\t\t\t<h3><a href=\"https:\/\/ciced.dk\/en\/restriktioner-og-ambitioner\/\">Restrictions and ambitions<\/a><\/h3>\n\t\t\t\t\t\t<div class=\"meta_tag\">\n\t\t\t\t\t\t\t<span class=\"date\">6. April 2021<\/span>\n\t\t\t\t\t\t\t<span class=\"author\">Johnny Baltzersen<\/span>\n\t\t\t\t\t\t<\/div>\n\t\t\t\t\t\t<p>By: Johnny Baltzersen&nbsp; It could be better. With COVID-19 in Mongolia. But there is hope. We have previously described how the country kept the infection down throughout 2020, with very few cases and no deaths recorded. Schools and universities have...<\/p>\n\t\t\t\t\t\t<div class=\"comt_wrap\">\n\t\t\t\t\t\t\t<span class=\"comment\">0 kommentarer<\/span>\n\t\t\t\t\t\t<\/div>\n\t\t\t\t\t<\/div>\n\t\t\t\t<\/div>\n\t\t\t\t\t\t\t<div class=\"news_block\">\n\t\t\t\t\t<div class=\"img\"><a href=\"https:\/\/ciced.dk\/en\/naar-staedighed-betaler-sig\/\"><img loading=\"lazy\" decoding=\"async\" width=\"703\" height=\"523\" src=\"https:\/\/ciced.dk\/wp-content\/uploads\/2023\/12\/485bef_0f8991d28c8d4bf49f7b53d4eaf5ad0cmv2.png\" class=\"attachment-post-thumbnail size-post-thumbnail wp-post-image\" alt=\"\" srcset=\"https:\/\/ciced.dk\/wp-content\/uploads\/2023\/12\/485bef_0f8991d28c8d4bf49f7b53d4eaf5ad0cmv2.png 703w, https:\/\/ciced.dk\/wp-content\/uploads\/2023\/12\/485bef_0f8991d28c8d4bf49f7b53d4eaf5ad0cmv2-300x223.png 300w\" sizes=\"(max-width: 703px) 100vw, 703px\" \/><\/a><\/div>\n\t\t\t\t\t<div class=\"desc\">\n\t\t\t\t\t\t<h3><a href=\"https:\/\/ciced.dk\/en\/naar-staedighed-betaler-sig\/\">When stubbornness pays off<\/a><\/h3>\n\t\t\t\t\t\t<div class=\"meta_tag\">\n\t\t\t\t\t\t\t<span class=\"date\">24. March 2021<\/span>\n\t\t\t\t\t\t\t<span class=\"author\">Johnny Baltzersen<\/span>\n\t\t\t\t\t\t<\/div>\n\t\t\t\t\t\t<p>By: Johnny Baltzersen&nbsp; Stubbornness is a wildly underrated trait. The '7 stubbornnesses' have even been researched and written about. Whether 'CICED stubbornness' is one of the seven, we can't say. But it works. In the summer of 2019, three CICED...<\/p>\n\t\t\t\t\t\t<div class=\"comt_wrap\">\n\t\t\t\t\t\t\t<span class=\"comment\">0 kommentarer<\/span>\n\t\t\t\t\t\t<\/div>\n\t\t\t\t\t<\/div>\n\t\t\t\t<\/div>\n\t\t\t\t\t\t\t<div class=\"news_block\">\n\t\t\t\t\t<div class=\"img\"><a href=\"https:\/\/ciced.dk\/en\/tilbage-i-skole-mongoliet\/\"><img loading=\"lazy\" decoding=\"async\" width=\"1152\" height=\"2048\" src=\"https:\/\/ciced.dk\/wp-content\/uploads\/2023\/12\/485bef_2b7a998ccb1740ac953670fdbe51bde5mv2.jpg\" class=\"attachment-post-thumbnail size-post-thumbnail wp-post-image\" alt=\"\" srcset=\"https:\/\/ciced.dk\/wp-content\/uploads\/2023\/12\/485bef_2b7a998ccb1740ac953670fdbe51bde5mv2.jpg 1152w, https:\/\/ciced.dk\/wp-content\/uploads\/2023\/12\/485bef_2b7a998ccb1740ac953670fdbe51bde5mv2-169x300.jpg 169w, https:\/\/ciced.dk\/wp-content\/uploads\/2023\/12\/485bef_2b7a998ccb1740ac953670fdbe51bde5mv2-576x1024.jpg 576w, https:\/\/ciced.dk\/wp-content\/uploads\/2023\/12\/485bef_2b7a998ccb1740ac953670fdbe51bde5mv2-768x1365.jpg 768w, https:\/\/ciced.dk\/wp-content\/uploads\/2023\/12\/485bef_2b7a998ccb1740ac953670fdbe51bde5mv2-864x1536.jpg 864w\" sizes=\"(max-width: 1152px) 100vw, 1152px\" \/><\/a><\/div>\n\t\t\t\t\t<div class=\"desc\">\n\t\t\t\t\t\t<h3><a href=\"https:\/\/ciced.dk\/en\/tilbage-i-skole-mongoliet\/\">Back to school &#8211; Mongolia<\/a><\/h3>\n\t\t\t\t\t\t<div class=\"meta_tag\">\n\t\t\t\t\t\t\t<span class=\"date\">23. March 2021<\/span>\n\t\t\t\t\t\t\t<span class=\"author\">Johnny Baltzersen<\/span>\n\t\t\t\t\t\t<\/div>\n\t\t\t\t\t\t<p>By Johnny Baltzersen&nbsp; 'It felt like the first day of school on September 1, when I came back to school on the 1st. March 1. It was great to be with my family, but I missed all the other students...<\/p>\n\t\t\t\t\t\t<div class=\"comt_wrap\">\n\t\t\t\t\t\t\t<span class=\"comment\">0 kommentarer<\/span>\n\t\t\t\t\t\t<\/div>\n\t\t\t\t\t<\/div>\n\t\t\t\t<\/div>\n\t\t\t\t\t\t\t<div class=\"news_block\">\n\t\t\t\t\t<div class=\"img\"><a href=\"https:\/\/ciced.dk\/en\/faelles-visioner-skaber-haab-i-potosi\/\"><img loading=\"lazy\" decoding=\"async\" width=\"960\" height=\"540\" src=\"https:\/\/ciced.dk\/wp-content\/uploads\/2023\/12\/485bef_c71a0e79146848229320757cf995763cmv2.jpeg\" class=\"attachment-post-thumbnail size-post-thumbnail wp-post-image\" alt=\"\" srcset=\"https:\/\/ciced.dk\/wp-content\/uploads\/2023\/12\/485bef_c71a0e79146848229320757cf995763cmv2.jpeg 960w, https:\/\/ciced.dk\/wp-content\/uploads\/2023\/12\/485bef_c71a0e79146848229320757cf995763cmv2-300x169.jpeg 300w, https:\/\/ciced.dk\/wp-content\/uploads\/2023\/12\/485bef_c71a0e79146848229320757cf995763cmv2-768x432.jpeg 768w\" sizes=\"(max-width: 960px) 100vw, 960px\" \/><\/a><\/div>\n\t\t\t\t\t<div class=\"desc\">\n\t\t\t\t\t\t<h3><a href=\"https:\/\/ciced.dk\/en\/faelles-visioner-skaber-haab-i-potosi\/\">Shared visions create hope in Potos\u00ed<\/a><\/h3>\n\t\t\t\t\t\t<div class=\"meta_tag\">\n\t\t\t\t\t\t\t<span class=\"date\">20. March 2021<\/span>\n\t\t\t\t\t\t\t<span class=\"author\">Johnny Baltzersen<\/span>\n\t\t\t\t\t\t<\/div>\n\t\t\t\t\t\t<p>By: Pedro Apala, Director, Acci\u00f3n Andina de Educaci\u00f3n AAE&nbsp; As a pluri-national state, Bolivia has enjoyed good economic, social and cultural development for more than a decade. Bolivia is not quite at the level of the developed countries yet, but...<\/p>\n\t\t\t\t\t\t<div class=\"comt_wrap\">\n\t\t\t\t\t\t\t<span class=\"comment\">0 kommentarer<\/span>\n\t\t\t\t\t\t<\/div>\n\t\t\t\t\t<\/div>\n\t\t\t\t<\/div>\n\t\t\t\t\t\t\t<div class=\"news_block\">\n\t\t\t\t\t<div class=\"img\"><a href=\"https:\/\/ciced.dk\/en\/ogsaa-gederne-skal-vaccineres\/\"><img loading=\"lazy\" decoding=\"async\" width=\"1463\" height=\"748\" src=\"https:\/\/ciced.dk\/wp-content\/uploads\/2023\/12\/485bef_ffa2cf2fea8447f487710188b5388ea6mv2.jpg\" class=\"attachment-post-thumbnail size-post-thumbnail wp-post-image\" alt=\"\" srcset=\"https:\/\/ciced.dk\/wp-content\/uploads\/2023\/12\/485bef_ffa2cf2fea8447f487710188b5388ea6mv2.jpg 1463w, https:\/\/ciced.dk\/wp-content\/uploads\/2023\/12\/485bef_ffa2cf2fea8447f487710188b5388ea6mv2-300x153.jpg 300w, https:\/\/ciced.dk\/wp-content\/uploads\/2023\/12\/485bef_ffa2cf2fea8447f487710188b5388ea6mv2-1024x524.jpg 1024w, https:\/\/ciced.dk\/wp-content\/uploads\/2023\/12\/485bef_ffa2cf2fea8447f487710188b5388ea6mv2-768x393.jpg 768w\" sizes=\"(max-width: 1463px) 100vw, 1463px\" \/><\/a><\/div>\n\t\t\t\t\t<div class=\"desc\">\n\t\t\t\t\t\t<h3><a href=\"https:\/\/ciced.dk\/en\/ogsaa-gederne-skal-vaccineres\/\">Goats must also be vaccinated<\/a><\/h3>\n\t\t\t\t\t\t<div class=\"meta_tag\">\n\t\t\t\t\t\t\t<span class=\"date\">17. March 2021<\/span>\n\t\t\t\t\t\t\t<span class=\"author\">Johnny Baltzersen<\/span>\n\t\t\t\t\t\t<\/div>\n\t\t\t\t\t\t<p>By: Johnny Baltzersen Yes, they need to be vaccinated. The goats. Not against corona. But against internal and external vermin. 'Many of our goats would still be alive if we had known what we know today'. These are the words...<\/p>\n\t\t\t\t\t\t<div class=\"comt_wrap\">\n\t\t\t\t\t\t\t<span class=\"comment\">0 kommentarer<\/span>\n\t\t\t\t\t\t<\/div>\n\t\t\t\t\t<\/div>\n\t\t\t\t<\/div>\n\t\t\t\t\t\t\t<div class=\"news_block\">\n\t\t\t\t\t<div class=\"img\"><a href=\"https:\/\/ciced.dk\/en\/beskyt-boernene\/\"><img loading=\"lazy\" decoding=\"async\" width=\"1378\" height=\"1100\" src=\"https:\/\/ciced.dk\/wp-content\/uploads\/2023\/12\/485bef_02ed765d906d429285b9f6a2be9e14f6mv2.jpg\" class=\"attachment-post-thumbnail size-post-thumbnail wp-post-image\" alt=\"\" srcset=\"https:\/\/ciced.dk\/wp-content\/uploads\/2023\/12\/485bef_02ed765d906d429285b9f6a2be9e14f6mv2.jpg 1378w, https:\/\/ciced.dk\/wp-content\/uploads\/2023\/12\/485bef_02ed765d906d429285b9f6a2be9e14f6mv2-300x239.jpg 300w, https:\/\/ciced.dk\/wp-content\/uploads\/2023\/12\/485bef_02ed765d906d429285b9f6a2be9e14f6mv2-1024x817.jpg 1024w, https:\/\/ciced.dk\/wp-content\/uploads\/2023\/12\/485bef_02ed765d906d429285b9f6a2be9e14f6mv2-768x613.jpg 768w\" sizes=\"(max-width: 1378px) 100vw, 1378px\" \/><\/a><\/div>\n\t\t\t\t\t<div class=\"desc\">\n\t\t\t\t\t\t<h3><a href=\"https:\/\/ciced.dk\/en\/beskyt-boernene\/\">Protect the children<\/a><\/h3>\n\t\t\t\t\t\t<div class=\"meta_tag\">\n\t\t\t\t\t\t\t<span class=\"date\">9. March 2021<\/span>\n\t\t\t\t\t\t\t<span class=\"author\">Johnny Baltzersen<\/span>\n\t\t\t\t\t\t<\/div>\n\t\t\t\t\t\t<p>By: Johnny Baltzersen, chair, CICED CICED joins The Child Protection Network in Denmark Trafficking is a sensitive topic in Helambu, Nepal. It's not the only encroachment on children's right to grow up with their parents. In Helambu. Everywhere in Nepal.&nbsp;...<\/p>\n\t\t\t\t\t\t<div class=\"comt_wrap\">\n\t\t\t\t\t\t\t<span class=\"comment\">0 kommentarer<\/span>\n\t\t\t\t\t\t<\/div>\n\t\t\t\t\t<\/div>\n\t\t\t\t<\/div>\n\t\t\t\t\t\t\t<div class=\"news_block\">\n\t\t\t\t\t<div class=\"img\"><a href=\"https:\/\/ciced.dk\/en\/skoenhed-forbandelse-og-haab\/\"><img loading=\"lazy\" decoding=\"async\" width=\"960\" height=\"1280\" src=\"https:\/\/ciced.dk\/wp-content\/uploads\/2023\/12\/485bef_1eac2a7214c642779f21eb65008ad889mv2.jpg\" class=\"attachment-post-thumbnail size-post-thumbnail wp-post-image\" alt=\"\" srcset=\"https:\/\/ciced.dk\/wp-content\/uploads\/2023\/12\/485bef_1eac2a7214c642779f21eb65008ad889mv2.jpg 960w, https:\/\/ciced.dk\/wp-content\/uploads\/2023\/12\/485bef_1eac2a7214c642779f21eb65008ad889mv2-225x300.jpg 225w, https:\/\/ciced.dk\/wp-content\/uploads\/2023\/12\/485bef_1eac2a7214c642779f21eb65008ad889mv2-768x1024.jpg 768w\" sizes=\"(max-width: 960px) 100vw, 960px\" \/><\/a><\/div>\n\t\t\t\t\t<div class=\"desc\">\n\t\t\t\t\t\t<h3><a href=\"https:\/\/ciced.dk\/en\/skoenhed-forbandelse-og-haab\/\">Beauty, curse and hope<\/a><\/h3>\n\t\t\t\t\t\t<div class=\"meta_tag\">\n\t\t\t\t\t\t\t<span class=\"date\">5. March 2021<\/span>\n\t\t\t\t\t\t\t<span class=\"author\">Johnny Baltzersen<\/span>\n\t\t\t\t\t\t<\/div>\n\t\t\t\t\t\t<p>By: Johnny Baltzersen, CICED The following text is a warm-up for a beautiful four-minute cinematic flyover of Helambu, which forms the background for an introduction to CICED's project Better Life - Educating and Keeping Children Safe. You can skip the...<\/p>\n\t\t\t\t\t\t<div class=\"comt_wrap\">\n\t\t\t\t\t\t\t<span class=\"comment\">0 kommentarer<\/span>\n\t\t\t\t\t\t<\/div>\n\t\t\t\t\t<\/div>\n\t\t\t\t<\/div>\n\t\t\t\t\t\t\t<div class=\"news_block\">\n\t\t\t\t\t<div class=\"img\"><a href=\"https:\/\/ciced.dk\/en\/de-ukuelige\/\"><img loading=\"lazy\" decoding=\"async\" width=\"960\" height=\"718\" src=\"https:\/\/ciced.dk\/wp-content\/uploads\/2023\/12\/485bef_93a9e5ca5ae840cf82232d68a6297051mv2.jpg\" class=\"attachment-post-thumbnail size-post-thumbnail wp-post-image\" alt=\"\" srcset=\"https:\/\/ciced.dk\/wp-content\/uploads\/2023\/12\/485bef_93a9e5ca5ae840cf82232d68a6297051mv2.jpg 960w, https:\/\/ciced.dk\/wp-content\/uploads\/2023\/12\/485bef_93a9e5ca5ae840cf82232d68a6297051mv2-300x224.jpg 300w, https:\/\/ciced.dk\/wp-content\/uploads\/2023\/12\/485bef_93a9e5ca5ae840cf82232d68a6297051mv2-768x574.jpg 768w\" sizes=\"(max-width: 960px) 100vw, 960px\" \/><\/a><\/div>\n\t\t\t\t\t<div class=\"desc\">\n\t\t\t\t\t\t<h3><a href=\"https:\/\/ciced.dk\/en\/de-ukuelige\/\">The Indomitable<\/a><\/h3>\n\t\t\t\t\t\t<div class=\"meta_tag\">\n\t\t\t\t\t\t\t<span class=\"date\">26. February 2021<\/span>\n\t\t\t\t\t\t\t<span class=\"author\">Johnny Baltzersen<\/span>\n\t\t\t\t\t\t<\/div>\n\t\t\t\t\t\t<p>Despite corona and biting winter cold. The materials have to go!&nbsp; The 5-year-old nomadic children should have a good start to school this summer. Mongolian teachers on the steppes are resourceful and resilient. A picture is worth a thousand words,...<\/p>\n\t\t\t\t\t\t<div class=\"comt_wrap\">\n\t\t\t\t\t\t\t<span class=\"comment\">0 kommentarer<\/span>\n\t\t\t\t\t\t<\/div>\n\t\t\t\t\t<\/div>\n\t\t\t\t<\/div>\n\t\t\t\t\t\t\t<div class=\"news_block\">\n\t\t\t\t\t<div class=\"img\"><a href=\"https:\/\/ciced.dk\/en\/doeden-i-qatar-haabet-i-helambu\/\"><img loading=\"lazy\" decoding=\"async\" width=\"1352\" height=\"640\" src=\"https:\/\/ciced.dk\/wp-content\/uploads\/2023\/12\/485bef_0cc13e872bad45e6812fae3d052159a6mv2-1.jpg\" class=\"attachment-post-thumbnail size-post-thumbnail wp-post-image\" alt=\"\" srcset=\"https:\/\/ciced.dk\/wp-content\/uploads\/2023\/12\/485bef_0cc13e872bad45e6812fae3d052159a6mv2-1.jpg 1352w, https:\/\/ciced.dk\/wp-content\/uploads\/2023\/12\/485bef_0cc13e872bad45e6812fae3d052159a6mv2-1-300x142.jpg 300w, https:\/\/ciced.dk\/wp-content\/uploads\/2023\/12\/485bef_0cc13e872bad45e6812fae3d052159a6mv2-1-1024x485.jpg 1024w, https:\/\/ciced.dk\/wp-content\/uploads\/2023\/12\/485bef_0cc13e872bad45e6812fae3d052159a6mv2-1-768x364.jpg 768w\" sizes=\"(max-width: 1352px) 100vw, 1352px\" \/><\/a><\/div>\n\t\t\t\t\t<div class=\"desc\">\n\t\t\t\t\t\t<h3><a href=\"https:\/\/ciced.dk\/en\/doeden-i-qatar-haabet-i-helambu\/\">Death in Qatar &#8211; Hope in Helambu<\/a><\/h3>\n\t\t\t\t\t\t<div class=\"meta_tag\">\n\t\t\t\t\t\t\t<span class=\"date\">24. February 2021<\/span>\n\t\t\t\t\t\t\t<span class=\"author\">Johnny Baltzersen<\/span>\n\t\t\t\t\t\t<\/div>\n\t\t\t\t\t\t<p>A brand new article in The Guardian is a sad but effective reminder of why we focus on supporting young Nepalese in the Helambu region north of Kathmandu.&nbsp; According to the Guardian's sources, over 6,500 migrant workers have died in...<\/p>\n\t\t\t\t\t\t<div class=\"comt_wrap\">\n\t\t\t\t\t\t\t<span class=\"comment\">0 kommentarer<\/span>\n\t\t\t\t\t\t<\/div>\n\t\t\t\t\t<\/div>\n\t\t\t\t<\/div>\n\t\t\t\t\t\t\t<div class=\"news_block\">\n\t\t\t\t\t<div class=\"img\"><a href=\"https:\/\/ciced.dk\/en\/tegnsprogstolkning-bygger-bro-mellem-doeve-og-hoerende-ogsaa-i-tanzania\/\"><img loading=\"lazy\" decoding=\"async\" width=\"1236\" height=\"1500\" src=\"https:\/\/ciced.dk\/wp-content\/uploads\/2023\/12\/485bef_bca1ee0ab9a847ec992fb378d5296dd1mv2.jpg\" class=\"attachment-post-thumbnail size-post-thumbnail wp-post-image\" alt=\"\" srcset=\"https:\/\/ciced.dk\/wp-content\/uploads\/2023\/12\/485bef_bca1ee0ab9a847ec992fb378d5296dd1mv2.jpg 1236w, https:\/\/ciced.dk\/wp-content\/uploads\/2023\/12\/485bef_bca1ee0ab9a847ec992fb378d5296dd1mv2-247x300.jpg 247w, https:\/\/ciced.dk\/wp-content\/uploads\/2023\/12\/485bef_bca1ee0ab9a847ec992fb378d5296dd1mv2-844x1024.jpg 844w, https:\/\/ciced.dk\/wp-content\/uploads\/2023\/12\/485bef_bca1ee0ab9a847ec992fb378d5296dd1mv2-768x932.jpg 768w\" sizes=\"(max-width: 1236px) 100vw, 1236px\" \/><\/a><\/div>\n\t\t\t\t\t<div class=\"desc\">\n\t\t\t\t\t\t<h3><a href=\"https:\/\/ciced.dk\/en\/tegnsprogstolkning-bygger-bro-mellem-doeve-og-hoerende-ogsaa-i-tanzania\/\">Sign language interpreting bridges the gap between deaf and hearing &#8211; also in Tanzania<\/a><\/h3>\n\t\t\t\t\t\t<div class=\"meta_tag\">\n\t\t\t\t\t\t\t<span class=\"date\">15. February 2021<\/span>\n\t\t\t\t\t\t\t<span class=\"author\">Johnny Baltzersen<\/span>\n\t\t\t\t\t\t<\/div>\n\t\t\t\t\t\t<p>At the same time as our last newsletter landed in your inbox telling you about CICED's plans for a new project with the deaf organization\/CHAVITA in Tanzania, we were online with the sign language interpreters' association\/TASLI.&nbsp; Better and more sign...<\/p>\n\t\t\t\t\t\t<div class=\"comt_wrap\">\n\t\t\t\t\t\t\t<span class=\"comment\">0 kommentarer<\/span>\n\t\t\t\t\t\t<\/div>\n\t\t\t\t\t<\/div>\n\t\t\t\t<\/div>\n\t\t\t\t\t\t\t<div class=\"news_block\">\n\t\t\t\t\t<div class=\"img\"><a href=\"https:\/\/ciced.dk\/en\/de-doeve-i-tanzania-vil-ogsaa-hoeres\/\"><img loading=\"lazy\" decoding=\"async\" width=\"926\" height=\"525\" src=\"https:\/\/ciced.dk\/wp-content\/uploads\/2023\/12\/485bef_bdc74726db254176949b885d701e388fmv2.png\" class=\"attachment-post-thumbnail size-post-thumbnail wp-post-image\" alt=\"\" srcset=\"https:\/\/ciced.dk\/wp-content\/uploads\/2023\/12\/485bef_bdc74726db254176949b885d701e388fmv2.png 926w, https:\/\/ciced.dk\/wp-content\/uploads\/2023\/12\/485bef_bdc74726db254176949b885d701e388fmv2-300x170.png 300w, https:\/\/ciced.dk\/wp-content\/uploads\/2023\/12\/485bef_bdc74726db254176949b885d701e388fmv2-768x435.png 768w\" sizes=\"(max-width: 926px) 100vw, 926px\" \/><\/a><\/div>\n\t\t\t\t\t<div class=\"desc\">\n\t\t\t\t\t\t<h3><a href=\"https:\/\/ciced.dk\/en\/de-doeve-i-tanzania-vil-ogsaa-hoeres\/\">The deaf in Tanzania want to be heard too<\/a><\/h3>\n\t\t\t\t\t\t<div class=\"meta_tag\">\n\t\t\t\t\t\t\t<span class=\"date\">12. February 2021<\/span>\n\t\t\t\t\t\t\t<span class=\"author\">Johnny Baltzersen<\/span>\n\t\t\t\t\t\t<\/div>\n\t\t\t\t\t\t<p>On the same day that we have received approval of both the report and accounts for our COVID-19 project with the deaf organization CHAVITA in Tanzania, we are ready with a new joint effort for the benefit of the deaf.&nbsp;...<\/p>\n\t\t\t\t\t\t<div class=\"comt_wrap\">\n\t\t\t\t\t\t\t<span class=\"comment\">0 kommentarer<\/span>\n\t\t\t\t\t\t<\/div>\n\t\t\t\t\t<\/div>\n\t\t\t\t<\/div>\n\t\t\t\t\t\t\t<div class=\"news_block\">\n\t\t\t\t\t<div class=\"img\"><a href=\"https:\/\/ciced.dk\/en\/farligste-skoleveje-mongoliet\/\"><img loading=\"lazy\" decoding=\"async\" width=\"1200\" height=\"675\" src=\"https:\/\/ciced.dk\/wp-content\/uploads\/2023\/12\/485bef_cc80f6ab555f41d09ea57c95e57fe492mv2.jpg\" class=\"attachment-post-thumbnail size-post-thumbnail wp-post-image\" alt=\"\" srcset=\"https:\/\/ciced.dk\/wp-content\/uploads\/2023\/12\/485bef_cc80f6ab555f41d09ea57c95e57fe492mv2.jpg 1200w, https:\/\/ciced.dk\/wp-content\/uploads\/2023\/12\/485bef_cc80f6ab555f41d09ea57c95e57fe492mv2-300x169.jpg 300w, https:\/\/ciced.dk\/wp-content\/uploads\/2023\/12\/485bef_cc80f6ab555f41d09ea57c95e57fe492mv2-1024x576.jpg 1024w, https:\/\/ciced.dk\/wp-content\/uploads\/2023\/12\/485bef_cc80f6ab555f41d09ea57c95e57fe492mv2-768x432.jpg 768w\" sizes=\"(max-width: 1200px) 100vw, 1200px\" \/><\/a><\/div>\n\t\t\t\t\t<div class=\"desc\">\n\t\t\t\t\t\t<h3><a href=\"https:\/\/ciced.dk\/en\/farligste-skoleveje-mongoliet\/\">Most dangerous school roads &#8211; Mongolia<\/a><\/h3>\n\t\t\t\t\t\t<div class=\"meta_tag\">\n\t\t\t\t\t\t\t<span class=\"date\">3. February 2021<\/span>\n\t\t\t\t\t\t\t<span class=\"author\">Johnny Baltzersen<\/span>\n\t\t\t\t\t\t<\/div>\n\t\t\t\t\t\t<p>By: Johnny Baltzersen&nbsp; It's familiar. You're looking for something specific and discover something completely unexpected along the way. A few days ago, I was searching the internet for data and stories that could help shed light on CICED's slogan 'better...<\/p>\n\t\t\t\t\t\t<div class=\"comt_wrap\">\n\t\t\t\t\t\t\t<span class=\"comment\">0 kommentarer<\/span>\n\t\t\t\t\t\t<\/div>\n\t\t\t\t\t<\/div>\n\t\t\t\t<\/div>\n\t\t\t\t\t\t\t<div class=\"news_block\">\n\t\t\t\t\t<div class=\"img\"><a href=\"https:\/\/ciced.dk\/en\/styrk-det-der-virker-og-oeg-stoetten-til-civilsamfundet\/\"><img loading=\"lazy\" decoding=\"async\" width=\"2560\" height=\"1440\" src=\"https:\/\/ciced.dk\/wp-content\/uploads\/2023\/12\/485bef_707eebd46ac6486fb8e8a90b575e5db6mv2-scaled.jpg\" class=\"attachment-post-thumbnail size-post-thumbnail wp-post-image\" alt=\"\" srcset=\"https:\/\/ciced.dk\/wp-content\/uploads\/2023\/12\/485bef_707eebd46ac6486fb8e8a90b575e5db6mv2-scaled.jpg 2560w, https:\/\/ciced.dk\/wp-content\/uploads\/2023\/12\/485bef_707eebd46ac6486fb8e8a90b575e5db6mv2-300x169.jpg 300w, https:\/\/ciced.dk\/wp-content\/uploads\/2023\/12\/485bef_707eebd46ac6486fb8e8a90b575e5db6mv2-1024x576.jpg 1024w, https:\/\/ciced.dk\/wp-content\/uploads\/2023\/12\/485bef_707eebd46ac6486fb8e8a90b575e5db6mv2-768x432.jpg 768w, https:\/\/ciced.dk\/wp-content\/uploads\/2023\/12\/485bef_707eebd46ac6486fb8e8a90b575e5db6mv2-1536x864.jpg 1536w, https:\/\/ciced.dk\/wp-content\/uploads\/2023\/12\/485bef_707eebd46ac6486fb8e8a90b575e5db6mv2-2048x1152.jpg 2048w\" sizes=\"(max-width: 2560px) 100vw, 2560px\" \/><\/a><\/div>\n\t\t\t\t\t<div class=\"desc\">\n\t\t\t\t\t\t<h3><a href=\"https:\/\/ciced.dk\/en\/styrk-det-der-virker-og-oeg-stoetten-til-civilsamfundet\/\">Strengthen what works&#8230;and increase support for civil society<\/a><\/h3>\n\t\t\t\t\t\t<div class=\"meta_tag\">\n\t\t\t\t\t\t\t<span class=\"date\">30. January 2021<\/span>\n\t\t\t\t\t\t\t<span class=\"author\">Johnny Baltzersen<\/span>\n\t\t\t\t\t\t<\/div>\n\t\t\t\t\t\t<p>This is the headline of a brand new proposal from Global Focus, an umbrella organization for many civil society organizations, of which CICED is also a member.&nbsp; Global Focus recommends that 25% of Danish development aid should go to civil...<\/p>\n\t\t\t\t\t\t<div class=\"comt_wrap\">\n\t\t\t\t\t\t\t<span class=\"comment\">0 kommentarer<\/span>\n\t\t\t\t\t\t<\/div>\n\t\t\t\t\t<\/div>\n\t\t\t\t<\/div>\n\t\t\t\t\t\t\t<div class=\"news_block\">\n\t\t\t\t\t<div class=\"img\"><a href=\"https:\/\/ciced.dk\/en\/peru-amazonas-genopretning-og-bevaring-af-regnskoven\/\"><img loading=\"lazy\" decoding=\"async\" width=\"791\" height=\"512\" src=\"https:\/\/ciced.dk\/wp-content\/uploads\/2023\/12\/485bef_ab2a0ade5bcc454db04425b32ab0cf04mv2.png\" class=\"attachment-post-thumbnail size-post-thumbnail wp-post-image\" alt=\"\" srcset=\"https:\/\/ciced.dk\/wp-content\/uploads\/2023\/12\/485bef_ab2a0ade5bcc454db04425b32ab0cf04mv2.png 791w, https:\/\/ciced.dk\/wp-content\/uploads\/2023\/12\/485bef_ab2a0ade5bcc454db04425b32ab0cf04mv2-300x194.png 300w, https:\/\/ciced.dk\/wp-content\/uploads\/2023\/12\/485bef_ab2a0ade5bcc454db04425b32ab0cf04mv2-768x497.png 768w\" sizes=\"(max-width: 791px) 100vw, 791px\" \/><\/a><\/div>\n\t\t\t\t\t<div class=\"desc\">\n\t\t\t\t\t\t<h3><a href=\"https:\/\/ciced.dk\/en\/peru-amazonas-genopretning-og-bevaring-af-regnskoven\/\">Peru Amazon &#8211; rainforest restoration and conservation<\/a><\/h3>\n\t\t\t\t\t\t<div class=\"meta_tag\">\n\t\t\t\t\t\t\t<span class=\"date\">25. January 2021<\/span>\n\t\t\t\t\t\t\t<span class=\"author\">Johnny Baltzersen<\/span>\n\t\t\t\t\t\t<\/div>\n\t\t\t\t\t\t<p>CICED is on the way with a new project. To be submitted as a CISU application in March, but we would like to present the ideas now. Teacher training with a focus on rainforest restoration and conservation In the northeastern...<\/p>\n\t\t\t\t\t\t<div class=\"comt_wrap\">\n\t\t\t\t\t\t\t<span class=\"comment\">0 kommentarer<\/span>\n\t\t\t\t\t\t<\/div>\n\t\t\t\t\t<\/div>\n\t\t\t\t<\/div>\n\t\t\t\t\t\t\t<div class=\"news_block\">\n\t\t\t\t\t<div class=\"img\"><a href=\"https:\/\/ciced.dk\/en\/skole-lukke-i-lukke-op-lukke-i\/\"><img loading=\"lazy\" decoding=\"async\" width=\"720\" height=\"833\" src=\"https:\/\/ciced.dk\/wp-content\/uploads\/2023\/12\/485bef_8c28e40e9c9549dc94ea3aca9cc73868mv2.jpg\" class=\"attachment-post-thumbnail size-post-thumbnail wp-post-image\" alt=\"\" srcset=\"https:\/\/ciced.dk\/wp-content\/uploads\/2023\/12\/485bef_8c28e40e9c9549dc94ea3aca9cc73868mv2.jpg 720w, https:\/\/ciced.dk\/wp-content\/uploads\/2023\/12\/485bef_8c28e40e9c9549dc94ea3aca9cc73868mv2-259x300.jpg 259w\" sizes=\"(max-width: 720px) 100vw, 720px\" \/><\/a><\/div>\n\t\t\t\t\t<div class=\"desc\">\n\t\t\t\t\t\t<h3><a href=\"https:\/\/ciced.dk\/en\/skole-lukke-i-lukke-op-lukke-i\/\">School &#8211; close in, close up, close in<\/a><\/h3>\n\t\t\t\t\t\t<div class=\"meta_tag\">\n\t\t\t\t\t\t\t<span class=\"date\">22. January 2021<\/span>\n\t\t\t\t\t\t\t<span class=\"author\">Johnny Baltzersen<\/span>\n\t\t\t\t\t\t<\/div>\n\t\t\t\t\t\t<p>It's becoming trivial to remind people that 2020 was an exceptional year.&nbsp; But we can't get enough of remembering and recognizing all those who have gone the extra mile during the coronavirus outbreak. The staff at Children's Ger are among...<\/p>\n\t\t\t\t\t\t<div class=\"comt_wrap\">\n\t\t\t\t\t\t\t<span class=\"comment\">0 kommentarer<\/span>\n\t\t\t\t\t\t<\/div>\n\t\t\t\t\t<\/div>\n\t\t\t\t<\/div>\n\t\t\t\t\t\t\t<div class=\"news_block\">\n\t\t\t\t\t<div class=\"img\"><a href=\"https:\/\/ciced.dk\/en\/hvad-man-dog-kan-opleve-paa-aarets-sidste-dag\/\"><img loading=\"lazy\" decoding=\"async\" width=\"424\" height=\"206\" src=\"https:\/\/ciced.dk\/wp-content\/uploads\/2023\/12\/485bef_d48810bc6234472783078b746d14dedemv2.jpg\" class=\"attachment-post-thumbnail size-post-thumbnail wp-post-image\" alt=\"\" srcset=\"https:\/\/ciced.dk\/wp-content\/uploads\/2023\/12\/485bef_d48810bc6234472783078b746d14dedemv2.jpg 424w, https:\/\/ciced.dk\/wp-content\/uploads\/2023\/12\/485bef_d48810bc6234472783078b746d14dedemv2-300x146.jpg 300w\" sizes=\"(max-width: 424px) 100vw, 424px\" \/><\/a><\/div>\n\t\t\t\t\t<div class=\"desc\">\n\t\t\t\t\t\t<h3><a href=\"https:\/\/ciced.dk\/en\/hvad-man-dog-kan-opleve-paa-aarets-sidste-dag\/\">What you can experience on the last day of the year<\/a><\/h3>\n\t\t\t\t\t\t<div class=\"meta_tag\">\n\t\t\t\t\t\t\t<span class=\"date\">11. January 2021<\/span>\n\t\t\t\t\t\t\t<span class=\"author\">Johnny Baltzersen<\/span>\n\t\t\t\t\t\t<\/div>\n\t\t\t\t\t\t<p>It has taken its time. Getting off the beaten track. Corona was - and is - in the way. But when you do succeed, the joy is great. Watch this shortvideo of an exuberantly happy 5-year-old boy in a nomadic...<\/p>\n\t\t\t\t\t\t<div class=\"comt_wrap\">\n\t\t\t\t\t\t\t<span class=\"comment\">0 kommentarer<\/span>\n\t\t\t\t\t\t<\/div>\n\t\t\t\t\t<\/div>\n\t\t\t\t<\/div>\n\t\t\t\t\t\t\t<div class=\"news_block\">\n\t\t\t\t\t<div class=\"img\"><a href=\"https:\/\/ciced.dk\/en\/pragtfuld-dokumentar-fra-helambu\/\"><img loading=\"lazy\" decoding=\"async\" width=\"463\" height=\"393\" src=\"https:\/\/ciced.dk\/wp-content\/uploads\/2023\/12\/485bef_7caecb38147a450ba86c9d9a62ad930fmv2.png\" class=\"attachment-post-thumbnail size-post-thumbnail wp-post-image\" alt=\"\" srcset=\"https:\/\/ciced.dk\/wp-content\/uploads\/2023\/12\/485bef_7caecb38147a450ba86c9d9a62ad930fmv2.png 463w, https:\/\/ciced.dk\/wp-content\/uploads\/2023\/12\/485bef_7caecb38147a450ba86c9d9a62ad930fmv2-300x255.png 300w\" sizes=\"(max-width: 463px) 100vw, 463px\" \/><\/a><\/div>\n\t\t\t\t\t<div class=\"desc\">\n\t\t\t\t\t\t<h3><a href=\"https:\/\/ciced.dk\/en\/pragtfuld-dokumentar-fra-helambu\/\">Wonderful documentary from Helambu<\/a><\/h3>\n\t\t\t\t\t\t<div class=\"meta_tag\">\n\t\t\t\t\t\t\t<span class=\"date\">1. January 2021<\/span>\n\t\t\t\t\t\t\t<span class=\"author\">Johnny Baltzersen<\/span>\n\t\t\t\t\t\t<\/div>\n\t\t\t\t\t\t<p>We've written a lot about the projects with and for young people in Helambu, Nepal. Now our partner Just Nepal Foundation has produced an excellent video about the effort.&nbsp; Watch and listen to the young people talk about their participation...<\/p>\n\t\t\t\t\t\t<div class=\"comt_wrap\">\n\t\t\t\t\t\t\t<span class=\"comment\">0 kommentarer<\/span>\n\t\t\t\t\t\t<\/div>\n\t\t\t\t\t<\/div>\n\t\t\t\t<\/div>\n\t\t\t\t\t\t\t<div class=\"news_block\">\n\t\t\t\t\t<div class=\"img\"><a href=\"https:\/\/ciced.dk\/en\/praesten-velsigner-skaal-i-cola\/\"><img loading=\"lazy\" decoding=\"async\" width=\"373\" height=\"280\" src=\"https:\/\/ciced.dk\/wp-content\/uploads\/2023\/12\/485bef_fb3fcfd5201942efa212f6594e1f64c5mv2.jpg\" class=\"attachment-post-thumbnail size-post-thumbnail wp-post-image\" alt=\"\" srcset=\"https:\/\/ciced.dk\/wp-content\/uploads\/2023\/12\/485bef_fb3fcfd5201942efa212f6594e1f64c5mv2.jpg 373w, https:\/\/ciced.dk\/wp-content\/uploads\/2023\/12\/485bef_fb3fcfd5201942efa212f6594e1f64c5mv2-300x225.jpg 300w\" sizes=\"(max-width: 373px) 100vw, 373px\" \/><\/a><\/div>\n\t\t\t\t\t<div class=\"desc\">\n\t\t\t\t\t\t<h3><a href=\"https:\/\/ciced.dk\/en\/praesten-velsigner-skaal-i-cola\/\">The priest blesses &#8211; toast in cola<\/a><\/h3>\n\t\t\t\t\t\t<div class=\"meta_tag\">\n\t\t\t\t\t\t\t<span class=\"date\">20. November 2020<\/span>\n\t\t\t\t\t\t\t<span class=\"author\">Johnny Baltzersen<\/span>\n\t\t\t\t\t\t<\/div>\n\t\t\t\t\t\t<p>Project car in Bolivia is inaugurated as prescribed. Once the car reaches the indigenous people of Potos\u00ed, more blessings await as the priest is replaced by local wise men and women.&nbsp;&nbsp; We hadn't planned to use a project car, but...<\/p>\n\t\t\t\t\t\t<div class=\"comt_wrap\">\n\t\t\t\t\t\t\t<span class=\"comment\">0 kommentarer<\/span>\n\t\t\t\t\t\t<\/div>\n\t\t\t\t\t<\/div>\n\t\t\t\t<\/div>\n\t\t\t\t\t\t\t<div class=\"news_block\">\n\t\t\t\t\t<div class=\"img\"><a href=\"https:\/\/ciced.dk\/en\/paa-kurs-mod-et-skarpt-aar\/\"><img loading=\"lazy\" decoding=\"async\" width=\"1366\" height=\"1381\" src=\"https:\/\/ciced.dk\/wp-content\/uploads\/2023\/12\/485bef_2bf0d9fc3530439d81ceb9ede0cd0fc3mv2.jpg\" class=\"attachment-post-thumbnail size-post-thumbnail wp-post-image\" alt=\"\" srcset=\"https:\/\/ciced.dk\/wp-content\/uploads\/2023\/12\/485bef_2bf0d9fc3530439d81ceb9ede0cd0fc3mv2.jpg 1366w, https:\/\/ciced.dk\/wp-content\/uploads\/2023\/12\/485bef_2bf0d9fc3530439d81ceb9ede0cd0fc3mv2-297x300.jpg 297w, https:\/\/ciced.dk\/wp-content\/uploads\/2023\/12\/485bef_2bf0d9fc3530439d81ceb9ede0cd0fc3mv2-1013x1024.jpg 1013w, https:\/\/ciced.dk\/wp-content\/uploads\/2023\/12\/485bef_2bf0d9fc3530439d81ceb9ede0cd0fc3mv2-768x776.jpg 768w\" sizes=\"(max-width: 1366px) 100vw, 1366px\" \/><\/a><\/div>\n\t\t\t\t\t<div class=\"desc\">\n\t\t\t\t\t\t<h3><a href=\"https:\/\/ciced.dk\/en\/paa-kurs-mod-et-skarpt-aar\/\">On course for a sharp year<\/a><\/h3>\n\t\t\t\t\t\t<div class=\"meta_tag\">\n\t\t\t\t\t\t\t<span class=\"date\">20. November 2020<\/span>\n\t\t\t\t\t\t\t<span class=\"author\">Johnny Baltzersen<\/span>\n\t\t\t\t\t\t<\/div>\n\t\t\t\t\t\t<p>There are new words and features in our social landscapes. When we search, we Google. And now we zoom in when we meet. This was also the case at the recent CICED General Assembly. We were supposed to have a...<\/p>\n\t\t\t\t\t\t<div class=\"comt_wrap\">\n\t\t\t\t\t\t\t<span class=\"comment\">0 kommentarer<\/span>\n\t\t\t\t\t\t<\/div>\n\t\t\t\t\t<\/div>\n\t\t\t\t<\/div>\n\t\t\t\t\t\t\t<div class=\"news_block\">\n\t\t\t\t\t<div class=\"img\"><a href=\"https:\/\/ciced.dk\/en\/mindeord-marcus-balslev\/\"><img loading=\"lazy\" decoding=\"async\" width=\"564\" height=\"548\" src=\"https:\/\/ciced.dk\/wp-content\/uploads\/2023\/12\/485bef_fa584248a46241a491d11e47d2f60ae0mv2.jpeg\" class=\"attachment-post-thumbnail size-post-thumbnail wp-post-image\" alt=\"\" srcset=\"https:\/\/ciced.dk\/wp-content\/uploads\/2023\/12\/485bef_fa584248a46241a491d11e47d2f60ae0mv2.jpeg 564w, https:\/\/ciced.dk\/wp-content\/uploads\/2023\/12\/485bef_fa584248a46241a491d11e47d2f60ae0mv2-300x291.jpeg 300w\" sizes=\"(max-width: 564px) 100vw, 564px\" \/><\/a><\/div>\n\t\t\t\t\t<div class=\"desc\">\n\t\t\t\t\t\t<h3><a href=\"https:\/\/ciced.dk\/en\/mindeord-marcus-balslev\/\">Eulogy &#8211; Marcus Balslev<\/a><\/h3>\n\t\t\t\t\t\t<div class=\"meta_tag\">\n\t\t\t\t\t\t\t<span class=\"date\">11. October 2020<\/span>\n\t\t\t\t\t\t\t<span class=\"author\">Johnny Baltzersen<\/span>\n\t\t\t\t\t\t<\/div>\n\t\t\t\t\t\t<p>Marcus Balslev, valued friend and colleague, co-founder of CICED, has passed away after a short illness.&nbsp; Marcus was one of the most decent people I have ever met. Orderly in the broadest sense of the word. Always attentive to others....<\/p>\n\t\t\t\t\t\t<div class=\"comt_wrap\">\n\t\t\t\t\t\t\t<span class=\"comment\">0 kommentarer<\/span>\n\t\t\t\t\t\t<\/div>\n\t\t\t\t\t<\/div>\n\t\t\t\t<\/div>\n\t\t\t\t\t\t\t<div class=\"news_block\">\n\t\t\t\t\t<div class=\"img\"><a href=\"https:\/\/ciced.dk\/en\/ikke-alle-boern-tilbage-i-childrens-ger\/\"><img loading=\"lazy\" decoding=\"async\" width=\"1156\" height=\"650\" src=\"https:\/\/ciced.dk\/wp-content\/uploads\/2023\/12\/485bef_db6429861d1844da850667e14489c37bmv2.jpeg\" class=\"attachment-post-thumbnail size-post-thumbnail wp-post-image\" alt=\"\" srcset=\"https:\/\/ciced.dk\/wp-content\/uploads\/2023\/12\/485bef_db6429861d1844da850667e14489c37bmv2.jpeg 1156w, https:\/\/ciced.dk\/wp-content\/uploads\/2023\/12\/485bef_db6429861d1844da850667e14489c37bmv2-300x169.jpeg 300w, https:\/\/ciced.dk\/wp-content\/uploads\/2023\/12\/485bef_db6429861d1844da850667e14489c37bmv2-1024x576.jpeg 1024w, https:\/\/ciced.dk\/wp-content\/uploads\/2023\/12\/485bef_db6429861d1844da850667e14489c37bmv2-768x432.jpeg 768w\" sizes=\"(max-width: 1156px) 100vw, 1156px\" \/><\/a><\/div>\n\t\t\t\t\t<div class=\"desc\">\n\t\t\t\t\t\t<h3><a href=\"https:\/\/ciced.dk\/en\/ikke-alle-boern-tilbage-i-childrens-ger\/\">Not all children back in Children&#8217;s Ger<\/a><\/h3>\n\t\t\t\t\t\t<div class=\"meta_tag\">\n\t\t\t\t\t\t\t<span class=\"date\">10. September 2020<\/span>\n\t\t\t\t\t\t\t<span class=\"author\">Johnny Baltzersen<\/span>\n\t\t\t\t\t\t<\/div>\n\t\t\t\t\t\t<p>By Johnny Baltzersen, Chair, CICED&nbsp; September 1 is the start of school in Mongolia. New students in first grade bring flowers for the teacher. Others are just happy to see their friends again after a long summer vacation. This year,...<\/p>\n\t\t\t\t\t\t<div class=\"comt_wrap\">\n\t\t\t\t\t\t\t<span class=\"comment\">0 kommentarer<\/span>\n\t\t\t\t\t\t<\/div>\n\t\t\t\t\t<\/div>\n\t\t\t\t<\/div>\n\t\t\t\t\t\t\t<div class=\"news_block\">\n\t\t\t\t\t<div class=\"img\"><a href=\"https:\/\/ciced.dk\/en\/covid-19-indvirkning-paa-boern\/\"><img loading=\"lazy\" decoding=\"async\" width=\"720\" height=\"651\" src=\"https:\/\/ciced.dk\/wp-content\/uploads\/2023\/12\/485bef_f4ba308f1434494aa89c5ee55480748dmv2.jpg\" class=\"attachment-post-thumbnail size-post-thumbnail wp-post-image\" alt=\"\" srcset=\"https:\/\/ciced.dk\/wp-content\/uploads\/2023\/12\/485bef_f4ba308f1434494aa89c5ee55480748dmv2.jpg 720w, https:\/\/ciced.dk\/wp-content\/uploads\/2023\/12\/485bef_f4ba308f1434494aa89c5ee55480748dmv2-300x271.jpg 300w\" sizes=\"(max-width: 720px) 100vw, 720px\" \/><\/a><\/div>\n\t\t\t\t\t<div class=\"desc\">\n\t\t\t\t\t\t<h3><a href=\"https:\/\/ciced.dk\/en\/covid-19-indvirkning-paa-boern\/\">COVID-19 impact on children<\/a><\/h3>\n\t\t\t\t\t\t<div class=\"meta_tag\">\n\t\t\t\t\t\t\t<span class=\"date\">10. September 2020<\/span>\n\t\t\t\t\t\t\t<span class=\"author\">Johnny Baltzersen<\/span>\n\t\t\t\t\t\t<\/div>\n\t\t\t\t\t\t<p>By: Johnny Baltzersen, Chair, CICED A comprehensive study from Save the Children sheds light on how the most vulnerable children around the world have been affected by COVID-19.&nbsp; Excerpt from Save the Children's presentation of the study: Around 13,500 children...<\/p>\n\t\t\t\t\t\t<div class=\"comt_wrap\">\n\t\t\t\t\t\t\t<span class=\"comment\">0 kommentarer<\/span>\n\t\t\t\t\t\t<\/div>\n\t\t\t\t\t<\/div>\n\t\t\t\t<\/div>\n\t\t\t\t\t\t\t<div class=\"news_block\">\n\t\t\t\t\t<div class=\"img\"><a href=\"https:\/\/ciced.dk\/en\/skoler-lukker-i-bolivia\/\"><img loading=\"lazy\" decoding=\"async\" width=\"1600\" height=\"1200\" src=\"https:\/\/ciced.dk\/wp-content\/uploads\/2023\/12\/485bef_117eeae739734dfa9fde88b99bf19199mv2.jpg\" class=\"attachment-post-thumbnail size-post-thumbnail wp-post-image\" alt=\"\" srcset=\"https:\/\/ciced.dk\/wp-content\/uploads\/2023\/12\/485bef_117eeae739734dfa9fde88b99bf19199mv2.jpg 1600w, https:\/\/ciced.dk\/wp-content\/uploads\/2023\/12\/485bef_117eeae739734dfa9fde88b99bf19199mv2-300x225.jpg 300w, https:\/\/ciced.dk\/wp-content\/uploads\/2023\/12\/485bef_117eeae739734dfa9fde88b99bf19199mv2-1024x768.jpg 1024w, https:\/\/ciced.dk\/wp-content\/uploads\/2023\/12\/485bef_117eeae739734dfa9fde88b99bf19199mv2-768x576.jpg 768w, https:\/\/ciced.dk\/wp-content\/uploads\/2023\/12\/485bef_117eeae739734dfa9fde88b99bf19199mv2-1536x1152.jpg 1536w\" sizes=\"(max-width: 1600px) 100vw, 1600px\" \/><\/a><\/div>\n\t\t\t\t\t<div class=\"desc\">\n\t\t\t\t\t\t<h3><a href=\"https:\/\/ciced.dk\/en\/skoler-lukker-i-bolivia\/\">Schools close in Bolivia<\/a><\/h3>\n\t\t\t\t\t\t<div class=\"meta_tag\">\n\t\t\t\t\t\t\t<span class=\"date\">7. September 2020<\/span>\n\t\t\t\t\t\t\t<span class=\"author\">Johnny Baltzersen<\/span>\n\t\t\t\t\t\t<\/div>\n\t\t\t\t\t\t<p>By: Jette Luna, vice-chair, CICED&nbsp; The corona pandemic means increased inequality. Also in access to education. In Bolivia, the government decided in August to end the 2020 school year. The government cannot guarantee all children and young people access to...<\/p>\n\t\t\t\t\t\t<div class=\"comt_wrap\">\n\t\t\t\t\t\t\t<span class=\"comment\">0 kommentarer<\/span>\n\t\t\t\t\t\t<\/div>\n\t\t\t\t\t<\/div>\n\t\t\t\t<\/div>\n\t\t\t\t\t\t\t<div class=\"news_block\">\n\t\t\t\t\t<div class=\"img\"><a href=\"https:\/\/ciced.dk\/en\/covid-19-paa-tegnsprog-hjaelp-til-doeve-i-tanzania\/\"><img loading=\"lazy\" decoding=\"async\" width=\"690\" height=\"682\" src=\"https:\/\/ciced.dk\/wp-content\/uploads\/2023\/12\/485bef_07bdda3b22614f9d9877eee50089f22dmv2.jpg\" class=\"attachment-post-thumbnail size-post-thumbnail wp-post-image\" alt=\"\" srcset=\"https:\/\/ciced.dk\/wp-content\/uploads\/2023\/12\/485bef_07bdda3b22614f9d9877eee50089f22dmv2.jpg 690w, https:\/\/ciced.dk\/wp-content\/uploads\/2023\/12\/485bef_07bdda3b22614f9d9877eee50089f22dmv2-300x297.jpg 300w\" sizes=\"(max-width: 690px) 100vw, 690px\" \/><\/a><\/div>\n\t\t\t\t\t<div class=\"desc\">\n\t\t\t\t\t\t<h3><a href=\"https:\/\/ciced.dk\/en\/covid-19-paa-tegnsprog-hjaelp-til-doeve-i-tanzania\/\">COVID-19 in sign language &#8211; helping deaf people in Tanzania<\/a><\/h3>\n\t\t\t\t\t\t<div class=\"meta_tag\">\n\t\t\t\t\t\t\t<span class=\"date\">7. September 2020<\/span>\n\t\t\t\t\t\t\t<span class=\"author\">Johnny Baltzersen<\/span>\n\t\t\t\t\t\t<\/div>\n\t\t\t\t\t\t<p>By: Johnny Baltzersen, chair, CICED&nbsp; With the arrival of the coronavirus pandemic in Tanzania, the deaf organization CHAVITA set out to ensure that the deaf community in the country had as much and as good information about COVID-19 as possible....<\/p>\n\t\t\t\t\t\t<div class=\"comt_wrap\">\n\t\t\t\t\t\t\t<span class=\"comment\">0 kommentarer<\/span>\n\t\t\t\t\t\t<\/div>\n\t\t\t\t\t<\/div>\n\t\t\t\t<\/div>\n\t\t\t\t\t\t\t<div class=\"news_block\">\n\t\t\t\t\t<div class=\"img\"><a href=\"https:\/\/ciced.dk\/en\/tegnestift-paa-tibetansk-og-andre-nye-ord\/\"><img loading=\"lazy\" decoding=\"async\" width=\"766\" height=\"472\" src=\"https:\/\/ciced.dk\/wp-content\/uploads\/2023\/12\/485bef_6e574353e9134f448d1e78207e5c38bemv2.png\" class=\"attachment-post-thumbnail size-post-thumbnail wp-post-image\" alt=\"\" srcset=\"https:\/\/ciced.dk\/wp-content\/uploads\/2023\/12\/485bef_6e574353e9134f448d1e78207e5c38bemv2.png 766w, https:\/\/ciced.dk\/wp-content\/uploads\/2023\/12\/485bef_6e574353e9134f448d1e78207e5c38bemv2-300x185.png 300w\" sizes=\"(max-width: 766px) 100vw, 766px\" \/><\/a><\/div>\n\t\t\t\t\t<div class=\"desc\">\n\t\t\t\t\t\t<h3><a href=\"https:\/\/ciced.dk\/en\/tegnestift-paa-tibetansk-og-andre-nye-ord\/\">Tibetan crayon &#8211; and other new words<\/a><\/h3>\n\t\t\t\t\t\t<div class=\"meta_tag\">\n\t\t\t\t\t\t\t<span class=\"date\">7. September 2020<\/span>\n\t\t\t\t\t\t\t<span class=\"author\">Johnny Baltzersen<\/span>\n\t\t\t\t\t\t<\/div>\n\t\t\t\t\t\t<p>By: Johnny Baltzersen, chair, CICED&nbsp; As we all know, language is constantly evolving. Words come and go. This is especially true for the Tibetan language. Since time immemorial, Tibetan has been rich in philosophical and literary concepts, and along with...<\/p>\n\t\t\t\t\t\t<div class=\"comt_wrap\">\n\t\t\t\t\t\t\t<span class=\"comment\">0 kommentarer<\/span>\n\t\t\t\t\t\t<\/div>\n\t\t\t\t\t<\/div>\n\t\t\t\t<\/div>\n\t\t\t\t\t\t\t<div class=\"news_block\">\n\t\t\t\t\t<div class=\"img\"><a href=\"https:\/\/ciced.dk\/en\/mindeord-leo-h-knudsen\/\"><img loading=\"lazy\" decoding=\"async\" width=\"1063\" height=\"1116\" src=\"https:\/\/ciced.dk\/wp-content\/uploads\/2023\/12\/485bef_329f586eccf144fca83b45a6e43c7ff7mv2.jpg\" class=\"attachment-post-thumbnail size-post-thumbnail wp-post-image\" alt=\"\" srcset=\"https:\/\/ciced.dk\/wp-content\/uploads\/2023\/12\/485bef_329f586eccf144fca83b45a6e43c7ff7mv2.jpg 1063w, https:\/\/ciced.dk\/wp-content\/uploads\/2023\/12\/485bef_329f586eccf144fca83b45a6e43c7ff7mv2-286x300.jpg 286w, https:\/\/ciced.dk\/wp-content\/uploads\/2023\/12\/485bef_329f586eccf144fca83b45a6e43c7ff7mv2-975x1024.jpg 975w, https:\/\/ciced.dk\/wp-content\/uploads\/2023\/12\/485bef_329f586eccf144fca83b45a6e43c7ff7mv2-768x806.jpg 768w\" sizes=\"(max-width: 1063px) 100vw, 1063px\" \/><\/a><\/div>\n\t\t\t\t\t<div class=\"desc\">\n\t\t\t\t\t\t<h3><a href=\"https:\/\/ciced.dk\/en\/mindeord-leo-h-knudsen\/\">Eulogy &#8211; Leo H. Knudsen<\/a><\/h3>\n\t\t\t\t\t\t<div class=\"meta_tag\">\n\t\t\t\t\t\t\t<span class=\"date\">24. July 2020<\/span>\n\t\t\t\t\t\t\t<span class=\"author\">Johnny Baltzersen<\/span>\n\t\t\t\t\t\t<\/div>\n\t\t\t\t\t\t<p>Chairman of CICED for almost 10 years, Leo H. Knudsen, passed away after a long illness. July 24, 2020. Leo was just 77 years old.&nbsp; Leo was a bundle of energy. And kindness itself. Focused, dedicated and efficient in everything...<\/p>\n\t\t\t\t\t\t<div class=\"comt_wrap\">\n\t\t\t\t\t\t\t<span class=\"comment\">0 kommentarer<\/span>\n\t\t\t\t\t\t<\/div>\n\t\t\t\t\t<\/div>\n\t\t\t\t<\/div>\n\t\t\t\t\t\t\t<div class=\"news_block\">\n\t\t\t\t\t<div class=\"img\"><a href=\"https:\/\/ciced.dk\/en\/buddhistisk-dialektik\/\"><img loading=\"lazy\" decoding=\"async\" width=\"936\" height=\"702\" src=\"https:\/\/ciced.dk\/wp-content\/uploads\/2023\/12\/485bef_25f778ca715e4702898fc97f806d9313mv2.png\" class=\"attachment-post-thumbnail size-post-thumbnail wp-post-image\" alt=\"\" srcset=\"https:\/\/ciced.dk\/wp-content\/uploads\/2023\/12\/485bef_25f778ca715e4702898fc97f806d9313mv2.png 936w, https:\/\/ciced.dk\/wp-content\/uploads\/2023\/12\/485bef_25f778ca715e4702898fc97f806d9313mv2-300x225.png 300w, https:\/\/ciced.dk\/wp-content\/uploads\/2023\/12\/485bef_25f778ca715e4702898fc97f806d9313mv2-768x576.png 768w\" sizes=\"(max-width: 936px) 100vw, 936px\" \/><\/a><\/div>\n\t\t\t\t\t<div class=\"desc\">\n\t\t\t\t\t\t<h3><a href=\"https:\/\/ciced.dk\/en\/buddhistisk-dialektik\/\">Buddhist dialectics<\/a><\/h3>\n\t\t\t\t\t\t<div class=\"meta_tag\">\n\t\t\t\t\t\t\t<span class=\"date\">9. June 2020<\/span>\n\t\t\t\t\t\t\t<span class=\"author\">Johnny Baltzersen<\/span>\n\t\t\t\t\t\t<\/div>\n\t\t\t\t\t\t<p>- and other good news from the exiled Tibetan community in India&nbsp; The exiled Tibetan community in India, like everyone else in the country, is also affected by COVID-19 lockdown. A reopening is currently underway, but it is uncertain how...<\/p>\n\t\t\t\t\t\t<div class=\"comt_wrap\">\n\t\t\t\t\t\t\t<span class=\"comment\">0 kommentarer<\/span>\n\t\t\t\t\t\t<\/div>\n\t\t\t\t\t<\/div>\n\t\t\t\t<\/div>\n\t\t\t\t\t\t\t<div class=\"news_block\">\n\t\t\t\t\t<div class=\"img\"><a href=\"https:\/\/ciced.dk\/en\/det-var-en-overraskelse\/\"><img loading=\"lazy\" decoding=\"async\" width=\"1536\" height=\"2048\" src=\"https:\/\/ciced.dk\/wp-content\/uploads\/2023\/12\/485bef_b5fe451ab7ee46b58c9f40154775eacdmv2.jpg\" class=\"attachment-post-thumbnail size-post-thumbnail wp-post-image\" alt=\"\" srcset=\"https:\/\/ciced.dk\/wp-content\/uploads\/2023\/12\/485bef_b5fe451ab7ee46b58c9f40154775eacdmv2.jpg 1536w, https:\/\/ciced.dk\/wp-content\/uploads\/2023\/12\/485bef_b5fe451ab7ee46b58c9f40154775eacdmv2-225x300.jpg 225w, https:\/\/ciced.dk\/wp-content\/uploads\/2023\/12\/485bef_b5fe451ab7ee46b58c9f40154775eacdmv2-768x1024.jpg 768w, https:\/\/ciced.dk\/wp-content\/uploads\/2023\/12\/485bef_b5fe451ab7ee46b58c9f40154775eacdmv2-1152x1536.jpg 1152w\" sizes=\"(max-width: 1536px) 100vw, 1536px\" \/><\/a><\/div>\n\t\t\t\t\t<div class=\"desc\">\n\t\t\t\t\t\t<h3><a href=\"https:\/\/ciced.dk\/en\/det-var-en-overraskelse\/\">It was a surprise<\/a><\/h3>\n\t\t\t\t\t\t<div class=\"meta_tag\">\n\t\t\t\t\t\t\t<span class=\"date\">2. June 2020<\/span>\n\t\t\t\t\t\t\t<span class=\"author\">Johnny Baltzersen<\/span>\n\t\t\t\t\t\t<\/div>\n\t\t\t\t\t\t<p>Corona no obstacle for gifts&nbsp; The children taken to bed. Literally. In some cases. This is what Saraa and Tungaa from Children's Ger write after a wonderful International Children's Day. June 1. There's always a party at Children's Ger on...<\/p>\n\t\t\t\t\t\t<div class=\"comt_wrap\">\n\t\t\t\t\t\t\t<span class=\"comment\">0 kommentarer<\/span>\n\t\t\t\t\t\t<\/div>\n\t\t\t\t\t<\/div>\n\t\t\t\t<\/div>\n\t\t\t\t\t\t\t<div class=\"news_block\">\n\t\t\t\t\t<div class=\"img\"><a href=\"https:\/\/ciced.dk\/en\/nedlukning-ingen-hindring\/\"><img loading=\"lazy\" decoding=\"async\" width=\"510\" height=\"689\" src=\"https:\/\/ciced.dk\/wp-content\/uploads\/2023\/12\/485bef_37b2c43ab19240a9a98fe50bfeec8924mv2.png\" class=\"attachment-post-thumbnail size-post-thumbnail wp-post-image\" alt=\"\" srcset=\"https:\/\/ciced.dk\/wp-content\/uploads\/2023\/12\/485bef_37b2c43ab19240a9a98fe50bfeec8924mv2.png 510w, https:\/\/ciced.dk\/wp-content\/uploads\/2023\/12\/485bef_37b2c43ab19240a9a98fe50bfeec8924mv2-222x300.png 222w\" sizes=\"(max-width: 510px) 100vw, 510px\" \/><\/a><\/div>\n\t\t\t\t\t<div class=\"desc\">\n\t\t\t\t\t\t<h3><a href=\"https:\/\/ciced.dk\/en\/nedlukning-ingen-hindring\/\">Lockdown no obstacle<\/a><\/h3>\n\t\t\t\t\t\t<div class=\"meta_tag\">\n\t\t\t\t\t\t\t<span class=\"date\">18. May 2020<\/span>\n\t\t\t\t\t\t\t<span class=\"author\">Johnny Baltzersen<\/span>\n\t\t\t\t\t\t<\/div>\n\t\t\t\t\t\t<p>Teacher training in Potos\u00ed, Bolivia in the shadow of the corona&nbsp; By Jette Luna, CICED, vice-chair As in most countries around the world, all educational institutions in Bolivia are also deserted. All schools are closed, teachers have been sent home,...<\/p>\n\t\t\t\t\t\t<div class=\"comt_wrap\">\n\t\t\t\t\t\t\t<span class=\"comment\">0 kommentarer<\/span>\n\t\t\t\t\t\t<\/div>\n\t\t\t\t\t<\/div>\n\t\t\t\t<\/div>\n\t\t\t\t\t\t\t<div class=\"news_block\">\n\t\t\t\t\t<div class=\"img\"><a href=\"https:\/\/ciced.dk\/en\/covid-19-information-til-de-doeve-i-tanzania\/\"><img loading=\"lazy\" decoding=\"async\" width=\"3072\" height=\"3072\" src=\"https:\/\/ciced.dk\/wp-content\/uploads\/2023\/12\/485bef_9667ad0257eb47df9cd247e108dbfe10mv2.png\" class=\"attachment-post-thumbnail size-post-thumbnail wp-post-image\" alt=\"\" srcset=\"https:\/\/ciced.dk\/wp-content\/uploads\/2023\/12\/485bef_9667ad0257eb47df9cd247e108dbfe10mv2.png 3072w, https:\/\/ciced.dk\/wp-content\/uploads\/2023\/12\/485bef_9667ad0257eb47df9cd247e108dbfe10mv2-300x300.png 300w, https:\/\/ciced.dk\/wp-content\/uploads\/2023\/12\/485bef_9667ad0257eb47df9cd247e108dbfe10mv2-1024x1024.png 1024w, https:\/\/ciced.dk\/wp-content\/uploads\/2023\/12\/485bef_9667ad0257eb47df9cd247e108dbfe10mv2-150x150.png 150w, https:\/\/ciced.dk\/wp-content\/uploads\/2023\/12\/485bef_9667ad0257eb47df9cd247e108dbfe10mv2-768x768.png 768w, https:\/\/ciced.dk\/wp-content\/uploads\/2023\/12\/485bef_9667ad0257eb47df9cd247e108dbfe10mv2-1536x1536.png 1536w, https:\/\/ciced.dk\/wp-content\/uploads\/2023\/12\/485bef_9667ad0257eb47df9cd247e108dbfe10mv2-2048x2048.png 2048w\" sizes=\"(max-width: 3072px) 100vw, 3072px\" \/><\/a><\/div>\n\t\t\t\t\t<div class=\"desc\">\n\t\t\t\t\t\t<h3><a href=\"https:\/\/ciced.dk\/en\/covid-19-information-til-de-doeve-i-tanzania\/\">COVID-19 information for the deaf community in Tanzania<\/a><\/h3>\n\t\t\t\t\t\t<div class=\"meta_tag\">\n\t\t\t\t\t\t\t<span class=\"date\">13. May 2020<\/span>\n\t\t\t\t\t\t\t<span class=\"author\">Johnny Baltzersen<\/span>\n\t\t\t\t\t\t<\/div>\n\t\t\t\t\t\t<p>'There is no information for the deaf regarding COVID-19. In such a crisis situation, the disabled are extra vulnerable. Is there any way you can help?'&nbsp; So began an email to CICED in early April from Dickson Mveyange, Director of...<\/p>\n\t\t\t\t\t\t<div class=\"comt_wrap\">\n\t\t\t\t\t\t\t<span class=\"comment\">0 kommentarer<\/span>\n\t\t\t\t\t\t<\/div>\n\t\t\t\t\t<\/div>\n\t\t\t\t<\/div>\n\t\t\t\t\t\t\t<div class=\"news_block\">\n\t\t\t\t\t<div class=\"img\"><a href=\"https:\/\/ciced.dk\/en\/covid-19-forebyggelse-i-helambu-nepal\/\"><img loading=\"lazy\" decoding=\"async\" width=\"406\" height=\"260\" src=\"https:\/\/ciced.dk\/wp-content\/uploads\/2023\/12\/485bef_0384d43fad16473992fa201e0c803f69mv2.png\" class=\"attachment-post-thumbnail size-post-thumbnail wp-post-image\" alt=\"\" srcset=\"https:\/\/ciced.dk\/wp-content\/uploads\/2023\/12\/485bef_0384d43fad16473992fa201e0c803f69mv2.png 406w, https:\/\/ciced.dk\/wp-content\/uploads\/2023\/12\/485bef_0384d43fad16473992fa201e0c803f69mv2-300x192.png 300w\" sizes=\"(max-width: 406px) 100vw, 406px\" \/><\/a><\/div>\n\t\t\t\t\t<div class=\"desc\">\n\t\t\t\t\t\t<h3><a href=\"https:\/\/ciced.dk\/en\/covid-19-forebyggelse-i-helambu-nepal\/\">COVID-19 prevention in Helambu, Nepal<\/a><\/h3>\n\t\t\t\t\t\t<div class=\"meta_tag\">\n\t\t\t\t\t\t\t<span class=\"date\">13. May 2020<\/span>\n\t\t\t\t\t\t\t<span class=\"author\">Johnny Baltzersen<\/span>\n\t\t\t\t\t\t<\/div>\n\t\t\t\t\t\t<p>Youth activated - first medical check-up via home visits By: Johnny Baltzersen, CICED, chair&nbsp; On the morning of April 6, CICED received a request from our partner JUST Nepal Foundation. The Corona virus had arrived in Nepal. The fear of...<\/p>\n\t\t\t\t\t\t<div class=\"comt_wrap\">\n\t\t\t\t\t\t\t<span class=\"comment\">0 kommentarer<\/span>\n\t\t\t\t\t\t<\/div>\n\t\t\t\t\t<\/div>\n\t\t\t\t<\/div>\n\t\t\t\t\t\t\t<div class=\"news_block\">\n\t\t\t\t\t<div class=\"img\"><a href=\"https:\/\/ciced.dk\/en\/hjaelp-mod-corona-i-helambu-nepal\/\"><img loading=\"lazy\" decoding=\"async\" width=\"1352\" height=\"640\" src=\"https:\/\/ciced.dk\/wp-content\/uploads\/2023\/12\/485bef_f5f6ad3177a742ce89c9edd1b196812fmv2.jpg\" class=\"attachment-post-thumbnail size-post-thumbnail wp-post-image\" alt=\"\" srcset=\"https:\/\/ciced.dk\/wp-content\/uploads\/2023\/12\/485bef_f5f6ad3177a742ce89c9edd1b196812fmv2.jpg 1352w, https:\/\/ciced.dk\/wp-content\/uploads\/2023\/12\/485bef_f5f6ad3177a742ce89c9edd1b196812fmv2-300x142.jpg 300w, https:\/\/ciced.dk\/wp-content\/uploads\/2023\/12\/485bef_f5f6ad3177a742ce89c9edd1b196812fmv2-1024x485.jpg 1024w, https:\/\/ciced.dk\/wp-content\/uploads\/2023\/12\/485bef_f5f6ad3177a742ce89c9edd1b196812fmv2-768x364.jpg 768w\" sizes=\"(max-width: 1352px) 100vw, 1352px\" \/><\/a><\/div>\n\t\t\t\t\t<div class=\"desc\">\n\t\t\t\t\t\t<h3><a href=\"https:\/\/ciced.dk\/en\/hjaelp-mod-corona-i-helambu-nepal\/\">HELP AGAINST CORONA IN HELAMBU, NEPAL<\/a><\/h3>\n\t\t\t\t\t\t<div class=\"meta_tag\">\n\t\t\t\t\t\t\t<span class=\"date\">8. April 2020<\/span>\n\t\t\t\t\t\t\t<span class=\"author\">Johnny Baltzersen<\/span>\n\t\t\t\t\t\t<\/div>\n\t\t\t\t\t\t<p>By: Johnny Baltzersen with Rita Tisdall and Gopal Lama&nbsp; COVID-19 is everywhere. There are cries for help from all corners of the world. CICED is not a relief organization. And we're not a big association. Our support will be limited...<\/p>\n\t\t\t\t\t\t<div class=\"comt_wrap\">\n\t\t\t\t\t\t\t<span class=\"comment\">0 kommentarer<\/span>\n\t\t\t\t\t\t<\/div>\n\t\t\t\t\t<\/div>\n\t\t\t\t<\/div>\n\t\t\t\t\t\t\t<div class=\"news_block\">\n\t\t\t\t\t<div class=\"img\"><a href=\"https:\/\/ciced.dk\/en\/udviklingsprojekter-i-coronaens-tid\/\"><img loading=\"lazy\" decoding=\"async\" width=\"500\" height=\"220\" src=\"https:\/\/ciced.dk\/wp-content\/uploads\/2023\/12\/a27d24_77432661d9e547e0a0982fa51b2389ed_mv2.png\" class=\"attachment-post-thumbnail size-post-thumbnail wp-post-image\" alt=\"\" srcset=\"https:\/\/ciced.dk\/wp-content\/uploads\/2023\/12\/a27d24_77432661d9e547e0a0982fa51b2389ed_mv2.png 500w, https:\/\/ciced.dk\/wp-content\/uploads\/2023\/12\/a27d24_77432661d9e547e0a0982fa51b2389ed_mv2-300x132.png 300w\" sizes=\"(max-width: 500px) 100vw, 500px\" \/><\/a><\/div>\n\t\t\t\t\t<div class=\"desc\">\n\t\t\t\t\t\t<h3><a href=\"https:\/\/ciced.dk\/en\/udviklingsprojekter-i-coronaens-tid\/\">DEVELOPMENT PROJECTS IN THE TIME OF CORONA<\/a><\/h3>\n\t\t\t\t\t\t<div class=\"meta_tag\">\n\t\t\t\t\t\t\t<span class=\"date\">3. April 2020<\/span>\n\t\t\t\t\t\t\t<span class=\"author\">Johnny Baltzersen<\/span>\n\t\t\t\t\t\t<\/div>\n\t\t\t\t\t\t<p>An overview of general challenges and how CICED, our partners and projects are doing. By: Johnny Baltzersen, CICED, chair&nbsp; While all the headlines for weeks have been about the coronavirus in our own backyard, the focus is now also on...<\/p>\n\t\t\t\t\t\t<div class=\"comt_wrap\">\n\t\t\t\t\t\t\t<span class=\"comment\">0 kommentarer<\/span>\n\t\t\t\t\t\t<\/div>\n\t\t\t\t\t<\/div>\n\t\t\t\t<\/div>\n\t\t\t\t\t\t\t<div class=\"news_block\">\n\t\t\t\t\t<div class=\"img\"><a href=\"https:\/\/ciced.dk\/en\/en-ekstra-koejeseng-tak\/\"><img loading=\"lazy\" decoding=\"async\" width=\"2560\" height=\"1920\" src=\"https:\/\/ciced.dk\/wp-content\/uploads\/2023\/12\/485bef_ad5be9fa7fc047fa8067e230c0ad781fmv2-scaled.jpg\" class=\"attachment-post-thumbnail size-post-thumbnail wp-post-image\" alt=\"\" srcset=\"https:\/\/ciced.dk\/wp-content\/uploads\/2023\/12\/485bef_ad5be9fa7fc047fa8067e230c0ad781fmv2-scaled.jpg 2560w, https:\/\/ciced.dk\/wp-content\/uploads\/2023\/12\/485bef_ad5be9fa7fc047fa8067e230c0ad781fmv2-300x225.jpg 300w, https:\/\/ciced.dk\/wp-content\/uploads\/2023\/12\/485bef_ad5be9fa7fc047fa8067e230c0ad781fmv2-1024x768.jpg 1024w, https:\/\/ciced.dk\/wp-content\/uploads\/2023\/12\/485bef_ad5be9fa7fc047fa8067e230c0ad781fmv2-768x576.jpg 768w, https:\/\/ciced.dk\/wp-content\/uploads\/2023\/12\/485bef_ad5be9fa7fc047fa8067e230c0ad781fmv2-1536x1152.jpg 1536w, https:\/\/ciced.dk\/wp-content\/uploads\/2023\/12\/485bef_ad5be9fa7fc047fa8067e230c0ad781fmv2-2048x1536.jpg 2048w\" sizes=\"(max-width: 2560px) 100vw, 2560px\" \/><\/a><\/div>\n\t\t\t\t\t<div class=\"desc\">\n\t\t\t\t\t\t<h3><a href=\"https:\/\/ciced.dk\/en\/en-ekstra-koejeseng-tak\/\">An extra bunk bed, please!<\/a><\/h3>\n\t\t\t\t\t\t<div class=\"meta_tag\">\n\t\t\t\t\t\t\t<span class=\"date\">22. March 2020<\/span>\n\t\t\t\t\t\t\t<span class=\"author\">Johnny Baltzersen<\/span>\n\t\t\t\t\t\t<\/div>\n\t\t\t\t\t\t<p>By: Jette Luna &amp; Johnny Baltzersen, CICED&nbsp; It's not every day that a project's relevance can be measured in the need for bunk beds. But this is the case in Potos\u00ed in the Bolivian highlands, where CICED's project with Acci\u00f3n...<\/p>\n\t\t\t\t\t\t<div class=\"comt_wrap\">\n\t\t\t\t\t\t\t<span class=\"comment\">0 kommentarer<\/span>\n\t\t\t\t\t\t<\/div>\n\t\t\t\t\t<\/div>\n\t\t\t\t<\/div>\n\t\t\t\t\t\t\t<div class=\"news_block\">\n\t\t\t\t\t<div class=\"img\"><a href=\"https:\/\/ciced.dk\/en\/det-bliver-en-herlig-boernenes-dag-for-childrens-ger\/\"><img loading=\"lazy\" decoding=\"async\" width=\"1280\" height=\"960\" src=\"https:\/\/ciced.dk\/wp-content\/uploads\/2023\/12\/485bef_deefcb0aae9a4e6992a5eee793f07b00mv2.jpg\" class=\"attachment-post-thumbnail size-post-thumbnail wp-post-image\" alt=\"\" srcset=\"https:\/\/ciced.dk\/wp-content\/uploads\/2023\/12\/485bef_deefcb0aae9a4e6992a5eee793f07b00mv2.jpg 1280w, https:\/\/ciced.dk\/wp-content\/uploads\/2023\/12\/485bef_deefcb0aae9a4e6992a5eee793f07b00mv2-300x225.jpg 300w, https:\/\/ciced.dk\/wp-content\/uploads\/2023\/12\/485bef_deefcb0aae9a4e6992a5eee793f07b00mv2-1024x768.jpg 1024w, https:\/\/ciced.dk\/wp-content\/uploads\/2023\/12\/485bef_deefcb0aae9a4e6992a5eee793f07b00mv2-768x576.jpg 768w\" sizes=\"(max-width: 1280px) 100vw, 1280px\" \/><\/a><\/div>\n\t\t\t\t\t<div class=\"desc\">\n\t\t\t\t\t\t<h3><a href=\"https:\/\/ciced.dk\/en\/det-bliver-en-herlig-boernenes-dag-for-childrens-ger\/\">It&#8217;s going to be a great kids&#8217; day for Children&#8217;s Ger!<\/a><\/h3>\n\t\t\t\t\t\t<div class=\"meta_tag\">\n\t\t\t\t\t\t\t<span class=\"date\">13. March 2020<\/span>\n\t\t\t\t\t\t\t<span class=\"author\">Johnny Baltzersen<\/span>\n\t\t\t\t\t\t<\/div>\n\t\t\t\t\t\t<p>Recently, we told you about the children in the Children's Ger in Mongolia who can't get out and don't have much indoor recreation. We encouraged you to make a donation so that Children's Ger teachers Saraa and Tunga could celebrate...<\/p>\n\t\t\t\t\t\t<div class=\"comt_wrap\">\n\t\t\t\t\t\t\t<span class=\"comment\">0 kommentarer<\/span>\n\t\t\t\t\t\t<\/div>\n\t\t\t\t\t<\/div>\n\t\t\t\t<\/div>\n\t\t\t\t\t\t\t<div class=\"news_block\">\n\t\t\t\t\t<div class=\"img\"><a href=\"https:\/\/ciced.dk\/en\/naar-boernene-ikke-kommer-i-skole-saa-maa-laereren-komme-til-boernene\/\"><img loading=\"lazy\" decoding=\"async\" width=\"720\" height=\"833\" src=\"https:\/\/ciced.dk\/wp-content\/uploads\/2023\/12\/485bef_8c28e40e9c9549dc94ea3aca9cc73868mv2.jpg\" class=\"attachment-post-thumbnail size-post-thumbnail wp-post-image\" alt=\"\" srcset=\"https:\/\/ciced.dk\/wp-content\/uploads\/2023\/12\/485bef_8c28e40e9c9549dc94ea3aca9cc73868mv2.jpg 720w, https:\/\/ciced.dk\/wp-content\/uploads\/2023\/12\/485bef_8c28e40e9c9549dc94ea3aca9cc73868mv2-259x300.jpg 259w\" sizes=\"(max-width: 720px) 100vw, 720px\" \/><\/a><\/div>\n\t\t\t\t\t<div class=\"desc\">\n\t\t\t\t\t\t<h3><a href=\"https:\/\/ciced.dk\/en\/naar-boernene-ikke-kommer-i-skole-saa-maa-laereren-komme-til-boernene\/\">When the kids don&#8217;t come to school &#8211; the teacher has to come to the kids<\/a><\/h3>\n\t\t\t\t\t\t<div class=\"meta_tag\">\n\t\t\t\t\t\t\t<span class=\"date\">10. March 2020<\/span>\n\t\t\t\t\t\t\t<span class=\"author\">Johnny Baltzersen<\/span>\n\t\t\t\t\t\t<\/div>\n\t\t\t\t\t\t<p>By: Johnny Baltzersen, CICED&nbsp; 'We visit the children every week. Then they get new homework and corrected homework assignments back, and we talk to them about how they're doing and see if they need extra help,' Saraa and Tunga tell...<\/p>\n\t\t\t\t\t\t<div class=\"comt_wrap\">\n\t\t\t\t\t\t\t<span class=\"comment\">0 kommentarer<\/span>\n\t\t\t\t\t\t<\/div>\n\t\t\t\t\t<\/div>\n\t\t\t\t<\/div>\n\t\t\t\t\t\t\t<div class=\"news_block\">\n\t\t\t\t\t<div class=\"img\"><a href=\"https:\/\/ciced.dk\/en\/helambu-youth-cooperative-etableret\/\"><img loading=\"lazy\" decoding=\"async\" width=\"1350\" height=\"640\" src=\"https:\/\/ciced.dk\/wp-content\/uploads\/2023\/12\/485bef_270c8513ad2d4dfb88ba6d11ee9e6d20mv2.jpg\" class=\"attachment-post-thumbnail size-post-thumbnail wp-post-image\" alt=\"\" srcset=\"https:\/\/ciced.dk\/wp-content\/uploads\/2023\/12\/485bef_270c8513ad2d4dfb88ba6d11ee9e6d20mv2.jpg 1350w, https:\/\/ciced.dk\/wp-content\/uploads\/2023\/12\/485bef_270c8513ad2d4dfb88ba6d11ee9e6d20mv2-300x142.jpg 300w, https:\/\/ciced.dk\/wp-content\/uploads\/2023\/12\/485bef_270c8513ad2d4dfb88ba6d11ee9e6d20mv2-1024x485.jpg 1024w, https:\/\/ciced.dk\/wp-content\/uploads\/2023\/12\/485bef_270c8513ad2d4dfb88ba6d11ee9e6d20mv2-768x364.jpg 768w\" sizes=\"(max-width: 1350px) 100vw, 1350px\" \/><\/a><\/div>\n\t\t\t\t\t<div class=\"desc\">\n\t\t\t\t\t\t<h3><a href=\"https:\/\/ciced.dk\/en\/helambu-youth-cooperative-etableret\/\">Helambu Youth Cooperative established<\/a><\/h3>\n\t\t\t\t\t\t<div class=\"meta_tag\">\n\t\t\t\t\t\t\t<span class=\"date\">3. February 2020<\/span>\n\t\t\t\t\t\t\t<span class=\"author\">Johnny Baltzersen<\/span>\n\t\t\t\t\t\t<\/div>\n\t\t\t\t\t\t<p>Inspired by the Putting Youth on the Centre Stage project, young people from all 7 villages (wards) in Helambu have established a cooperative. CICED's partner JUST Nepal Foundation provides fantastic support with formalization and other paperwork. The young people themselves...<\/p>\n\t\t\t\t\t\t<div class=\"comt_wrap\">\n\t\t\t\t\t\t\t<span class=\"comment\">0 kommentarer<\/span>\n\t\t\t\t\t\t<\/div>\n\t\t\t\t\t<\/div>\n\t\t\t\t<\/div>\n\t\t\t\t\t\t\t<div class=\"news_block\">\n\t\t\t\t\t<div class=\"img\"><a href=\"https:\/\/ciced.dk\/en\/der-planlaegges-paa-livet-loes\/\"><img loading=\"lazy\" decoding=\"async\" width=\"960\" height=\"540\" src=\"https:\/\/ciced.dk\/wp-content\/uploads\/2023\/12\/485bef_00b4c3af62234e0e8522c53f4ad4954emv2.jpg\" class=\"attachment-post-thumbnail size-post-thumbnail wp-post-image\" alt=\"\" srcset=\"https:\/\/ciced.dk\/wp-content\/uploads\/2023\/12\/485bef_00b4c3af62234e0e8522c53f4ad4954emv2.jpg 960w, https:\/\/ciced.dk\/wp-content\/uploads\/2023\/12\/485bef_00b4c3af62234e0e8522c53f4ad4954emv2-300x169.jpg 300w, https:\/\/ciced.dk\/wp-content\/uploads\/2023\/12\/485bef_00b4c3af62234e0e8522c53f4ad4954emv2-768x432.jpg 768w\" sizes=\"(max-width: 960px) 100vw, 960px\" \/><\/a><\/div>\n\t\t\t\t\t<div class=\"desc\">\n\t\t\t\t\t\t<h3><a href=\"https:\/\/ciced.dk\/en\/der-planlaegges-paa-livet-loes\/\">Planning is in full swing<\/a><\/h3>\n\t\t\t\t\t\t<div class=\"meta_tag\">\n\t\t\t\t\t\t\t<span class=\"date\">3. February 2020<\/span>\n\t\t\t\t\t\t\t<span class=\"author\">Johnny Baltzersen<\/span>\n\t\t\t\t\t\t<\/div>\n\t\t\t\t\t\t<p>by Johnny Baltzersen, CICED chair.&nbsp; The kick-off conference for the Better School Start-Better School Life project in Mongolia was in early November 2019. Over two hundred participants from 63 rural areas attended, along with representatives from the Mongolian Ministry of...<\/p>\n\t\t\t\t\t\t<div class=\"comt_wrap\">\n\t\t\t\t\t\t\t<span class=\"comment\">0 kommentarer<\/span>\n\t\t\t\t\t\t<\/div>\n\t\t\t\t\t<\/div>\n\t\t\t\t<\/div>\n\t\t\t\t\t\t\t<div class=\"news_block\">\n\t\t\t\t\t<div class=\"img\"><a href=\"https:\/\/ciced.dk\/en\/potosi-projekt-i-gang\/\"><img loading=\"lazy\" decoding=\"async\" width=\"1152\" height=\"864\" src=\"https:\/\/ciced.dk\/wp-content\/uploads\/2023\/12\/485bef_22eef5e76e8e434da3befb16b07d57d0mv2.jpg\" class=\"attachment-post-thumbnail size-post-thumbnail wp-post-image\" alt=\"\" srcset=\"https:\/\/ciced.dk\/wp-content\/uploads\/2023\/12\/485bef_22eef5e76e8e434da3befb16b07d57d0mv2.jpg 1152w, https:\/\/ciced.dk\/wp-content\/uploads\/2023\/12\/485bef_22eef5e76e8e434da3befb16b07d57d0mv2-300x225.jpg 300w, https:\/\/ciced.dk\/wp-content\/uploads\/2023\/12\/485bef_22eef5e76e8e434da3befb16b07d57d0mv2-1024x768.jpg 1024w, https:\/\/ciced.dk\/wp-content\/uploads\/2023\/12\/485bef_22eef5e76e8e434da3befb16b07d57d0mv2-768x576.jpg 768w\" sizes=\"(max-width: 1152px) 100vw, 1152px\" \/><\/a><\/div>\n\t\t\t\t\t<div class=\"desc\">\n\t\t\t\t\t\t<h3><a href=\"https:\/\/ciced.dk\/en\/potosi-projekt-i-gang\/\">Potos\u00ed project underway<\/a><\/h3>\n\t\t\t\t\t\t<div class=\"meta_tag\">\n\t\t\t\t\t\t\t<span class=\"date\">2. February 2020<\/span>\n\t\t\t\t\t\t\t<span class=\"author\">Johnny Baltzersen<\/span>\n\t\t\t\t\t\t<\/div>\n\t\t\t\t\t\t<p>By: Jette Luna, vice-chair, CICED The project in Bolivia has now started in earnest.&nbsp; Last weekend, the project invited members from the local branch of the Ministry of Education in Potosi, as well as representatives from the school authorities in...<\/p>\n\t\t\t\t\t\t<div class=\"comt_wrap\">\n\t\t\t\t\t\t\t<span class=\"comment\">0 kommentarer<\/span>\n\t\t\t\t\t\t<\/div>\n\t\t\t\t\t<\/div>\n\t\t\t\t<\/div>\n\t\t\t\t\t\t\t<div class=\"news_block\">\n\t\t\t\t\t<div class=\"img\"><a href=\"https:\/\/ciced.dk\/en\/ude-er-noedvendigt-men-hjemme-burde-vaere-bedst\/\"><img loading=\"lazy\" decoding=\"async\" width=\"1600\" height=\"1200\" src=\"https:\/\/ciced.dk\/wp-content\/uploads\/2023\/12\/485bef_9e7c007cb6a64dcb9a69d990643c188cmv2_d_1600_1200_s_2.jpg\" class=\"attachment-post-thumbnail size-post-thumbnail wp-post-image\" alt=\"\" srcset=\"https:\/\/ciced.dk\/wp-content\/uploads\/2023\/12\/485bef_9e7c007cb6a64dcb9a69d990643c188cmv2_d_1600_1200_s_2.jpg 1600w, https:\/\/ciced.dk\/wp-content\/uploads\/2023\/12\/485bef_9e7c007cb6a64dcb9a69d990643c188cmv2_d_1600_1200_s_2-300x225.jpg 300w, https:\/\/ciced.dk\/wp-content\/uploads\/2023\/12\/485bef_9e7c007cb6a64dcb9a69d990643c188cmv2_d_1600_1200_s_2-1024x768.jpg 1024w, https:\/\/ciced.dk\/wp-content\/uploads\/2023\/12\/485bef_9e7c007cb6a64dcb9a69d990643c188cmv2_d_1600_1200_s_2-768x576.jpg 768w, https:\/\/ciced.dk\/wp-content\/uploads\/2023\/12\/485bef_9e7c007cb6a64dcb9a69d990643c188cmv2_d_1600_1200_s_2-1536x1152.jpg 1536w\" sizes=\"(max-width: 1600px) 100vw, 1600px\" \/><\/a><\/div>\n\t\t\t\t\t<div class=\"desc\">\n\t\t\t\t\t\t<h3><a href=\"https:\/\/ciced.dk\/en\/ude-er-noedvendigt-men-hjemme-burde-vaere-bedst\/\">Outside is necessary, but home should be best<\/a><\/h3>\n\t\t\t\t\t\t<div class=\"meta_tag\">\n\t\t\t\t\t\t\t<span class=\"date\">17. December 2019<\/span>\n\t\t\t\t\t\t\t<span class=\"author\">Johnny Baltzersen<\/span>\n\t\t\t\t\t\t<\/div>\n\t\t\t\t\t\t<p>By Jette Luna, CICED vice-chair and responsible for projects in Latin America&nbsp; On January 1, 2020, CICED's new project in Bolivia starts: 'Quality education for children and youth in poor villages in the highlands of Bolivia'. The project aims to...<\/p>\n\t\t\t\t\t\t<div class=\"comt_wrap\">\n\t\t\t\t\t\t\t<span class=\"comment\">0 kommentarer<\/span>\n\t\t\t\t\t\t<\/div>\n\t\t\t\t\t<\/div>\n\t\t\t\t<\/div>\n\t\t\t\t\t\t\t<div class=\"news_block\">\n\t\t\t\t\t<div class=\"img\"><a href=\"https:\/\/ciced.dk\/en\/en-unik-anmodning-til-ciced\/\"><img loading=\"lazy\" decoding=\"async\" width=\"1037\" height=\"489\" src=\"https:\/\/ciced.dk\/wp-content\/uploads\/2023\/12\/485bef_60556249d938418c8495d0bb1b78a8b1mv2.png\" class=\"attachment-post-thumbnail size-post-thumbnail wp-post-image\" alt=\"\" srcset=\"https:\/\/ciced.dk\/wp-content\/uploads\/2023\/12\/485bef_60556249d938418c8495d0bb1b78a8b1mv2.png 1037w, https:\/\/ciced.dk\/wp-content\/uploads\/2023\/12\/485bef_60556249d938418c8495d0bb1b78a8b1mv2-300x141.png 300w, https:\/\/ciced.dk\/wp-content\/uploads\/2023\/12\/485bef_60556249d938418c8495d0bb1b78a8b1mv2-1024x483.png 1024w, https:\/\/ciced.dk\/wp-content\/uploads\/2023\/12\/485bef_60556249d938418c8495d0bb1b78a8b1mv2-768x362.png 768w\" sizes=\"(max-width: 1037px) 100vw, 1037px\" \/><\/a><\/div>\n\t\t\t\t\t<div class=\"desc\">\n\t\t\t\t\t\t<h3><a href=\"https:\/\/ciced.dk\/en\/en-unik-anmodning-til-ciced\/\">A unique request to CICED<\/a><\/h3>\n\t\t\t\t\t\t<div class=\"meta_tag\">\n\t\t\t\t\t\t\t<span class=\"date\">3. December 2019<\/span>\n\t\t\t\t\t\t\t<span class=\"author\">Johnny Baltzersen<\/span>\n\t\t\t\t\t\t<\/div>\n\t\t\t\t\t\t<p>School development, social inclusion and anti-trafficking efforts in Helambu By Rita Tisdall and Johnny Baltzersen, CICED&nbsp; Nepal has undergone extensive political change over the past three decades. The driving force behind the changes are popular demands for a more inclusive...<\/p>\n\t\t\t\t\t\t<div class=\"comt_wrap\">\n\t\t\t\t\t\t\t<span class=\"comment\">0 kommentarer<\/span>\n\t\t\t\t\t\t<\/div>\n\t\t\t\t\t<\/div>\n\t\t\t\t<\/div>\n\t\t\t\t\t\t\t<div class=\"news_block\">\n\t\t\t\t\t<div class=\"img\"><a href=\"https:\/\/ciced.dk\/en\/a-unique-request-for-ciced-to-partner-in-a-new-school-project-in-helambu\/\"><img loading=\"lazy\" decoding=\"async\" width=\"1037\" height=\"489\" src=\"https:\/\/ciced.dk\/wp-content\/uploads\/2023\/12\/485bef_60556249d938418c8495d0bb1b78a8b1mv2.png\" class=\"attachment-post-thumbnail size-post-thumbnail wp-post-image\" alt=\"\" srcset=\"https:\/\/ciced.dk\/wp-content\/uploads\/2023\/12\/485bef_60556249d938418c8495d0bb1b78a8b1mv2.png 1037w, https:\/\/ciced.dk\/wp-content\/uploads\/2023\/12\/485bef_60556249d938418c8495d0bb1b78a8b1mv2-300x141.png 300w, https:\/\/ciced.dk\/wp-content\/uploads\/2023\/12\/485bef_60556249d938418c8495d0bb1b78a8b1mv2-1024x483.png 1024w, https:\/\/ciced.dk\/wp-content\/uploads\/2023\/12\/485bef_60556249d938418c8495d0bb1b78a8b1mv2-768x362.png 768w\" sizes=\"(max-width: 1037px) 100vw, 1037px\" \/><\/a><\/div>\n\t\t\t\t\t<div class=\"desc\">\n\t\t\t\t\t\t<h3><a href=\"https:\/\/ciced.dk\/en\/a-unique-request-for-ciced-to-partner-in-a-new-school-project-in-helambu\/\">A unique request for CICED to partner in a new school project in Helambu<\/a><\/h3>\n\t\t\t\t\t\t<div class=\"meta_tag\">\n\t\t\t\t\t\t\t<span class=\"date\">3. December 2019<\/span>\n\t\t\t\t\t\t\t<span class=\"author\">Johnny Baltzersen<\/span>\n\t\t\t\t\t\t<\/div>\n\t\t\t\t\t\t<p>By Rita Tisdall and Johnny Baltzersen, CICED Nepal has undergone substantial political changes over the last three decades. The driving factor behind Nepal's People Movement was the aspirations of the Nepali people for a more inclusive and equal society. In...<\/p>\n\t\t\t\t\t\t<div class=\"comt_wrap\">\n\t\t\t\t\t\t\t<span class=\"comment\">0 kommentarer<\/span>\n\t\t\t\t\t\t<\/div>\n\t\t\t\t\t<\/div>\n\t\t\t\t<\/div>\n\t\t\t\t\t\t\t<div class=\"news_block\">\n\t\t\t\t\t<div class=\"img\"><a href=\"https:\/\/ciced.dk\/en\/migratiedromen-opnieuw-bekeken\/\"><img loading=\"lazy\" decoding=\"async\" width=\"977\" height=\"568\" src=\"https:\/\/ciced.dk\/wp-content\/uploads\/2023\/12\/485bef_ce87af9de80b4566b102d2e3e57c6688mv2.jpeg\" class=\"attachment-post-thumbnail size-post-thumbnail wp-post-image\" alt=\"\" srcset=\"https:\/\/ciced.dk\/wp-content\/uploads\/2023\/12\/485bef_ce87af9de80b4566b102d2e3e57c6688mv2.jpeg 977w, https:\/\/ciced.dk\/wp-content\/uploads\/2023\/12\/485bef_ce87af9de80b4566b102d2e3e57c6688mv2-300x174.jpeg 300w, https:\/\/ciced.dk\/wp-content\/uploads\/2023\/12\/485bef_ce87af9de80b4566b102d2e3e57c6688mv2-768x446.jpeg 768w\" sizes=\"(max-width: 977px) 100vw, 977px\" \/><\/a><\/div>\n\t\t\t\t\t<div class=\"desc\">\n\t\t\t\t\t\t<h3><a href=\"https:\/\/ciced.dk\/en\/migratiedromen-opnieuw-bekeken\/\">Migration dreams revisited<\/a><\/h3>\n\t\t\t\t\t\t<div class=\"meta_tag\">\n\t\t\t\t\t\t\t<span class=\"date\">23. November 2019<\/span>\n\t\t\t\t\t\t\t<span class=\"author\">Johnny Baltzersen<\/span>\n\t\t\t\t\t\t<\/div>\n\t\t\t\t\t\t<p>By: Rita Tisdall in Nepal The first phase of the project, \"Putting Youth on Centre Stage,\" has been successfully completed in Helambu Nepal. Helambu was head hit by the 2015 earthquake 3,000 people died and 90% of all buildings were...<\/p>\n\t\t\t\t\t\t<div class=\"comt_wrap\">\n\t\t\t\t\t\t\t<span class=\"comment\">0 kommentarer<\/span>\n\t\t\t\t\t\t<\/div>\n\t\t\t\t\t<\/div>\n\t\t\t\t<\/div>\n\t\t\t\t\t\t\t<div class=\"news_block\">\n\t\t\t\t\t<div class=\"img\"><a href=\"https:\/\/ciced.dk\/en\/rejsen-til-golfen-er-aflyst\/\"><img loading=\"lazy\" decoding=\"async\" width=\"977\" height=\"568\" src=\"https:\/\/ciced.dk\/wp-content\/uploads\/2023\/12\/485bef_ce87af9de80b4566b102d2e3e57c6688mv2.jpeg\" class=\"attachment-post-thumbnail size-post-thumbnail wp-post-image\" alt=\"\" srcset=\"https:\/\/ciced.dk\/wp-content\/uploads\/2023\/12\/485bef_ce87af9de80b4566b102d2e3e57c6688mv2.jpeg 977w, https:\/\/ciced.dk\/wp-content\/uploads\/2023\/12\/485bef_ce87af9de80b4566b102d2e3e57c6688mv2-300x174.jpeg 300w, https:\/\/ciced.dk\/wp-content\/uploads\/2023\/12\/485bef_ce87af9de80b4566b102d2e3e57c6688mv2-768x446.jpeg 768w\" sizes=\"(max-width: 977px) 100vw, 977px\" \/><\/a><\/div>\n\t\t\t\t\t<div class=\"desc\">\n\t\t\t\t\t\t<h3><a href=\"https:\/\/ciced.dk\/en\/rejsen-til-golfen-er-aflyst\/\">Trip to the Gulf is canceled<\/a><\/h3>\n\t\t\t\t\t\t<div class=\"meta_tag\">\n\t\t\t\t\t\t\t<span class=\"date\">20. November 2019<\/span>\n\t\t\t\t\t\t\t<span class=\"author\">Johnny Baltzersen<\/span>\n\t\t\t\t\t\t<\/div>\n\t\t\t\t\t\t<p>By: Rita Tisdall and Johnny Baltzersen&nbsp; \"A new conversation is born. Is it really necessary to migrate? No one used to ask that question. Getting away was like winning the lottery. Now everyone is talking about it. We're not so...<\/p>\n\t\t\t\t\t\t<div class=\"comt_wrap\">\n\t\t\t\t\t\t\t<span class=\"comment\">0 kommentarer<\/span>\n\t\t\t\t\t\t<\/div>\n\t\t\t\t\t<\/div>\n\t\t\t\t<\/div>\n\t\t\t\t\t\t\t<div class=\"news_block\">\n\t\t\t\t\t<div class=\"img\"><a href=\"https:\/\/ciced.dk\/en\/ciced-klar-til-sit-10-aar\/\"><img loading=\"lazy\" decoding=\"async\" width=\"2144\" height=\"1424\" src=\"https:\/\/ciced.dk\/wp-content\/uploads\/2023\/12\/485bef_79a690c984cb4b9b9255ceb3a72046f7mv2_d_2144_1424_s_2.jpg\" class=\"attachment-post-thumbnail size-post-thumbnail wp-post-image\" alt=\"\" srcset=\"https:\/\/ciced.dk\/wp-content\/uploads\/2023\/12\/485bef_79a690c984cb4b9b9255ceb3a72046f7mv2_d_2144_1424_s_2.jpg 2144w, https:\/\/ciced.dk\/wp-content\/uploads\/2023\/12\/485bef_79a690c984cb4b9b9255ceb3a72046f7mv2_d_2144_1424_s_2-300x199.jpg 300w, https:\/\/ciced.dk\/wp-content\/uploads\/2023\/12\/485bef_79a690c984cb4b9b9255ceb3a72046f7mv2_d_2144_1424_s_2-1024x680.jpg 1024w, https:\/\/ciced.dk\/wp-content\/uploads\/2023\/12\/485bef_79a690c984cb4b9b9255ceb3a72046f7mv2_d_2144_1424_s_2-768x510.jpg 768w, https:\/\/ciced.dk\/wp-content\/uploads\/2023\/12\/485bef_79a690c984cb4b9b9255ceb3a72046f7mv2_d_2144_1424_s_2-1536x1020.jpg 1536w, https:\/\/ciced.dk\/wp-content\/uploads\/2023\/12\/485bef_79a690c984cb4b9b9255ceb3a72046f7mv2_d_2144_1424_s_2-2048x1360.jpg 2048w\" sizes=\"(max-width: 2144px) 100vw, 2144px\" \/><\/a><\/div>\n\t\t\t\t\t<div class=\"desc\">\n\t\t\t\t\t\t<h3><a href=\"https:\/\/ciced.dk\/en\/ciced-klar-til-sit-10-aar\/\">CICED ready for its 10th year<\/a><\/h3>\n\t\t\t\t\t\t<div class=\"meta_tag\">\n\t\t\t\t\t\t\t<span class=\"date\">20. November 2019<\/span>\n\t\t\t\t\t\t\t<span class=\"author\">Johnny Baltzersen<\/span>\n\t\t\t\t\t\t<\/div>\n\t\t\t\t\t\t<p>CICED held its general assembly on d. 20.11.2019. An ambitious work program for 2020 is in place. With ongoing and planned projects in Bolivia, Exile Tibet\/India, Mongolia, Nepal, Peru and Tanzania, there will be plenty to keep the new board...<\/p>\n\t\t\t\t\t\t<div class=\"comt_wrap\">\n\t\t\t\t\t\t\t<span class=\"comment\">0 kommentarer<\/span>\n\t\t\t\t\t\t<\/div>\n\t\t\t\t\t<\/div>\n\t\t\t\t<\/div>\n\t\t\t\t\t\t\t<div class=\"news_block\">\n\t\t\t\t\t<div class=\"img\"><a href=\"https:\/\/ciced.dk\/en\/better-school-start-better-school-life\/\"><img loading=\"lazy\" decoding=\"async\" width=\"1280\" height=\"960\" src=\"https:\/\/ciced.dk\/wp-content\/uploads\/2023\/12\/485bef_c4ea92dc0f9a468f98ed8339cc192f69mv2.jpeg\" class=\"attachment-post-thumbnail size-post-thumbnail wp-post-image\" alt=\"\" srcset=\"https:\/\/ciced.dk\/wp-content\/uploads\/2023\/12\/485bef_c4ea92dc0f9a468f98ed8339cc192f69mv2.jpeg 1280w, https:\/\/ciced.dk\/wp-content\/uploads\/2023\/12\/485bef_c4ea92dc0f9a468f98ed8339cc192f69mv2-300x225.jpeg 300w, https:\/\/ciced.dk\/wp-content\/uploads\/2023\/12\/485bef_c4ea92dc0f9a468f98ed8339cc192f69mv2-1024x768.jpeg 1024w, https:\/\/ciced.dk\/wp-content\/uploads\/2023\/12\/485bef_c4ea92dc0f9a468f98ed8339cc192f69mv2-768x576.jpeg 768w\" sizes=\"(max-width: 1280px) 100vw, 1280px\" \/><\/a><\/div>\n\t\t\t\t\t<div class=\"desc\">\n\t\t\t\t\t\t<h3><a href=\"https:\/\/ciced.dk\/en\/better-school-start-better-school-life\/\">Better School Start &#8211; Better School Life<\/a><\/h3>\n\t\t\t\t\t\t<div class=\"meta_tag\">\n\t\t\t\t\t\t\t<span class=\"date\">8. November 2019<\/span>\n\t\t\t\t\t\t\t<span class=\"author\">Johnny Baltzersen<\/span>\n\t\t\t\t\t\t<\/div>\n\t\t\t\t\t\t<p>By: Johnny Baltzersen, CICED&nbsp; CICED has started a new project in Mongolia. This new joint MAPSSD-CICED project has two main goals: - One, to support home-based early childhood education for children of pastoralist families. Children who have no opportunities of...<\/p>\n\t\t\t\t\t\t<div class=\"comt_wrap\">\n\t\t\t\t\t\t\t<span class=\"comment\">0 kommentarer<\/span>\n\t\t\t\t\t\t<\/div>\n\t\t\t\t\t<\/div>\n\t\t\t\t<\/div>\n\t\t\t\t\t\t\t<div class=\"news_block\">\n\t\t\t\t\t<div class=\"img\"><a href=\"https:\/\/ciced.dk\/en\/mere-soedt-og-mindre-groent-tak\/\"><img loading=\"lazy\" decoding=\"async\" width=\"777\" height=\"581\" src=\"https:\/\/ciced.dk\/wp-content\/uploads\/2023\/12\/485bef_c7548c732e084254afd456a118482a6dmv2.png\" class=\"attachment-post-thumbnail size-post-thumbnail wp-post-image\" alt=\"\" srcset=\"https:\/\/ciced.dk\/wp-content\/uploads\/2023\/12\/485bef_c7548c732e084254afd456a118482a6dmv2.png 777w, https:\/\/ciced.dk\/wp-content\/uploads\/2023\/12\/485bef_c7548c732e084254afd456a118482a6dmv2-300x224.png 300w, https:\/\/ciced.dk\/wp-content\/uploads\/2023\/12\/485bef_c7548c732e084254afd456a118482a6dmv2-768x574.png 768w\" sizes=\"(max-width: 777px) 100vw, 777px\" \/><\/a><\/div>\n\t\t\t\t\t<div class=\"desc\">\n\t\t\t\t\t\t<h3><a href=\"https:\/\/ciced.dk\/en\/mere-soedt-og-mindre-groent-tak\/\">More sweet and less green, please!<\/a><\/h3>\n\t\t\t\t\t\t<div class=\"meta_tag\">\n\t\t\t\t\t\t\t<span class=\"date\">8. November 2019<\/span>\n\t\t\t\t\t\t\t<span class=\"author\">Johnny Baltzersen<\/span>\n\t\t\t\t\t\t<\/div>\n\t\t\t\t\t\t<p>By: Johnny Baltzersen, CICED&nbsp; It is believed that nomadic children in Mongolia grow up with mutton and noodle soup as their daily diet and arul (dried milk product) as the main sweets. But apparently that was in the good old...<\/p>\n\t\t\t\t\t\t<div class=\"comt_wrap\">\n\t\t\t\t\t\t\t<span class=\"comment\">0 kommentarer<\/span>\n\t\t\t\t\t\t<\/div>\n\t\t\t\t\t<\/div>\n\t\t\t\t<\/div>\n\t\t\t\t\t\t\t<div class=\"news_block\">\n\t\t\t\t\t<div class=\"img\"><a href=\"https:\/\/ciced.dk\/en\/med-app-skal-sproget-bevares\/\"><img loading=\"lazy\" decoding=\"async\" width=\"828\" height=\"1792\" src=\"https:\/\/ciced.dk\/wp-content\/uploads\/2023\/12\/485bef_a174b55f44234630948016d397b84670mv2.jpg\" class=\"attachment-post-thumbnail size-post-thumbnail wp-post-image\" alt=\"\" srcset=\"https:\/\/ciced.dk\/wp-content\/uploads\/2023\/12\/485bef_a174b55f44234630948016d397b84670mv2.jpg 828w, https:\/\/ciced.dk\/wp-content\/uploads\/2023\/12\/485bef_a174b55f44234630948016d397b84670mv2-139x300.jpg 139w, https:\/\/ciced.dk\/wp-content\/uploads\/2023\/12\/485bef_a174b55f44234630948016d397b84670mv2-473x1024.jpg 473w, https:\/\/ciced.dk\/wp-content\/uploads\/2023\/12\/485bef_a174b55f44234630948016d397b84670mv2-768x1662.jpg 768w, https:\/\/ciced.dk\/wp-content\/uploads\/2023\/12\/485bef_a174b55f44234630948016d397b84670mv2-710x1536.jpg 710w\" sizes=\"(max-width: 828px) 100vw, 828px\" \/><\/a><\/div>\n\t\t\t\t\t<div class=\"desc\">\n\t\t\t\t\t\t<h3><a href=\"https:\/\/ciced.dk\/en\/med-app-skal-sproget-bevares\/\">Preserving language with an app<\/a><\/h3>\n\t\t\t\t\t\t<div class=\"meta_tag\">\n\t\t\t\t\t\t\t<span class=\"date\">6. November 2019<\/span>\n\t\t\t\t\t\t\t<span class=\"author\">Johnny Baltzersen<\/span>\n\t\t\t\t\t\t<\/div>\n\t\t\t\t\t\t<p>Tibetan language is challenged - they are doing something about it in Dharamsala&nbsp; By: Johnny Baltzersen, CICED 'The overarching purpose of our work is to preserve and promote Tibetan language and culture. We aim that in five years, the majority...<\/p>\n\t\t\t\t\t\t<div class=\"comt_wrap\">\n\t\t\t\t\t\t\t<span class=\"comment\">0 kommentarer<\/span>\n\t\t\t\t\t\t<\/div>\n\t\t\t\t\t<\/div>\n\t\t\t\t<\/div>\n\t\t\t\t\t\t\t<div class=\"news_block\">\n\t\t\t\t\t<div class=\"img\"><a href=\"https:\/\/ciced.dk\/en\/retten-til-et-sprog\/\"><img loading=\"lazy\" decoding=\"async\" width=\"2560\" height=\"1738\" src=\"https:\/\/ciced.dk\/wp-content\/uploads\/2023\/12\/485bef_932441265b9e4d05a42508483a79e46cmv2_d_3389_2301_s_2-scaled.jpg\" class=\"attachment-post-thumbnail size-post-thumbnail wp-post-image\" alt=\"\" srcset=\"https:\/\/ciced.dk\/wp-content\/uploads\/2023\/12\/485bef_932441265b9e4d05a42508483a79e46cmv2_d_3389_2301_s_2-scaled.jpg 2560w, https:\/\/ciced.dk\/wp-content\/uploads\/2023\/12\/485bef_932441265b9e4d05a42508483a79e46cmv2_d_3389_2301_s_2-300x204.jpg 300w, https:\/\/ciced.dk\/wp-content\/uploads\/2023\/12\/485bef_932441265b9e4d05a42508483a79e46cmv2_d_3389_2301_s_2-1024x695.jpg 1024w, https:\/\/ciced.dk\/wp-content\/uploads\/2023\/12\/485bef_932441265b9e4d05a42508483a79e46cmv2_d_3389_2301_s_2-768x521.jpg 768w, https:\/\/ciced.dk\/wp-content\/uploads\/2023\/12\/485bef_932441265b9e4d05a42508483a79e46cmv2_d_3389_2301_s_2-1536x1043.jpg 1536w, https:\/\/ciced.dk\/wp-content\/uploads\/2023\/12\/485bef_932441265b9e4d05a42508483a79e46cmv2_d_3389_2301_s_2-2048x1391.jpg 2048w\" sizes=\"(max-width: 2560px) 100vw, 2560px\" \/><\/a><\/div>\n\t\t\t\t\t<div class=\"desc\">\n\t\t\t\t\t\t<h3><a href=\"https:\/\/ciced.dk\/en\/retten-til-et-sprog\/\">The right to a language<\/a><\/h3>\n\t\t\t\t\t\t<div class=\"meta_tag\">\n\t\t\t\t\t\t\t<span class=\"date\">30. August 2019<\/span>\n\t\t\t\t\t\t\t<span class=\"author\">Johnny Baltzersen<\/span>\n\t\t\t\t\t\t<\/div>\n\t\t\t\t\t\t<p>By: Johnny Baltzersen, CICED&nbsp; Last week saw a lot of focus on deaf people and sign language around the world. Also in Tanzania. September 23rd was the UN's International Sign Language Day, and the day heralded a week of attention...<\/p>\n\t\t\t\t\t\t<div class=\"comt_wrap\">\n\t\t\t\t\t\t\t<span class=\"comment\">0 kommentarer<\/span>\n\t\t\t\t\t\t<\/div>\n\t\t\t\t\t<\/div>\n\t\t\t\t<\/div>\n\t\t\t\t\t\t\t<div class=\"news_block\">\n\t\t\t\t\t<div class=\"img\"><a href=\"https:\/\/ciced.dk\/en\/ad-uransagelige-vej\/\"><img loading=\"lazy\" decoding=\"async\" width=\"601\" height=\"411\" src=\"https:\/\/ciced.dk\/wp-content\/uploads\/2023\/12\/485bef_95b0dd9246de4018aaec95e56f1af3ebmv2.jpg\" class=\"attachment-post-thumbnail size-post-thumbnail wp-post-image\" alt=\"\" srcset=\"https:\/\/ciced.dk\/wp-content\/uploads\/2023\/12\/485bef_95b0dd9246de4018aaec95e56f1af3ebmv2.jpg 601w, https:\/\/ciced.dk\/wp-content\/uploads\/2023\/12\/485bef_95b0dd9246de4018aaec95e56f1af3ebmv2-300x205.jpg 300w\" sizes=\"(max-width: 601px) 100vw, 601px\" \/><\/a><\/div>\n\t\t\t\t\t<div class=\"desc\">\n\t\t\t\t\t\t<h3><a href=\"https:\/\/ciced.dk\/en\/ad-uransagelige-vej\/\">In a mysterious way<\/a><\/h3>\n\t\t\t\t\t\t<div class=\"meta_tag\">\n\t\t\t\t\t\t\t<span class=\"date\">30. July 2019<\/span>\n\t\t\t\t\t\t\t<span class=\"author\">Johnny Baltzersen<\/span>\n\t\t\t\t\t\t<\/div>\n\t\t\t\t\t\t<p>The need to pray with a deaf person was the start of a career as a sign language interpreter By: Johnny Baltzersen, CICED&nbsp; The name is Jonathan Livingstone. He is one of the first sign language interpreters in Tanzania. 'It...<\/p>\n\t\t\t\t\t\t<div class=\"comt_wrap\">\n\t\t\t\t\t\t\t<span class=\"comment\">0 kommentarer<\/span>\n\t\t\t\t\t\t<\/div>\n\t\t\t\t\t<\/div>\n\t\t\t\t<\/div>\n\t\t\t\t\t\t\t<div class=\"news_block\">\n\t\t\t\t\t<div class=\"img\"><a href=\"https:\/\/ciced.dk\/en\/oprindelige-folk-og-uddannelse\/\"><img loading=\"lazy\" decoding=\"async\" width=\"731\" height=\"600\" src=\"https:\/\/ciced.dk\/wp-content\/uploads\/2023\/12\/485bef_d1f7dcdf23ad42acb108ad38132df769mv2.jpeg\" class=\"attachment-post-thumbnail size-post-thumbnail wp-post-image\" alt=\"\" srcset=\"https:\/\/ciced.dk\/wp-content\/uploads\/2023\/12\/485bef_d1f7dcdf23ad42acb108ad38132df769mv2.jpeg 731w, https:\/\/ciced.dk\/wp-content\/uploads\/2023\/12\/485bef_d1f7dcdf23ad42acb108ad38132df769mv2-300x246.jpeg 300w\" sizes=\"(max-width: 731px) 100vw, 731px\" \/><\/a><\/div>\n\t\t\t\t\t<div class=\"desc\">\n\t\t\t\t\t\t<h3><a href=\"https:\/\/ciced.dk\/en\/oprindelige-folk-og-uddannelse\/\">Indigenous peoples and education<\/a><\/h3>\n\t\t\t\t\t\t<div class=\"meta_tag\">\n\t\t\t\t\t\t\t<span class=\"date\">11. March 2019<\/span>\n\t\t\t\t\t\t\t<span class=\"author\">Johnny Baltzersen<\/span>\n\t\t\t\t\t\t<\/div>\n\t\t\t\t\t\t<p>By: Jette Luna and Johnny Baltzersen, CICED Work on developing a new education project in Chuquisaca and Potos\u00ed in the highlands of Bolivia is in full swing. The new partner AAE; Acci\u00f3n Andina de Educaci\u00f3n has during January and February...<\/p>\n\t\t\t\t\t\t<div class=\"comt_wrap\">\n\t\t\t\t\t\t\t<span class=\"comment\">0 kommentarer<\/span>\n\t\t\t\t\t\t<\/div>\n\t\t\t\t\t<\/div>\n\t\t\t\t<\/div>\n\t\t\t\t\t\t     <\/div>\n\n\t\t<div class=\"elementor-shortcode\"><\/div>\n\t\t\t\t\t\t<\/div>\n\t\t\t\t<\/div>\n\t\t\t\t\t<\/div>\n\t\t\t\t<\/div>\n\t\t\t\t<\/div>\n\t\t","protected":false},"excerpt":{"rendered":"<p>News &amp; Events<\/p>\n","protected":false},"author":2,"featured_media":0,"parent":0,"menu_order":0,"comment_status":"closed","ping_status":"closed","template":"","meta":{"_acf_changed":false,"inline_featured_image":false,"footnotes":""},"class_list":["post-2894","page","type-page","status-publish","hentry"],"acf":[],"_links":{"self":[{"href":"https:\/\/ciced.dk\/en\/wp-json\/wp\/v2\/pages\/2894","targetHints":{"allow":["GET"]}}],"collection":[{"href":"https:\/\/ciced.dk\/en\/wp-json\/wp\/v2\/pages"}],"about":[{"href":"https:\/\/ciced.dk\/en\/wp-json\/wp\/v2\/types\/page"}],"author":[{"embeddable":true,"href":"https:\/\/ciced.dk\/en\/wp-json\/wp\/v2\/users\/2"}],"replies":[{"embeddable":true,"href":"https:\/\/ciced.dk\/en\/wp-json\/wp\/v2\/comments?post=2894"}],"version-history":[{"count":6,"href":"https:\/\/ciced.dk\/en\/wp-json\/wp\/v2\/pages\/2894\/revisions"}],"predecessor-version":[{"id":4736,"href":"https:\/\/ciced.dk\/en\/wp-json\/wp\/v2\/pages\/2894\/revisions\/4736"}],"wp:attachment":[{"href":"https:\/\/ciced.dk\/en\/wp-json\/wp\/v2\/media?parent=2894"}],"curies":[{"name":"wp","href":"https:\/\/api.w.org\/{rel}","templated":true}]}}